{"id":2220,"date":"2024-09-29T19:59:37","date_gmt":"2024-09-29T19:59:37","guid":{"rendered":"https:\/\/www.nolana-schafe.de\/de-pages\/?page_id=2220"},"modified":"2024-09-29T20:02:27","modified_gmt":"2024-09-29T20:02:27","slug":"aktuelles","status":"publish","type":"page","link":"https:\/\/www.nolana-schafe.de\/de-pages\/aktuelles\/","title":{"rendered":"Aktuelles"},"content":{"rendered":"<div class=\"wpb-content-wrapper\"><p>[vc_row][vc_column]<style type=\"text\/css\" data-type=\"the7_shortcodes-inline-css\">.blog-shortcode.blog-list-shortcode-id-7194e4861aceadfc42981c70fcd86b80.dividers-on.classic-layout-list article {\n  margin-top: 50px;\n  padding-top: 0;\n}\n.blog-shortcode.blog-list-shortcode-id-7194e4861aceadfc42981c70fcd86b80.dividers-on.classic-layout-list article:first-of-type {\n  margin-top: 0;\n  padding-top: 0;\n}\n.blog-shortcode.blog-list-shortcode-id-7194e4861aceadfc42981c70fcd86b80.classic-layout-list.mode-list .post-thumbnail-wrap {\n  width: 50%;\n}\n.blog-shortcode.blog-list-shortcode-id-7194e4861aceadfc42981c70fcd86b80.classic-layout-list.mode-list .post-entry-content {\n  width: calc(100% - 50%);\n}\n.blog-shortcode.blog-list-shortcode-id-7194e4861aceadfc42981c70fcd86b80.classic-layout-list.mode-list .no-img .post-entry-content {\n  width: 100%;\n}\n.blog-shortcode.blog-list-shortcode-id-7194e4861aceadfc42981c70fcd86b80 .filter-bg-decoration .filter-categories a.act {\n  color: #fff;\n}\n.blog-shortcode.blog-list-shortcode-id-7194e4861aceadfc42981c70fcd86b80:not(.mode-masonry) article {\n  margin-top: 50px;\n}\n.blog-shortcode.blog-list-shortcode-id-7194e4861aceadfc42981c70fcd86b80:not(.mode-masonry) article:first-of-type,\n.blog-shortcode.blog-list-shortcode-id-7194e4861aceadfc42981c70fcd86b80:not(.mode-masonry) article.visible.first:not(.product) {\n  margin-top: 0;\n}\n.blog-shortcode.blog-list-shortcode-id-7194e4861aceadfc42981c70fcd86b80.dividers-on:not(.mode-masonry) article {\n  margin-top: 0;\n  padding-top: 50px;\n}\n.blog-shortcode.blog-list-shortcode-id-7194e4861aceadfc42981c70fcd86b80.dividers-on:not(.mode-masonry) article:first-of-type,\n.blog-shortcode.blog-list-shortcode-id-7194e4861aceadfc42981c70fcd86b80.dividers-on:not(.mode-masonry) article.visible.first:not(.product) {\n  margin-top: 0;\n  padding-top: 0;\n}\n.blog-shortcode.blog-list-shortcode-id-7194e4861aceadfc42981c70fcd86b80 .post-thumbnail-wrap {\n  padding: 0px 0px 0px 0px;\n}\n.blog-shortcode.blog-list-shortcode-id-7194e4861aceadfc42981c70fcd86b80.enable-bg-rollover .post-thumbnail-rollover:after {\n  background: -webkit-linear-gradient();\n  background: linear-gradient();\n}\n.blog-shortcode.blog-list-shortcode-id-7194e4861aceadfc42981c70fcd86b80 .gallery-zoom-ico {\n  width: 44px;\n  height: 44px;\n  line-height: 44px;\n  border-radius: 100px;\n  margin: -22px 0 0 -22px;\n  border-width: 0px;\n  color: #ffffff;\n}\n.bottom-overlap-layout-list.blog-shortcode.blog-list-shortcode-id-7194e4861aceadfc42981c70fcd86b80 .gallery-zoom-ico {\n  margin-top: -22px;\n}\n.gradient-overlay-layout-list.blog-shortcode.blog-list-shortcode-id-7194e4861aceadfc42981c70fcd86b80 .gallery-zoom-ico,\n.content-rollover-layout-list.blog-shortcode.blog-list-shortcode-id-7194e4861aceadfc42981c70fcd86b80 .gallery-zoom-ico {\n  margin: 0 0 10px;\n}\n.content-align-center.gradient-overlay-layout-list.blog-shortcode.blog-list-shortcode-id-7194e4861aceadfc42981c70fcd86b80 .gallery-zoom-ico,\n.content-align-center.content-rollover-layout-list.blog-shortcode.blog-list-shortcode-id-7194e4861aceadfc42981c70fcd86b80 .gallery-zoom-ico {\n  margin: 0 auto 10px;\n}\n.dt-icon-bg-on.blog-shortcode.blog-list-shortcode-id-7194e4861aceadfc42981c70fcd86b80 .gallery-zoom-ico {\n  background: rgba(255,255,255,0.3);\n  box-shadow: none;\n}\n.blog-shortcode.blog-list-shortcode-id-7194e4861aceadfc42981c70fcd86b80 .gallery-zoom-ico > span,\n.blog-shortcode.blog-list-shortcode-id-7194e4861aceadfc42981c70fcd86b80 .gallery-zoom-ico:before {\n  font-size: 32px;\n  line-height: 44px;\n}\n.blog-shortcode.blog-list-shortcode-id-7194e4861aceadfc42981c70fcd86b80 .gallery-zoom-ico > span,\n.blog-shortcode.blog-list-shortcode-id-7194e4861aceadfc42981c70fcd86b80 .gallery-zoom-ico:before {\n  color: #ffffff;\n}\n.blog-shortcode.blog-list-shortcode-id-7194e4861aceadfc42981c70fcd86b80 .fancy-date a {\n  background: #ffffff;\n  box-shadow: none;\n}\n.blog-shortcode.blog-list-shortcode-id-7194e4861aceadfc42981c70fcd86b80 .fancy-date a * {\n  color: #2d2d2d;\n}\n.blog-shortcode.blog-list-shortcode-id-7194e4861aceadfc42981c70fcd86b80 .entry-title,\n.blog-shortcode.blog-list-shortcode-id-7194e4861aceadfc42981c70fcd86b80.owl-carousel .entry-title {\n  margin-bottom: 5px;\n  font-weight: bold;\n}\n.blog-shortcode.blog-list-shortcode-id-7194e4861aceadfc42981c70fcd86b80 .entry-meta {\n  margin-bottom: 15px;\n}\n.blog-shortcode.blog-list-shortcode-id-7194e4861aceadfc42981c70fcd86b80 .portfolio-categories {\n  margin-bottom: 15px;\n}\n.blog-shortcode.blog-list-shortcode-id-7194e4861aceadfc42981c70fcd86b80 .entry-excerpt {\n  margin-bottom: 5px;\n}\n.blog-shortcode.blog-list-shortcode-id-7194e4861aceadfc42981c70fcd86b80:not(.centered-layout-list) .post-entry-content {\n  padding: 25px 30px 30px 30px;\n}\n.blog-shortcode.blog-list-shortcode-id-7194e4861aceadfc42981c70fcd86b80:not(.centered-layout-list):not(.content-bg-on):not(.mode-list) .no-img .post-entry-content {\n  padding: 0;\n}\n@media screen and (max-width: 768px) {\n  .blog-shortcode.blog-list-shortcode-id-7194e4861aceadfc42981c70fcd86b80 article {\n    -ms-flex-flow: column nowrap;\n    flex-flow: column nowrap;\n    margin-top: 20px;\n  }\n  .blog-shortcode.blog-list-shortcode-id-7194e4861aceadfc42981c70fcd86b80.dividers-on article {\n    border: none;\n  }\n  .blog-shortcode.blog-list-shortcode-id-7194e4861aceadfc42981c70fcd86b80.content-bg-on.centered-layout-list article {\n    padding: 0;\n  }\n  .blog-shortcode.blog-list-shortcode-id-7194e4861aceadfc42981c70fcd86b80.blog-shortcode.dividers-on article,\n  .blog-shortcode.blog-list-shortcode-id-7194e4861aceadfc42981c70fcd86b80.dividers-on.classic-layout-list article {\n    margin-top: 20px;\n    padding: 0;\n  }\n  .blog-shortcode.blog-list-shortcode-id-7194e4861aceadfc42981c70fcd86b80.blog-shortcode.dividers-on article:first-of-type,\n  .blog-shortcode.blog-list-shortcode-id-7194e4861aceadfc42981c70fcd86b80.dividers-on.classic-layout-list article:first-of-type {\n    padding: 0;\n  }\n  #page .blog-shortcode.blog-list-shortcode-id-7194e4861aceadfc42981c70fcd86b80 .post-thumbnail-wrap,\n  #page .blog-shortcode.blog-list-shortcode-id-7194e4861aceadfc42981c70fcd86b80 .post-entry-content {\n    width: 100%;\n    margin: 0;\n    top: 0;\n  }\n  #page .blog-shortcode.blog-list-shortcode-id-7194e4861aceadfc42981c70fcd86b80 .post-thumbnail-wrap {\n    padding: 0;\n  }\n  #page .blog-shortcode.blog-list-shortcode-id-7194e4861aceadfc42981c70fcd86b80 .post-entry-content:after {\n    display: none;\n  }\n  #page .blog-shortcode.blog-list-shortcode-id-7194e4861aceadfc42981c70fcd86b80 .project-even .post-thumbnail-wrap,\n  #page .blog-shortcode.blog-list-shortcode-id-7194e4861aceadfc42981c70fcd86b80.centered-layout-list .post-thumbnail-wrap {\n    -ms-flex-order: 0;\n    order: 0;\n  }\n  #page .blog-shortcode.blog-list-shortcode-id-7194e4861aceadfc42981c70fcd86b80.centered-layout-list .post-entry-title-content {\n    -ms-flex-order: 1;\n    order: 1;\n    width: 100%;\n    padding: 20px 20px 0;\n  }\n  #page .blog-shortcode.blog-list-shortcode-id-7194e4861aceadfc42981c70fcd86b80.centered-layout-list .post-entry-content {\n    -ms-flex-order: 2;\n    order: 2;\n    padding-top: 0;\n  }\n  #page .blog-shortcode.blog-list-shortcode-id-7194e4861aceadfc42981c70fcd86b80 .fancy-categories {\n    top: 10px;\n    left: 10px;\n    bottom: auto;\n    right: auto;\n  }\n  #page .blog-shortcode.blog-list-shortcode-id-7194e4861aceadfc42981c70fcd86b80 .fancy-date a {\n    top: 10px;\n    right: 10px;\n    left: auto;\n    bottom: auto;\n  }\n  #page .blog-shortcode.blog-list-shortcode-id-7194e4861aceadfc42981c70fcd86b80 .post-entry-content {\n    padding: 20px;\n  }\n  #page .blog-shortcode.blog-list-shortcode-id-7194e4861aceadfc42981c70fcd86b80 .entry-title {\n    margin: 3px 0 5px;\n    font-size: 20px;\n    line-height: 26px;\n  }\n  #page .blog-shortcode.blog-list-shortcode-id-7194e4861aceadfc42981c70fcd86b80 .entry-meta {\n    margin: 5px 0 5px;\n  }\n  #page .blog-shortcode.blog-list-shortcode-id-7194e4861aceadfc42981c70fcd86b80 .entry-excerpt {\n    margin: 15px 0 0;\n  }\n  #page .blog-shortcode.blog-list-shortcode-id-7194e4861aceadfc42981c70fcd86b80 .post-details {\n    margin: 5px 0 10px;\n  }\n  #page .blog-shortcode.blog-list-shortcode-id-7194e4861aceadfc42981c70fcd86b80 .post-details.details-type-link {\n    margin-bottom: 2px;\n  }\n}<\/style><div class=\"articles-list blog-shortcode mode-list blog-list-shortcode-id-7194e4861aceadfc42981c70fcd86b80 classic-layout-list dividers-on content-bg-on jquery-filter scale-img dt-icon-bg-off circle-fancy-style loading-effect-fade-in\" data-cur-page=\"1\" data-post-limit=\"-1\" data-pagination-mode=\"none\"><article class=\"post project-odd visible post-2383 type-post status-publish format-standard has-post-thumbnail hentry category-allgemein category-1 description-off\" data-name=\"Farbliche Kennzeichnung von L\u00e4mmern nach Jahrgang (Lammzeit 2026 = hellblau)\" data-date=\"2026-01-12T19:06:09+00:00\">\n\n<div class=\"post-thumbnail-wrap\">\n\t<div class=\"post-thumbnail\">\n\n\t\t\n\t\t\n\t\t<a href=\"https:\/\/www.nolana-schafe.de\/de-pages\/farbliche-kennzeichnung-von-laemmern-nach-jahrgang-lammzeit-2026-hellblau\/\" class=\"post-thumbnail-rollover layzr-bg layzr-bg\" ><img fetchpriority=\"high\" decoding=\"async\" class=\"blog-thumb-lazy-load preload-me lazy-load aspect\" src=\"data:image\/svg+xml,%3Csvg%20xmlns%3D&#39;http%3A%2F%2Fwww.w3.org%2F2000%2Fsvg&#39;%20viewBox%3D&#39;0%200%20768%20512&#39;%2F%3E\" data-src=\"https:\/\/www.nolana-schafe.de\/de-pages\/wp-content\/uploads\/Selektionsscheiben-768x512.jpg\" data-srcset=\"https:\/\/www.nolana-schafe.de\/de-pages\/wp-content\/uploads\/Selektionsscheiben-768x512.jpg 768w, https:\/\/www.nolana-schafe.de\/de-pages\/wp-content\/uploads\/Selektionsscheiben-1080x720.jpg 1080w\" loading=\"eager\" style=\"--ratio: 768 \/ 512\" sizes=\"(max-width: 768px) 100vw, 768px\" alt=\"\" title=\"Selektionsscheiben\" width=\"768\" height=\"512\"  \/><\/a>\n\t<\/div>\n<\/div>\n\n\n<div class=\"post-entry-content\">\n\n\t<h3 class=\"entry-title\">\n\t\t<a href=\"https:\/\/www.nolana-schafe.de\/de-pages\/farbliche-kennzeichnung-von-laemmern-nach-jahrgang-lammzeit-2026-hellblau\/\" title=\"Farbliche Kennzeichnung von L\u00e4mmern nach Jahrgang (Lammzeit 2026 = hellblau)\" rel=\"bookmark\">Farbliche Kennzeichnung von L\u00e4mmern nach Jahrgang (Lammzeit 2026 = hellblau)<\/a>\n\t<\/h3>\n\n\t<div class=\"entry-meta\"><a href=\"https:\/\/www.nolana-schafe.de\/de-pages\/2026\/01\/12\/\" title=\"19:06\" class=\"data-link\" rel=\"bookmark\"><time class=\"entry-date updated\" datetime=\"2026-01-12T19:06:09+00:00\">12. Januar 2026<\/time><\/a><\/div>\n\t<div class=\"entry-excerpt\"><p>Lammsaison 2026: Farbe der Selektionsscheiben = hellblau Hallo zusammen, wie bereits in den letzten L\u00e4mmerjahrg\u00e4ngen begonnen , w\u00e4re es auch in der jetzigen Lammzeit wieder&hellip;<\/p>\n<\/div>\n\t\n<a href=\"https:\/\/www.nolana-schafe.de\/de-pages\/farbliche-kennzeichnung-von-laemmern-nach-jahrgang-lammzeit-2026-hellblau\/\" class=\"post-details details-type-link\" aria-label=\"Read more about Farbliche Kennzeichnung von L\u00e4mmern nach Jahrgang (Lammzeit 2026 = hellblau)\">Weiterlesen...<i class=\"dt-icon-the7-arrow-03\" aria-hidden=\"true\"><\/i><\/a>\n\n<\/div><\/article><article class=\"post project-odd visible post-2334 type-post status-publish format-standard has-post-thumbnail hentry category-allgemein category-1 description-off\" data-name=\"NRW Schaftage 2025 \u2013 f\u00fcr BHS und NOL bundesweit\" data-date=\"2025-08-18T18:59:00+00:00\">\n\n<div class=\"post-thumbnail-wrap\">\n\t<div class=\"post-thumbnail\">\n\n\t\t\n\t\t\n\t\t<a href=\"https:\/\/www.nolana-schafe.de\/de-pages\/nrw-schaftage-2025-fuer-bhs-und-nol-bundesweit\/\" class=\"post-thumbnail-rollover layzr-bg layzr-bg\" ><img decoding=\"async\" class=\"blog-thumb-lazy-load preload-me lazy-load aspect\" src=\"data:image\/svg+xml,%3Csvg%20xmlns%3D&#39;http%3A%2F%2Fwww.w3.org%2F2000%2Fsvg&#39;%20viewBox%3D&#39;0%200%20768%20512&#39;%2F%3E\" data-src=\"https:\/\/www.nolana-schafe.de\/de-pages\/wp-content\/uploads\/Bundessiegerbock-768x512.jpg\" data-srcset=\"https:\/\/www.nolana-schafe.de\/de-pages\/wp-content\/uploads\/Bundessiegerbock-768x512.jpg 768w, https:\/\/www.nolana-schafe.de\/de-pages\/wp-content\/uploads\/Bundessiegerbock-1134x755.jpg 1134w\" loading=\"eager\" style=\"--ratio: 768 \/ 512\" sizes=\"(max-width: 768px) 100vw, 768px\" alt=\"Bundessiegerbock aus dem Sauerland\" title=\"Bundessiegerbock aus dem Sauerland\" width=\"768\" height=\"512\"  \/><\/a>\n\t<\/div>\n<\/div>\n\n\n<div class=\"post-entry-content\">\n\n\t<h3 class=\"entry-title\">\n\t\t<a href=\"https:\/\/www.nolana-schafe.de\/de-pages\/nrw-schaftage-2025-fuer-bhs-und-nol-bundesweit\/\" title=\"NRW Schaftage 2025 \u2013 f\u00fcr BHS und NOL bundesweit\" rel=\"bookmark\">NRW Schaftage 2025 \u2013 f\u00fcr BHS und NOL bundesweit<\/a>\n\t<\/h3>\n\n\t<div class=\"entry-meta\"><a href=\"https:\/\/www.nolana-schafe.de\/de-pages\/2025\/08\/18\/\" title=\"18:59\" class=\"data-link\" rel=\"bookmark\"><time class=\"entry-date updated\" datetime=\"2025-08-18T18:59:00+00:00\">18. August 2025<\/time><\/a><\/div>\n\t<div class=\"entry-excerpt\"><p>NRW Schaftage 2025 \u2013 f\u00fcr BHS und NOL bundesweit &nbsp; Am Sonntag, 17.08.2025 fanden im Rahmen der NRW Schaftage die bundesweite Pr\u00e4mierung der Haarschafrassen Nolana&hellip;<\/p>\n<\/div>\n\t\n<a href=\"https:\/\/www.nolana-schafe.de\/de-pages\/nrw-schaftage-2025-fuer-bhs-und-nol-bundesweit\/\" class=\"post-details details-type-link\" aria-label=\"Read more about NRW Schaftage 2025 \u2013 f\u00fcr BHS und NOL bundesweit\">Weiterlesen...<i class=\"dt-icon-the7-arrow-03\" aria-hidden=\"true\"><\/i><\/a>\n\n<\/div><\/article><article class=\"post project-odd visible no-img post-2332 type-post status-publish format-standard hentry category-allgemein category-1 description-off\" data-name=\"Nolana Jahresversammlung 2025 &#8211; Nachbericht\" data-date=\"2025-08-17T18:33:49+00:00\">\n\n<div class=\"post-entry-content\">\n\n\t<h3 class=\"entry-title\">\n\t\t<a href=\"https:\/\/www.nolana-schafe.de\/de-pages\/nolana-jahresversammlung-2025-nachbericht\/\" title=\"Nolana Jahresversammlung 2025 &#8211; Nachbericht\" rel=\"bookmark\">Nolana Jahresversammlung 2025 &#8211; Nachbericht<\/a>\n\t<\/h3>\n\n\t<div class=\"entry-meta\"><a href=\"https:\/\/www.nolana-schafe.de\/de-pages\/2025\/08\/17\/\" title=\"18:33\" class=\"data-link\" rel=\"bookmark\"><time class=\"entry-date updated\" datetime=\"2025-08-17T18:33:49+00:00\">17. August 2025<\/time><\/a><\/div>\n\t<div class=\"entry-excerpt\"><p>(Edith Wagner) Am 16. August 2025 fand die Hauptversammlung des Nolana-Netzwerks gemeinsam mit den Schaftagen NRW auf Haus D\u00fcsse statt. Am Nachmittag er\u00f6ffnete der Vereinsvorsitzende&hellip;<\/p>\n<\/div>\n\t\n<a href=\"https:\/\/www.nolana-schafe.de\/de-pages\/nolana-jahresversammlung-2025-nachbericht\/\" class=\"post-details details-type-link\" aria-label=\"Read more about Nolana Jahresversammlung 2025 &#8211; Nachbericht\">Weiterlesen...<i class=\"dt-icon-the7-arrow-03\" aria-hidden=\"true\"><\/i><\/a>\n\n<\/div><\/article><article class=\"post project-odd visible post-2299 type-post status-publish format-standard has-post-thumbnail hentry category-allgemein category-1 description-off\" data-name=\"Teilnahme an der Tarmstedter Ausstellung 2025\" data-date=\"2025-07-26T07:02:29+00:00\">\n\n<div class=\"post-thumbnail-wrap\">\n\t<div class=\"post-thumbnail\">\n\n\t\t\n\t\t\n\t\t<a href=\"https:\/\/www.nolana-schafe.de\/de-pages\/teilnahme-an-der-tarmstedter-ausstellung-2025\/\" class=\"post-thumbnail-rollover layzr-bg layzr-bg\" ><img decoding=\"async\" class=\"blog-thumb-lazy-load preload-me lazy-load aspect\" src=\"data:image\/svg+xml,%3Csvg%20xmlns%3D&#39;http%3A%2F%2Fwww.w3.org%2F2000%2Fsvg&#39;%20viewBox%3D&#39;0%200%20768%20512&#39;%2F%3E\" data-src=\"https:\/\/www.nolana-schafe.de\/de-pages\/wp-content\/uploads\/Tarmstedt2-768x512.jpg\" data-srcset=\"https:\/\/www.nolana-schafe.de\/de-pages\/wp-content\/uploads\/Tarmstedt2-768x512.jpg 768w, https:\/\/www.nolana-schafe.de\/de-pages\/wp-content\/uploads\/Tarmstedt2-1306x870.jpg 1306w\" loading=\"eager\" style=\"--ratio: 768 \/ 512\" sizes=\"(max-width: 768px) 100vw, 768px\" alt=\"\" title=\"Tarmstedt2\" width=\"768\" height=\"512\"  \/><\/a>\n\t<\/div>\n<\/div>\n\n\n<div class=\"post-entry-content\">\n\n\t<h3 class=\"entry-title\">\n\t\t<a href=\"https:\/\/www.nolana-schafe.de\/de-pages\/teilnahme-an-der-tarmstedter-ausstellung-2025\/\" title=\"Teilnahme an der Tarmstedter Ausstellung 2025\" rel=\"bookmark\">Teilnahme an der Tarmstedter Ausstellung 2025<\/a>\n\t<\/h3>\n\n\t<div class=\"entry-meta\"><a href=\"https:\/\/www.nolana-schafe.de\/de-pages\/2025\/07\/26\/\" title=\"7:02\" class=\"data-link\" rel=\"bookmark\"><time class=\"entry-date updated\" datetime=\"2025-07-26T07:02:29+00:00\">26. Juli 2025<\/time><\/a><\/div>\n\t<div class=\"entry-excerpt\"><p>Der Nolana-Verein hat sich auch in diesem Jahr wieder mit 2 Pferchen (Braunes Haarschaf und NOLANA) und entsprechender Standbetreuung an der Tarmstedter Ausstellung beteiligt. Nachfolgend&hellip;<\/p>\n<\/div>\n\t\n<a href=\"https:\/\/www.nolana-schafe.de\/de-pages\/teilnahme-an-der-tarmstedter-ausstellung-2025\/\" class=\"post-details details-type-link\" aria-label=\"Read more about Teilnahme an der Tarmstedter Ausstellung 2025\">Weiterlesen...<i class=\"dt-icon-the7-arrow-03\" aria-hidden=\"true\"><\/i><\/a>\n\n<\/div><\/article><article class=\"post project-odd visible no-img post-2296 type-post status-publish format-standard hentry category-allgemein category-1 description-off\" data-name=\"Einladung zur Jahrestagung des Nolana-Netzwerk Deutschland e.V zum 16. August 2025\" data-date=\"2025-07-12T19:30:06+00:00\">\n\n<div class=\"post-entry-content\">\n\n\t<h3 class=\"entry-title\">\n\t\t<a href=\"https:\/\/www.nolana-schafe.de\/de-pages\/einladung-zur-jahrestagung-des-nolana-netzwerk-deutschland-e-v-zum-16-august-2025\/\" title=\"Einladung zur Jahrestagung des Nolana-Netzwerk Deutschland e.V zum 16. August 2025\" rel=\"bookmark\">Einladung zur Jahrestagung des Nolana-Netzwerk Deutschland e.V zum 16. August 2025<\/a>\n\t<\/h3>\n\n\t<div class=\"entry-meta\"><a href=\"https:\/\/www.nolana-schafe.de\/de-pages\/2025\/07\/12\/\" title=\"19:30\" class=\"data-link\" rel=\"bookmark\"><time class=\"entry-date updated\" datetime=\"2025-07-12T19:30:06+00:00\">12. Juli 2025<\/time><\/a><\/div>\n\t<div class=\"entry-excerpt\"><p>Einladung zur 18. Jahrestagung des Nolana-Netzwerk Deutschland e.V. am Samstag, 16.8.2025 um 15.30 Uhr Ort: Haus D\u00fcsse 2 59505 Bad Sassendorf Tagungsprogramm 15. 30 Uhr&hellip;<\/p>\n<\/div>\n\t\n<a href=\"https:\/\/www.nolana-schafe.de\/de-pages\/einladung-zur-jahrestagung-des-nolana-netzwerk-deutschland-e-v-zum-16-august-2025\/\" class=\"post-details details-type-link\" aria-label=\"Read more about Einladung zur Jahrestagung des Nolana-Netzwerk Deutschland e.V zum 16. August 2025\">Weiterlesen...<i class=\"dt-icon-the7-arrow-03\" aria-hidden=\"true\"><\/i><\/a>\n\n<\/div><\/article><article class=\"post project-odd visible no-img post-2292 type-post status-publish format-standard hentry category-allgemein category-1 description-off\" data-name=\"Bericht in der Land&#038;Forst (Ausgabe 21\/2025)\" data-date=\"2025-05-29T05:45:38+00:00\">\n\n<div class=\"post-entry-content\">\n\n\t<h3 class=\"entry-title\">\n\t\t<a href=\"https:\/\/www.nolana-schafe.de\/de-pages\/bericht-in-der-landforst-ausgabe-21-2025\/\" title=\"Bericht in der Land&#038;Forst (Ausgabe 21\/2025)\" rel=\"bookmark\">Bericht in der Land&#038;Forst (Ausgabe 21\/2025)<\/a>\n\t<\/h3>\n\n\t<div class=\"entry-meta\"><a href=\"https:\/\/www.nolana-schafe.de\/de-pages\/2025\/05\/29\/\" title=\"5:45\" class=\"data-link\" rel=\"bookmark\"><time class=\"entry-date updated\" datetime=\"2025-05-29T05:45:38+00:00\">29. Mai 2025<\/time><\/a><\/div>\n\t<div class=\"entry-excerpt\"><p>Im Rahmen der Mitgliederversammlung des Landesschafzuchtverbandes Niedersachsen hielt unser Vereinsmitglied Dr. Clemens Becker einen Vortrag \u00fcber die Entwicklung der Rassen Nolana und Braunes Haarschaf. Mit&hellip;<\/p>\n<\/div>\n\t\n<a href=\"https:\/\/www.nolana-schafe.de\/de-pages\/bericht-in-der-landforst-ausgabe-21-2025\/\" class=\"post-details details-type-link\" aria-label=\"Read more about Bericht in der Land&#038;Forst (Ausgabe 21\/2025)\">Weiterlesen...<i class=\"dt-icon-the7-arrow-03\" aria-hidden=\"true\"><\/i><\/a>\n\n<\/div><\/article><article class=\"post project-odd visible no-img post-2285 type-post status-publish format-standard hentry category-allgemein category-1 description-off\" data-name=\"Vorstellung Nolana und Braunes Haarschaf beim Landesschafzuchtverband Niedersachsen\" data-date=\"2025-05-12T07:19:10+00:00\">\n\n<div class=\"post-entry-content\">\n\n\t<h3 class=\"entry-title\">\n\t\t<a href=\"https:\/\/www.nolana-schafe.de\/de-pages\/vorstellung-nolana-und-braunes-haarschaf-beim-landesschafzuchtverband-niedersachsen\/\" title=\"Vorstellung Nolana und Braunes Haarschaf beim Landesschafzuchtverband Niedersachsen\" rel=\"bookmark\">Vorstellung Nolana und Braunes Haarschaf beim Landesschafzuchtverband Niedersachsen<\/a>\n\t<\/h3>\n\n\t<div class=\"entry-meta\"><a href=\"https:\/\/www.nolana-schafe.de\/de-pages\/2025\/05\/12\/\" title=\"7:19\" class=\"data-link\" rel=\"bookmark\"><time class=\"entry-date updated\" datetime=\"2025-05-12T07:19:10+00:00\">12. Mai 2025<\/time><\/a><\/div>\n\t<div class=\"entry-excerpt\"><p>Auf Einladung des Landesschafzuchtverbandes Niedersachsen referierte unser Mitglied und Herdbuchz\u00fcchter Dr. Clemens Becker zum Nolana-Zuchtversuch und stellte die daraus hervorgegangenen Rassen Nolana und Braunes Haarschaf&hellip;<\/p>\n<\/div>\n\t\n<a href=\"https:\/\/www.nolana-schafe.de\/de-pages\/vorstellung-nolana-und-braunes-haarschaf-beim-landesschafzuchtverband-niedersachsen\/\" class=\"post-details details-type-link\" aria-label=\"Read more about Vorstellung Nolana und Braunes Haarschaf beim Landesschafzuchtverband Niedersachsen\">Weiterlesen...<i class=\"dt-icon-the7-arrow-03\" aria-hidden=\"true\"><\/i><\/a>\n\n<\/div><\/article><article class=\"post project-odd visible post-2268 type-post status-publish format-standard has-post-thumbnail hentry category-allgemein category-1 description-off\" data-name=\"\u201eFell statt Wolle\u201c \u2013 Bericht im Wochenblatt f\u00fcr Landwirtschaft und Landleben &#8211; Ausgabe 6\" data-date=\"2025-02-07T19:35:42+00:00\">\n\n<div class=\"post-thumbnail-wrap\">\n\t<div class=\"post-thumbnail\">\n\n\t\t\n\t\t\n\t\t<a href=\"https:\/\/www.nolana-schafe.de\/de-pages\/fell-statt-wolle-bericht-im-wochenblatt-fuer-landwirtschaft-und-landleben-ausgabe-6\/\" class=\"post-thumbnail-rollover layzr-bg layzr-bg\" ><img decoding=\"async\" class=\"blog-thumb-lazy-load preload-me lazy-load aspect\" src=\"data:image\/svg+xml,%3Csvg%20xmlns%3D&#39;http%3A%2F%2Fwww.w3.org%2F2000%2Fsvg&#39;%20viewBox%3D&#39;0%200%20768%20512&#39;%2F%3E\" data-src=\"https:\/\/www.nolana-schafe.de\/de-pages\/wp-content\/uploads\/WB-768x512.jpg\" data-srcset=\"https:\/\/www.nolana-schafe.de\/de-pages\/wp-content\/uploads\/WB-768x512.jpg 768w, https:\/\/www.nolana-schafe.de\/de-pages\/wp-content\/uploads\/WB-1125x749.jpg 1125w\" loading=\"eager\" style=\"--ratio: 768 \/ 512\" sizes=\"(max-width: 768px) 100vw, 768px\" alt=\"\" title=\"WB\" width=\"768\" height=\"512\"  \/><\/a>\n\t<\/div>\n<\/div>\n\n\n<div class=\"post-entry-content\">\n\n\t<h3 class=\"entry-title\">\n\t\t<a href=\"https:\/\/www.nolana-schafe.de\/de-pages\/fell-statt-wolle-bericht-im-wochenblatt-fuer-landwirtschaft-und-landleben-ausgabe-6\/\" title=\"\u201eFell statt Wolle\u201c \u2013 Bericht im Wochenblatt f\u00fcr Landwirtschaft und Landleben &#8211; Ausgabe 6\" rel=\"bookmark\">\u201eFell statt Wolle\u201c \u2013 Bericht im Wochenblatt f\u00fcr Landwirtschaft und Landleben &#8211; Ausgabe 6<\/a>\n\t<\/h3>\n\n\t<div class=\"entry-meta\"><a href=\"https:\/\/www.nolana-schafe.de\/de-pages\/2025\/02\/07\/\" title=\"19:35\" class=\"data-link\" rel=\"bookmark\"><time class=\"entry-date updated\" datetime=\"2025-02-07T19:35:42+00:00\">7. Februar 2025<\/time><\/a><\/div>\n\t<div class=\"entry-excerpt\"><p>In der aktuellen Ausgabe 6 der Zeitschrift \u201eWochenblatt f\u00fcr Landleben und Landwirtschaft\u201c k\u00f6nnt ihr euch einen sehr sch\u00f6nen Artikel \u00fcber die Zucht der Braunen Haarschafe&hellip;<\/p>\n<\/div>\n\t\n<a href=\"https:\/\/www.nolana-schafe.de\/de-pages\/fell-statt-wolle-bericht-im-wochenblatt-fuer-landwirtschaft-und-landleben-ausgabe-6\/\" class=\"post-details details-type-link\" aria-label=\"Read more about \u201eFell statt Wolle\u201c \u2013 Bericht im Wochenblatt f\u00fcr Landwirtschaft und Landleben &#8211; Ausgabe 6\">Weiterlesen...<i class=\"dt-icon-the7-arrow-03\" aria-hidden=\"true\"><\/i><\/a>\n\n<\/div><\/article><article class=\"post project-odd visible post-2256 type-post status-publish format-standard has-post-thumbnail hentry category-allgemein category-1 description-off\" data-name=\"&#8222;Mit oder ohne Wolle&#8220; &#8211; viele Lesermeinungen im Fachmagazin &#8222;Schafzucht&#8220;\" data-date=\"2025-01-09T21:02:37+00:00\">\n\n<div class=\"post-thumbnail-wrap\">\n\t<div class=\"post-thumbnail\">\n\n\t\t\n\t\t\n\t\t<a href=\"https:\/\/www.nolana-schafe.de\/de-pages\/mit-oder-ohne-wolle-viele-lesermeinungen-im-fachmagazin-schafzucht\/\" class=\"post-thumbnail-rollover layzr-bg layzr-bg\" ><img decoding=\"async\" class=\"blog-thumb-lazy-load preload-me lazy-load aspect\" src=\"data:image\/svg+xml,%3Csvg%20xmlns%3D&#39;http%3A%2F%2Fwww.w3.org%2F2000%2Fsvg&#39;%20viewBox%3D&#39;0%200%20412%20275&#39;%2F%3E\" data-src=\"https:\/\/www.nolana-schafe.de\/de-pages\/wp-content\/uploads\/Mit-oder-ohne-Wolle-412x275.jpg\" data-srcset=\"https:\/\/www.nolana-schafe.de\/de-pages\/wp-content\/uploads\/Mit-oder-ohne-Wolle-412x275.jpg 412w\" loading=\"eager\" style=\"--ratio: 412 \/ 275\" sizes=\"(max-width: 412px) 100vw, 412px\" alt=\"\" title=\"Mit oder ohne Wolle\" width=\"412\" height=\"275\"  \/><\/a>\n\t<\/div>\n<\/div>\n\n\n<div class=\"post-entry-content\">\n\n\t<h3 class=\"entry-title\">\n\t\t<a href=\"https:\/\/www.nolana-schafe.de\/de-pages\/mit-oder-ohne-wolle-viele-lesermeinungen-im-fachmagazin-schafzucht\/\" title=\"&#8222;Mit oder ohne Wolle&#8220; &#8211; viele Lesermeinungen im Fachmagazin &#8222;Schafzucht&#8220;\" rel=\"bookmark\">&#8222;Mit oder ohne Wolle&#8220; &#8211; viele Lesermeinungen im Fachmagazin &#8222;Schafzucht&#8220;<\/a>\n\t<\/h3>\n\n\t<div class=\"entry-meta\"><a href=\"https:\/\/www.nolana-schafe.de\/de-pages\/2025\/01\/09\/\" title=\"21:02\" class=\"data-link\" rel=\"bookmark\"><time class=\"entry-date updated\" datetime=\"2025-01-09T21:02:37+00:00\">9. Januar 2025<\/time><\/a><\/div>\n\t<div class=\"entry-excerpt\"><p>In der Ausgabe 21.2024 gab es eine Lesermeinung zur Fragestellung &#8222;Warum keine Nolanas?&#8220;. Dieses Thema hat erfreulicherweise bei vielen Lesern sehr\u00a0gro\u00dfes Interesse geweckt, so dass&hellip;<\/p>\n<\/div>\n\t\n<a href=\"https:\/\/www.nolana-schafe.de\/de-pages\/mit-oder-ohne-wolle-viele-lesermeinungen-im-fachmagazin-schafzucht\/\" class=\"post-details details-type-link\" aria-label=\"Read more about &#8222;Mit oder ohne Wolle&#8220; &#8211; viele Lesermeinungen im Fachmagazin &#8222;Schafzucht&#8220;\">Weiterlesen...<i class=\"dt-icon-the7-arrow-03\" aria-hidden=\"true\"><\/i><\/a>\n\n<\/div><\/article><article class=\"post project-odd visible post-2250 type-post status-publish format-standard has-post-thumbnail hentry category-allgemein category-1 description-off\" data-name=\"Nachberichterstattung Nolana-Versammlung vom 14.09.24 in der &#8222;Schafzucht 1.2025\" data-date=\"2025-01-09T20:49:13+00:00\">\n\n<div class=\"post-thumbnail-wrap\">\n\t<div class=\"post-thumbnail\">\n\n\t\t\n\t\t\n\t\t<a href=\"https:\/\/www.nolana-schafe.de\/de-pages\/nachberichterstattung-nolana-versammlung-vom-14-09-24-in-der-schafzucht-1-2025\/\" class=\"post-thumbnail-rollover layzr-bg layzr-bg\" ><img decoding=\"async\" class=\"blog-thumb-lazy-load preload-me lazy-load aspect\" src=\"data:image\/svg+xml,%3Csvg%20xmlns%3D&#39;http%3A%2F%2Fwww.w3.org%2F2000%2Fsvg&#39;%20viewBox%3D&#39;0%200%20616%20411&#39;%2F%3E\" data-src=\"https:\/\/www.nolana-schafe.de\/de-pages\/wp-content\/uploads\/NB-616x411.jpg\" data-srcset=\"https:\/\/www.nolana-schafe.de\/de-pages\/wp-content\/uploads\/NB-616x411.jpg 616w\" loading=\"eager\" style=\"--ratio: 616 \/ 411\" sizes=\"(max-width: 616px) 100vw, 616px\" alt=\"\" title=\"Nolanatagung 2024\" width=\"616\" height=\"411\"  \/><\/a>\n\t<\/div>\n<\/div>\n\n\n<div class=\"post-entry-content\">\n\n\t<h3 class=\"entry-title\">\n\t\t<a href=\"https:\/\/www.nolana-schafe.de\/de-pages\/nachberichterstattung-nolana-versammlung-vom-14-09-24-in-der-schafzucht-1-2025\/\" title=\"Nachberichterstattung Nolana-Versammlung vom 14.09.24 in der &#8222;Schafzucht 1.2025\" rel=\"bookmark\">Nachberichterstattung Nolana-Versammlung vom 14.09.24 in der &#8222;Schafzucht 1.2025<\/a>\n\t<\/h3>\n\n\t<div class=\"entry-meta\"><a href=\"https:\/\/www.nolana-schafe.de\/de-pages\/2025\/01\/09\/\" title=\"20:49\" class=\"data-link\" rel=\"bookmark\"><time class=\"entry-date updated\" datetime=\"2025-01-09T20:49:13+00:00\">9. Januar 2025<\/time><\/a><\/div>\n\t<div class=\"entry-excerpt\"><p>Das Fachmagazin f\u00fcr Schafe, die &#8222;Schafzucht&#8220;, hat in der 1. Ausgabe in 2025 (1.2025) einen Nachbericht der Nolana-Tagung vom 14. September in Medebach-D\u00fcdinghausen, verfasst von&hellip;<\/p>\n<\/div>\n\t\n<a href=\"https:\/\/www.nolana-schafe.de\/de-pages\/nachberichterstattung-nolana-versammlung-vom-14-09-24-in-der-schafzucht-1-2025\/\" class=\"post-details details-type-link\" aria-label=\"Read more about Nachberichterstattung Nolana-Versammlung vom 14.09.24 in der &#8222;Schafzucht 1.2025\">Weiterlesen...<i class=\"dt-icon-the7-arrow-03\" aria-hidden=\"true\"><\/i><\/a>\n\n<\/div><\/article><article class=\"post project-odd visible post-2244 type-post status-publish format-standard has-post-thumbnail hentry category-allgemein category-1 description-off\" data-name=\"&#8222;Schafschur war gestern&#8220; &#8211; Rasseportrait NOLANA in der BBZ, Ausgabe 42\/2024\" data-date=\"2025-01-09T20:24:16+00:00\">\n\n<div class=\"post-thumbnail-wrap\">\n\t<div class=\"post-thumbnail\">\n\n\t\t\n\t\t\n\t\t<a href=\"https:\/\/www.nolana-schafe.de\/de-pages\/schafschur-war-gestern-rasseportrait-nolana-in-der-bbz-ausgabe-42-2024\/\" class=\"post-thumbnail-rollover layzr-bg layzr-bg\" ><img decoding=\"async\" class=\"blog-thumb-lazy-load preload-me lazy-load aspect\" src=\"data:image\/svg+xml,%3Csvg%20xmlns%3D&#39;http%3A%2F%2Fwww.w3.org%2F2000%2Fsvg&#39;%20viewBox%3D&#39;0%200%20550%20367&#39;%2F%3E\" data-src=\"https:\/\/www.nolana-schafe.de\/de-pages\/wp-content\/uploads\/MS-550x367.jpg\" data-srcset=\"https:\/\/www.nolana-schafe.de\/de-pages\/wp-content\/uploads\/MS-550x367.jpg 550w\" loading=\"eager\" style=\"--ratio: 550 \/ 367\" sizes=\"(max-width: 550px) 100vw, 550px\" alt=\"\" title=\"Z\u00fcchter Markus Schumacher\" width=\"550\" height=\"367\"  \/><\/a>\n\t<\/div>\n<\/div>\n\n\n<div class=\"post-entry-content\">\n\n\t<h3 class=\"entry-title\">\n\t\t<a href=\"https:\/\/www.nolana-schafe.de\/de-pages\/schafschur-war-gestern-rasseportrait-nolana-in-der-bbz-ausgabe-42-2024\/\" title=\"&#8222;Schafschur war gestern&#8220; &#8211; Rasseportrait NOLANA in der BBZ, Ausgabe 42\/2024\" rel=\"bookmark\">&#8222;Schafschur war gestern&#8220; &#8211; Rasseportrait NOLANA in der BBZ, Ausgabe 42\/2024<\/a>\n\t<\/h3>\n\n\t<div class=\"entry-meta\"><a href=\"https:\/\/www.nolana-schafe.de\/de-pages\/2025\/01\/09\/\" title=\"20:24\" class=\"data-link\" rel=\"bookmark\"><time class=\"entry-date updated\" datetime=\"2025-01-09T20:24:16+00:00\">9. Januar 2025<\/time><\/a><\/div>\n\t<div class=\"entry-excerpt\"><p>In der Ausgabe 42\/2024 der Badischen Bauernzeitung (BBZ) vom 19. Oktober wurde ein Rasseportrait NOLANA ver\u00f6ffentlicht. Hierzu wurde die Zucht unseres Vereinsmitglieds Markus Schumacher mit&hellip;<\/p>\n<\/div>\n\t\n<a href=\"https:\/\/www.nolana-schafe.de\/de-pages\/schafschur-war-gestern-rasseportrait-nolana-in-der-bbz-ausgabe-42-2024\/\" class=\"post-details details-type-link\" aria-label=\"Read more about &#8222;Schafschur war gestern&#8220; &#8211; Rasseportrait NOLANA in der BBZ, Ausgabe 42\/2024\">Weiterlesen...<i class=\"dt-icon-the7-arrow-03\" aria-hidden=\"true\"><\/i><\/a>\n\n<\/div><\/article><article class=\"post project-odd visible post-2099 type-post status-publish format-standard has-post-thumbnail hentry category-allgemein category-1 description-off\" data-name=\"Farbliche Kennzeichnung von L\u00e4mmern nach Jahrgang (Deck-\/Lammzeit 2024\/25 = grau)\" data-date=\"2024-12-18T08:10:11+00:00\">\n\n<div class=\"post-thumbnail-wrap\">\n\t<div class=\"post-thumbnail\">\n\n\t\t\n\t\t\n\t\t<a href=\"https:\/\/www.nolana-schafe.de\/de-pages\/farbliche-kennzeichnung-von-laemmern-nach-jahrgang-deck-lammzeit-2023-24-violett\/\" class=\"post-thumbnail-rollover layzr-bg layzr-bg\" ><img fetchpriority=\"high\" decoding=\"async\" class=\"blog-thumb-lazy-load preload-me lazy-load aspect\" src=\"data:image\/svg+xml,%3Csvg%20xmlns%3D&#39;http%3A%2F%2Fwww.w3.org%2F2000%2Fsvg&#39;%20viewBox%3D&#39;0%200%20768%20512&#39;%2F%3E\" data-src=\"https:\/\/www.nolana-schafe.de\/de-pages\/wp-content\/uploads\/Selektionsscheiben-768x512.jpg\" data-srcset=\"https:\/\/www.nolana-schafe.de\/de-pages\/wp-content\/uploads\/Selektionsscheiben-768x512.jpg 768w, https:\/\/www.nolana-schafe.de\/de-pages\/wp-content\/uploads\/Selektionsscheiben-1080x720.jpg 1080w\" loading=\"eager\" style=\"--ratio: 768 \/ 512\" sizes=\"(max-width: 768px) 100vw, 768px\" alt=\"\" title=\"Selektionsscheiben\" width=\"768\" height=\"512\"  \/><\/a>\n\t<\/div>\n<\/div>\n\n\n<div class=\"post-entry-content\">\n\n\t<h3 class=\"entry-title\">\n\t\t<a href=\"https:\/\/www.nolana-schafe.de\/de-pages\/farbliche-kennzeichnung-von-laemmern-nach-jahrgang-deck-lammzeit-2023-24-violett\/\" title=\"Farbliche Kennzeichnung von L\u00e4mmern nach Jahrgang (Deck-\/Lammzeit 2024\/25 = grau)\" rel=\"bookmark\">Farbliche Kennzeichnung von L\u00e4mmern nach Jahrgang (Deck-\/Lammzeit 2024\/25 = grau)<\/a>\n\t<\/h3>\n\n\t<div class=\"entry-meta\"><a href=\"https:\/\/www.nolana-schafe.de\/de-pages\/2024\/12\/18\/\" title=\"8:10\" class=\"data-link\" rel=\"bookmark\"><time class=\"entry-date updated\" datetime=\"2024-12-18T08:10:11+00:00\">18. Dezember 2024<\/time><\/a><\/div>\n\t<div class=\"entry-excerpt\"><p>Lammsaison 2024\/25: Farbe der Selektionsscheiben = grau Hallo zusammen, hier \u2192\u00a0Beschreibung Selektionsscheiben Ohrmarken kann man sich noch einmal die Beschreibung f\u00fcr die Lammkennzeichnung ansehen. So&hellip;<\/p>\n<\/div>\n\t\n<a href=\"https:\/\/www.nolana-schafe.de\/de-pages\/farbliche-kennzeichnung-von-laemmern-nach-jahrgang-deck-lammzeit-2023-24-violett\/\" class=\"post-details details-type-link\" aria-label=\"Read more about Farbliche Kennzeichnung von L\u00e4mmern nach Jahrgang (Deck-\/Lammzeit 2024\/25 = grau)\">Weiterlesen...<i class=\"dt-icon-the7-arrow-03\" aria-hidden=\"true\"><\/i><\/a>\n\n<\/div><\/article><article class=\"post project-odd visible post-2237 type-post status-publish format-standard has-post-thumbnail hentry category-allgemein category-1 description-off\" data-name=\"&#8222;Immer mehr Haarschafe&#8220;\" data-date=\"2024-12-12T11:11:19+00:00\">\n\n<div class=\"post-thumbnail-wrap\">\n\t<div class=\"post-thumbnail\">\n\n\t\t\n\t\t\n\t\t<a href=\"https:\/\/www.nolana-schafe.de\/de-pages\/immer-mehr-haarschafe\/\" class=\"post-thumbnail-rollover layzr-bg layzr-bg\" ><img decoding=\"async\" class=\"blog-thumb-lazy-load preload-me lazy-load aspect\" src=\"data:image\/svg+xml,%3Csvg%20xmlns%3D&#39;http%3A%2F%2Fwww.w3.org%2F2000%2Fsvg&#39;%20viewBox%3D&#39;0%200%20254%20169&#39;%2F%3E\" data-src=\"https:\/\/www.nolana-schafe.de\/de-pages\/wp-content\/uploads\/Becker-002-254x169.png\" data-srcset=\"https:\/\/www.nolana-schafe.de\/de-pages\/wp-content\/uploads\/Becker-002-254x169.png 254w\" loading=\"eager\" style=\"--ratio: 254 \/ 169\" sizes=\"(max-width: 254px) 100vw, 254px\" alt=\"\" title=\"Becker (002)\" width=\"254\" height=\"169\"  \/><\/a>\n\t<\/div>\n<\/div>\n\n\n<div class=\"post-entry-content\">\n\n\t<h3 class=\"entry-title\">\n\t\t<a href=\"https:\/\/www.nolana-schafe.de\/de-pages\/immer-mehr-haarschafe\/\" title=\"&#8222;Immer mehr Haarschafe&#8220;\" rel=\"bookmark\">&#8222;Immer mehr Haarschafe&#8220;<\/a>\n\t<\/h3>\n\n\t<div class=\"entry-meta\"><a href=\"https:\/\/www.nolana-schafe.de\/de-pages\/2024\/12\/12\/\" title=\"11:11\" class=\"data-link\" rel=\"bookmark\"><time class=\"entry-date updated\" datetime=\"2024-12-12T11:11:19+00:00\">12. Dezember 2024<\/time><\/a><\/div>\n\t<div class=\"entry-excerpt\"><p>Mit Ausgabe 50 vom 12. Dezember 2024 der Zeitschrift &#8222;Wochenblatt&#8220; gab es einen Kurzbericht \u00fcber Haarschafe. \u2192\u00a0Immer mehr Haarschafe<\/p>\n<\/div>\n\t\n<a href=\"https:\/\/www.nolana-schafe.de\/de-pages\/immer-mehr-haarschafe\/\" class=\"post-details details-type-link\" aria-label=\"Read more about &#8222;Immer mehr Haarschafe&#8220;\">Weiterlesen...<i class=\"dt-icon-the7-arrow-03\" aria-hidden=\"true\"><\/i><\/a>\n\n<\/div><\/article><article class=\"post project-odd visible post-2209 type-post status-publish format-standard has-post-thumbnail hentry category-allgemein category-1 description-off\" data-name=\"Besucherrekord bei Nolana-Jahrestagung im Sauerland\" data-date=\"2024-09-16T11:33:42+00:00\">\n\n<div class=\"post-thumbnail-wrap\">\n\t<div class=\"post-thumbnail\">\n\n\t\t\n\t\t\n\t\t<a href=\"https:\/\/www.nolana-schafe.de\/de-pages\/besucherrekord-bei-nolana-jahrestagung-im-sauerland\/\" class=\"post-thumbnail-rollover layzr-bg layzr-bg\" ><img decoding=\"async\" class=\"blog-thumb-lazy-load preload-me lazy-load aspect\" src=\"data:image\/svg+xml,%3Csvg%20xmlns%3D&#39;http%3A%2F%2Fwww.w3.org%2F2000%2Fsvg&#39;%20viewBox%3D&#39;0%200%20768%20512&#39;%2F%3E\" data-src=\"https:\/\/www.nolana-schafe.de\/de-pages\/wp-content\/uploads\/Bild-1-scaled-768x512.jpg\" data-srcset=\"https:\/\/www.nolana-schafe.de\/de-pages\/wp-content\/uploads\/Bild-1-scaled-768x512.jpg 768w, https:\/\/www.nolana-schafe.de\/de-pages\/wp-content\/uploads\/Bild-1-scaled-1306x870.jpg 1306w\" loading=\"eager\" style=\"--ratio: 768 \/ 512\" sizes=\"(max-width: 768px) 100vw, 768px\" alt=\"\" title=\"Bild 1\" width=\"768\" height=\"512\"  \/><\/a>\n\t<\/div>\n<\/div>\n\n\n<div class=\"post-entry-content\">\n\n\t<h3 class=\"entry-title\">\n\t\t<a href=\"https:\/\/www.nolana-schafe.de\/de-pages\/besucherrekord-bei-nolana-jahrestagung-im-sauerland\/\" title=\"Besucherrekord bei Nolana-Jahrestagung im Sauerland\" rel=\"bookmark\">Besucherrekord bei Nolana-Jahrestagung im Sauerland<\/a>\n\t<\/h3>\n\n\t<div class=\"entry-meta\"><a href=\"https:\/\/www.nolana-schafe.de\/de-pages\/2024\/09\/16\/\" title=\"11:33\" class=\"data-link\" rel=\"bookmark\"><time class=\"entry-date updated\" datetime=\"2024-09-16T11:33:42+00:00\">16. September 2024<\/time><\/a><\/div>\n\t<div class=\"entry-excerpt\"><p>(CB) Besucherrekord bei Nolana-Jahrestagung im Sauerland Fast 80 Teilnehmer trafen sich am 14. September in Medebach-D\u00fcdinghausen im Sauerland zur 17. Nolana-Jahrestagung. Eingeladen hatte das Nolana-Netzwerk&hellip;<\/p>\n<\/div>\n\t\n<a href=\"https:\/\/www.nolana-schafe.de\/de-pages\/besucherrekord-bei-nolana-jahrestagung-im-sauerland\/\" class=\"post-details details-type-link\" aria-label=\"Read more about Besucherrekord bei Nolana-Jahrestagung im Sauerland\">Weiterlesen...<i class=\"dt-icon-the7-arrow-03\" aria-hidden=\"true\"><\/i><\/a>\n\n<\/div><\/article><article class=\"post project-odd visible post-2195 type-post status-publish format-standard has-post-thumbnail hentry category-allgemein category-1 description-off\" data-name=\"Einladung zur Nolana-Jahresversammlung am Samstag, 14.09.2024\" data-date=\"2024-08-09T10:50:38+00:00\">\n\n<div class=\"post-thumbnail-wrap\">\n\t<div class=\"post-thumbnail\">\n\n\t\t\n\t\t\n\t\t<a href=\"https:\/\/www.nolana-schafe.de\/de-pages\/einladung-zur-nolana-jahresversammlung-am-samstag-14-09-2024\/\" class=\"post-thumbnail-rollover layzr-bg layzr-bg\" ><img decoding=\"async\" class=\"blog-thumb-lazy-load preload-me lazy-load aspect\" src=\"data:image\/svg+xml,%3Csvg%20xmlns%3D&#39;http%3A%2F%2Fwww.w3.org%2F2000%2Fsvg&#39;%20viewBox%3D&#39;0%200%20768%20512&#39;%2F%3E\" data-src=\"https:\/\/www.nolana-schafe.de\/de-pages\/wp-content\/uploads\/IMG_4937-768x512.jpeg\" data-srcset=\"https:\/\/www.nolana-schafe.de\/de-pages\/wp-content\/uploads\/IMG_4937-768x512.jpeg 768w, https:\/\/www.nolana-schafe.de\/de-pages\/wp-content\/uploads\/IMG_4937-971x646.jpeg 971w\" loading=\"eager\" style=\"--ratio: 768 \/ 512\" sizes=\"(max-width: 768px) 100vw, 768px\" alt=\"Tagungsraum f\u00fcr die Nolana-Versammlung 2024\" title=\"IMG_4937\" width=\"768\" height=\"512\"  \/><\/a>\n\t<\/div>\n<\/div>\n\n\n<div class=\"post-entry-content\">\n\n\t<h3 class=\"entry-title\">\n\t\t<a href=\"https:\/\/www.nolana-schafe.de\/de-pages\/einladung-zur-nolana-jahresversammlung-am-samstag-14-09-2024\/\" title=\"Einladung zur Nolana-Jahresversammlung am Samstag, 14.09.2024\" rel=\"bookmark\">Einladung zur Nolana-Jahresversammlung am Samstag, 14.09.2024<\/a>\n\t<\/h3>\n\n\t<div class=\"entry-meta\"><a href=\"https:\/\/www.nolana-schafe.de\/de-pages\/2024\/08\/09\/\" title=\"10:50\" class=\"data-link\" rel=\"bookmark\"><time class=\"entry-date updated\" datetime=\"2024-08-09T10:50:38+00:00\">9. August 2024<\/time><\/a><\/div>\n\t<div class=\"entry-excerpt\"><p>Das Nolana-Netzwerk Deutschland e. V. l\u00e4dt alle Mitglieder und Interessierte rund um das Thema Haarschaf ganz herzlich zur diesj\u00e4hrigen Jahresversammlung am Samstag, den 14. September&hellip;<\/p>\n<\/div>\n\t\n<a href=\"https:\/\/www.nolana-schafe.de\/de-pages\/einladung-zur-nolana-jahresversammlung-am-samstag-14-09-2024\/\" class=\"post-details details-type-link\" aria-label=\"Read more about Einladung zur Nolana-Jahresversammlung am Samstag, 14.09.2024\">Weiterlesen...<i class=\"dt-icon-the7-arrow-03\" aria-hidden=\"true\"><\/i><\/a>\n\n<\/div><\/article><article class=\"post project-odd visible post-2185 type-post status-publish format-standard has-post-thumbnail hentry category-allgemein category-1 description-off\" data-name=\"Gro\u00dfes Interesse auf Tarmstedter Ausstellung\" data-date=\"2024-07-24T17:15:16+00:00\">\n\n<div class=\"post-thumbnail-wrap\">\n\t<div class=\"post-thumbnail\">\n\n\t\t\n\t\t\n\t\t<a href=\"https:\/\/www.nolana-schafe.de\/de-pages\/grosses-interesse-auf-tarmstedter-ausstellung\/\" class=\"post-thumbnail-rollover layzr-bg layzr-bg\" ><img decoding=\"async\" class=\"blog-thumb-lazy-load preload-me lazy-load aspect\" src=\"data:image\/svg+xml,%3Csvg%20xmlns%3D&#39;http%3A%2F%2Fwww.w3.org%2F2000%2Fsvg&#39;%20viewBox%3D&#39;0%200%20768%20512&#39;%2F%3E\" data-src=\"https:\/\/www.nolana-schafe.de\/de-pages\/wp-content\/uploads\/Rassedemo_DFM_8503-002-scaled-768x512.jpg\" data-srcset=\"https:\/\/www.nolana-schafe.de\/de-pages\/wp-content\/uploads\/Rassedemo_DFM_8503-002-scaled-768x512.jpg 768w, https:\/\/www.nolana-schafe.de\/de-pages\/wp-content\/uploads\/Rassedemo_DFM_8503-002-scaled-1306x870.jpg 1306w\" loading=\"eager\" style=\"--ratio: 768 \/ 512\" sizes=\"(max-width: 768px) 100vw, 768px\" alt=\"Quelle: www.tarmstedter-ausstellung.de\" title=\"Rassedemo_DFM_8503 (002)\" width=\"768\" height=\"512\"  \/><\/a>\n\t<\/div>\n<\/div>\n\n\n<div class=\"post-entry-content\">\n\n\t<h3 class=\"entry-title\">\n\t\t<a href=\"https:\/\/www.nolana-schafe.de\/de-pages\/grosses-interesse-auf-tarmstedter-ausstellung\/\" title=\"Gro\u00dfes Interesse auf Tarmstedter Ausstellung\" rel=\"bookmark\">Gro\u00dfes Interesse auf Tarmstedter Ausstellung<\/a>\n\t<\/h3>\n\n\t<div class=\"entry-meta\"><a href=\"https:\/\/www.nolana-schafe.de\/de-pages\/2024\/07\/24\/\" title=\"17:15\" class=\"data-link\" rel=\"bookmark\"><time class=\"entry-date updated\" datetime=\"2024-07-24T17:15:16+00:00\">24. Juli 2024<\/time><\/a><\/div>\n\t<div class=\"entry-excerpt\"><p>\u00dcber 100.000 Besucher kamen zur Tarmstedter Ausstellung vom 12.-15.07.2024. Die Ausstellung ist die gr\u00f6\u00dfte Ausstellung f\u00fcr Landwirtschaft, Landtechnik, Nutztiere etc. um Elbe-Weser-Dreieck. Vom Nolana-Netzwerk waren&hellip;<\/p>\n<\/div>\n\t\n<a href=\"https:\/\/www.nolana-schafe.de\/de-pages\/grosses-interesse-auf-tarmstedter-ausstellung\/\" class=\"post-details details-type-link\" aria-label=\"Read more about Gro\u00dfes Interesse auf Tarmstedter Ausstellung\">Weiterlesen...<i class=\"dt-icon-the7-arrow-03\" aria-hidden=\"true\"><\/i><\/a>\n\n<\/div><\/article><article class=\"post project-odd visible no-img post-2172 type-post status-publish format-standard hentry category-allgemein category-1 description-off\" data-name=\"Hohe Leistung und kein Scheren\" data-date=\"2024-07-01T20:24:15+00:00\">\n\n<div class=\"post-entry-content\">\n\n\t<h3 class=\"entry-title\">\n\t\t<a href=\"https:\/\/www.nolana-schafe.de\/de-pages\/hohe-leistung-und-kein-scheren\/\" title=\"Hohe Leistung und kein Scheren\" rel=\"bookmark\">Hohe Leistung und kein Scheren<\/a>\n\t<\/h3>\n\n\t<div class=\"entry-meta\"><a href=\"https:\/\/www.nolana-schafe.de\/de-pages\/2024\/07\/01\/\" title=\"20:24\" class=\"data-link\" rel=\"bookmark\"><time class=\"entry-date updated\" datetime=\"2024-07-01T20:24:15+00:00\">1. Juli 2024<\/time><\/a><\/div>\n\t<div class=\"entry-excerpt\"><p>In der Ausgabe 26_2024 der &#8222;Land und Forst&#8220; ist ein aktueller Artikel,\u00a0 verfasst von unserem Vereinsmitglied Dr. Clemens Becker, \u00fcber unsere Rassen Nolana und Braunes&hellip;<\/p>\n<\/div>\n\t\n<a href=\"https:\/\/www.nolana-schafe.de\/de-pages\/hohe-leistung-und-kein-scheren\/\" class=\"post-details details-type-link\" aria-label=\"Read more about Hohe Leistung und kein Scheren\">Weiterlesen...<i class=\"dt-icon-the7-arrow-03\" aria-hidden=\"true\"><\/i><\/a>\n\n<\/div><\/article><article class=\"post project-odd visible no-img post-2156 type-post status-publish format-standard hentry category-allgemein category-1 description-off\" data-name=\"NRW-Schaftage 2024 in Krefeld vom 17. und 18. August \u2013 Nolana-B\u00f6cke zu ersteigern!!\" data-date=\"2024-05-22T16:50:28+00:00\">\n\n<div class=\"post-entry-content\">\n\n\t<h3 class=\"entry-title\">\n\t\t<a href=\"https:\/\/www.nolana-schafe.de\/de-pages\/nrw-schaftage-2024-in-krefeld-vom-17-und-18-august-nolana-boecke-zu-ersteigern\/\" title=\"NRW-Schaftage 2024 in Krefeld vom 17. und 18. August \u2013 Nolana-B\u00f6cke zu ersteigern!!\" rel=\"bookmark\">NRW-Schaftage 2024 in Krefeld vom 17. und 18. August \u2013 Nolana-B\u00f6cke zu ersteigern!!<\/a>\n\t<\/h3>\n\n\t<div class=\"entry-meta\"><a href=\"https:\/\/www.nolana-schafe.de\/de-pages\/2024\/05\/22\/\" title=\"16:50\" class=\"data-link\" rel=\"bookmark\"><time class=\"entry-date updated\" datetime=\"2024-05-22T16:50:28+00:00\">22. Mai 2024<\/time><\/a><\/div>\n\t<div class=\"entry-excerpt\"><p>Bei den diesj\u00e4hrigen NRW-Schaftagen in Krefeld werden auch Nolana-B\u00f6cke aufgetrieben und versteigert. Der Auktionskatalog ist zum jetzigen Zeitpunkt noch nicht raus, bitte informiert euch entsprechend&hellip;<\/p>\n<\/div>\n\t\n<a href=\"https:\/\/www.nolana-schafe.de\/de-pages\/nrw-schaftage-2024-in-krefeld-vom-17-und-18-august-nolana-boecke-zu-ersteigern\/\" class=\"post-details details-type-link\" aria-label=\"Read more about NRW-Schaftage 2024 in Krefeld vom 17. und 18. August \u2013 Nolana-B\u00f6cke zu ersteigern!!\">Weiterlesen...<i class=\"dt-icon-the7-arrow-03\" aria-hidden=\"true\"><\/i><\/a>\n\n<\/div><\/article><article class=\"post project-odd visible no-img post-2153 type-post status-publish format-standard hentry category-allgemein category-1 description-off\" data-name=\"Nolana und BHS auf der Tarmstedter Ausstellung vom 12.-15. Juli 2024\" data-date=\"2024-05-22T16:48:37+00:00\">\n\n<div class=\"post-entry-content\">\n\n\t<h3 class=\"entry-title\">\n\t\t<a href=\"https:\/\/www.nolana-schafe.de\/de-pages\/nolana-und-bhs-auf-der-tarmstedter-ausstellung-vom-12-15-juli-2024\/\" title=\"Nolana und BHS auf der Tarmstedter Ausstellung vom 12.-15. Juli 2024\" rel=\"bookmark\">Nolana und BHS auf der Tarmstedter Ausstellung vom 12.-15. Juli 2024<\/a>\n\t<\/h3>\n\n\t<div class=\"entry-meta\"><a href=\"https:\/\/www.nolana-schafe.de\/de-pages\/2024\/05\/22\/\" title=\"16:48\" class=\"data-link\" rel=\"bookmark\"><time class=\"entry-date updated\" datetime=\"2024-05-22T16:48:37+00:00\">22. Mai 2024<\/time><\/a><\/div>\n\t<div class=\"entry-excerpt\"><p>Das Nolananetzwerk pr\u00e4sentiert auf der Tarmstedter Ausstellung vom 12.07.-15.07.2024 die Rassen Nolana und Braunes Haarschaf. Zwei Nolanas von Stephan Graute und zwei Braune Haarschafe von&hellip;<\/p>\n<\/div>\n\t\n<a href=\"https:\/\/www.nolana-schafe.de\/de-pages\/nolana-und-bhs-auf-der-tarmstedter-ausstellung-vom-12-15-juli-2024\/\" class=\"post-details details-type-link\" aria-label=\"Read more about Nolana und BHS auf der Tarmstedter Ausstellung vom 12.-15. Juli 2024\">Weiterlesen...<i class=\"dt-icon-the7-arrow-03\" aria-hidden=\"true\"><\/i><\/a>\n\n<\/div><\/article><article class=\"post project-odd visible post-2119 type-post status-publish format-standard has-post-thumbnail hentry category-allgemein category-1 description-off\" data-name=\"1. Auflage des Buchs \u201eDas Nolana-Projekt\u201c, Autor Dr. Rolf Minhorst\" data-date=\"2023-11-29T21:02:38+00:00\">\n\n<div class=\"post-thumbnail-wrap\">\n\t<div class=\"post-thumbnail\">\n\n\t\t\n\t\t\n\t\t<a href=\"https:\/\/www.nolana-schafe.de\/de-pages\/1-auflage-des-buchs-das-nolana-projekt-autor-dr-rolf-minhorst\/\" class=\"post-thumbnail-rollover layzr-bg layzr-bg\" ><img decoding=\"async\" class=\"blog-thumb-lazy-load preload-me lazy-load aspect\" src=\"data:image\/svg+xml,%3Csvg%20xmlns%3D&#39;http%3A%2F%2Fwww.w3.org%2F2000%2Fsvg&#39;%20viewBox%3D&#39;0%200%20768%20512&#39;%2F%3E\" data-src=\"https:\/\/www.nolana-schafe.de\/de-pages\/wp-content\/uploads\/NolanaCover-768x512.jpeg\" data-srcset=\"https:\/\/www.nolana-schafe.de\/de-pages\/wp-content\/uploads\/NolanaCover-768x512.jpeg 768w, https:\/\/www.nolana-schafe.de\/de-pages\/wp-content\/uploads\/NolanaCover-898x598.jpeg 898w\" loading=\"eager\" style=\"--ratio: 768 \/ 512\" sizes=\"(max-width: 768px) 100vw, 768px\" alt=\"\" title=\"NolanaCover\" width=\"768\" height=\"512\"  \/><\/a>\n\t<\/div>\n<\/div>\n\n\n<div class=\"post-entry-content\">\n\n\t<h3 class=\"entry-title\">\n\t\t<a href=\"https:\/\/www.nolana-schafe.de\/de-pages\/1-auflage-des-buchs-das-nolana-projekt-autor-dr-rolf-minhorst\/\" title=\"1. Auflage des Buchs \u201eDas Nolana-Projekt\u201c, Autor Dr. Rolf Minhorst\" rel=\"bookmark\">1. Auflage des Buchs \u201eDas Nolana-Projekt\u201c, Autor Dr. Rolf Minhorst<\/a>\n\t<\/h3>\n\n\t<div class=\"entry-meta\"><a href=\"https:\/\/www.nolana-schafe.de\/de-pages\/2023\/11\/29\/\" title=\"21:02\" class=\"data-link\" rel=\"bookmark\"><time class=\"entry-date updated\" datetime=\"2023-11-29T21:02:38+00:00\">29. November 2023<\/time><\/a><\/div>\n\t<div class=\"entry-excerpt\"><p>Unser ehemaliger und langj\u00e4hriger Vereinsvorsitzende und jetziger Ehrenvorsitzende Dr. Rolf Minhorst hat sein Herzensprojekt final realisiert und die Erstauflage seines Buches \u201eDas Nolana-Projekt\u201c ist nun&hellip;<\/p>\n<\/div>\n\t\n<a href=\"https:\/\/www.nolana-schafe.de\/de-pages\/1-auflage-des-buchs-das-nolana-projekt-autor-dr-rolf-minhorst\/\" class=\"post-details details-type-link\" aria-label=\"Read more about 1. Auflage des Buchs \u201eDas Nolana-Projekt\u201c, Autor Dr. Rolf Minhorst\">Weiterlesen...<i class=\"dt-icon-the7-arrow-03\" aria-hidden=\"true\"><\/i><\/a>\n\n<\/div><\/article><article class=\"post project-odd visible no-img post-2110 type-post status-publish format-standard hentry category-allgemein category-1 description-off\" data-name=\"\u201eSchafwolle ist nichts mehr wert\u201c-Artikel von TopAgrar\" data-date=\"2023-11-16T09:50:13+00:00\">\n\n<div class=\"post-entry-content\">\n\n\t<h3 class=\"entry-title\">\n\t\t<a href=\"https:\/\/www.nolana-schafe.de\/de-pages\/schafwolle-ist-nichts-mehr-wert-artikel-von-topagrar\/\" title=\"\u201eSchafwolle ist nichts mehr wert\u201c-Artikel von TopAgrar\" rel=\"bookmark\">\u201eSchafwolle ist nichts mehr wert\u201c-Artikel von TopAgrar<\/a>\n\t<\/h3>\n\n\t<div class=\"entry-meta\"><a href=\"https:\/\/www.nolana-schafe.de\/de-pages\/2023\/11\/16\/\" title=\"9:50\" class=\"data-link\" rel=\"bookmark\"><time class=\"entry-date updated\" datetime=\"2023-11-16T09:50:13+00:00\">16. November 2023<\/time><\/a><\/div>\n\t<div class=\"entry-excerpt\"><p>Mit Klick auf\u00a0TopAgrar findet ihr einen interessanten Artikel \u00fcber die derzeitige Situation der hiesigen Schurwolle<\/p>\n<\/div>\n\t\n<a href=\"https:\/\/www.nolana-schafe.de\/de-pages\/schafwolle-ist-nichts-mehr-wert-artikel-von-topagrar\/\" class=\"post-details details-type-link\" aria-label=\"Read more about \u201eSchafwolle ist nichts mehr wert\u201c-Artikel von TopAgrar\">Weiterlesen...<i class=\"dt-icon-the7-arrow-03\" aria-hidden=\"true\"><\/i><\/a>\n\n<\/div><\/article><article class=\"post project-odd visible post-2084 type-post status-publish format-standard has-post-thumbnail hentry category-allgemein category-1 description-off\" data-name=\"Bericht Nolanatagung am 9.\/10. Sept. 2023 &#8211; Teil 3 + Ausblick f\u00fcr 2024 (save the date 14. Sept. 2024)\" data-date=\"2023-09-17T08:27:32+00:00\">\n\n<div class=\"post-thumbnail-wrap\">\n\t<div class=\"post-thumbnail\">\n\n\t\t\n\t\t\n\t\t<a href=\"https:\/\/www.nolana-schafe.de\/de-pages\/bericht-nolanatagung-am-9-10-sept-2023-teil-3-ausblick-fuer-2024-save-the-date-14-sept-2024\/\" class=\"post-thumbnail-rollover layzr-bg layzr-bg\" ><img decoding=\"async\" class=\"blog-thumb-lazy-load preload-me lazy-load aspect\" src=\"data:image\/svg+xml,%3Csvg%20xmlns%3D&#39;http%3A%2F%2Fwww.w3.org%2F2000%2Fsvg&#39;%20viewBox%3D&#39;0%200%20768%20512&#39;%2F%3E\" data-src=\"https:\/\/www.nolana-schafe.de\/de-pages\/wp-content\/uploads\/IMG_4937-768x512.jpeg\" data-srcset=\"https:\/\/www.nolana-schafe.de\/de-pages\/wp-content\/uploads\/IMG_4937-768x512.jpeg 768w, https:\/\/www.nolana-schafe.de\/de-pages\/wp-content\/uploads\/IMG_4937-971x646.jpeg 971w\" loading=\"eager\" style=\"--ratio: 768 \/ 512\" sizes=\"(max-width: 768px) 100vw, 768px\" alt=\"Tagungsraum f\u00fcr die Nolana-Versammlung 2024\" title=\"IMG_4937\" width=\"768\" height=\"512\"  \/><\/a>\n\t<\/div>\n<\/div>\n\n\n<div class=\"post-entry-content\">\n\n\t<h3 class=\"entry-title\">\n\t\t<a href=\"https:\/\/www.nolana-schafe.de\/de-pages\/bericht-nolanatagung-am-9-10-sept-2023-teil-3-ausblick-fuer-2024-save-the-date-14-sept-2024\/\" title=\"Bericht Nolanatagung am 9.\/10. Sept. 2023 &#8211; Teil 3 + Ausblick f\u00fcr 2024 (save the date 14. Sept. 2024)\" rel=\"bookmark\">Bericht Nolanatagung am 9.\/10. Sept. 2023 &#8211; Teil 3 + Ausblick f\u00fcr 2024 (save the date 14. Sept. 2024)<\/a>\n\t<\/h3>\n\n\t<div class=\"entry-meta\"><a href=\"https:\/\/www.nolana-schafe.de\/de-pages\/2023\/09\/17\/\" title=\"8:27\" class=\"data-link\" rel=\"bookmark\"><time class=\"entry-date updated\" datetime=\"2023-09-17T08:27:32+00:00\">17. September 2023<\/time><\/a><\/div>\n\t<div class=\"entry-excerpt\"><p>Regionale Sch\u00e4ferei Am Folgetag wurde die regionale Sch\u00e4ferei in Brehnau besichtigt. Die Brehnau Sch\u00e4ferei KG bewirtschaftet ca. 50 Hektar Gr\u00fcnland, darunter Streuobstwiesen, Hanglagen und Auenweiden&hellip;<\/p>\n<\/div>\n\t\n<a href=\"https:\/\/www.nolana-schafe.de\/de-pages\/bericht-nolanatagung-am-9-10-sept-2023-teil-3-ausblick-fuer-2024-save-the-date-14-sept-2024\/\" class=\"post-details details-type-link\" aria-label=\"Read more about Bericht Nolanatagung am 9.\/10. Sept. 2023 &#8211; Teil 3 + Ausblick f\u00fcr 2024 (save the date 14. Sept. 2024)\">Weiterlesen...<i class=\"dt-icon-the7-arrow-03\" aria-hidden=\"true\"><\/i><\/a>\n\n<\/div><\/article><article class=\"post project-odd visible post-2079 type-post status-publish format-standard has-post-thumbnail hentry category-allgemein category-1 description-off\" data-name=\"Bericht Nolanatagung am 9.\/10. Sept. 2023 &#8211; Teil 2\" data-date=\"2023-09-17T08:02:34+00:00\">\n\n<div class=\"post-thumbnail-wrap\">\n\t<div class=\"post-thumbnail\">\n\n\t\t\n\t\t\n\t\t<a href=\"https:\/\/www.nolana-schafe.de\/de-pages\/bericht-nolanatagung-am-9-10-sept-2024-teil-2\/\" class=\"post-thumbnail-rollover layzr-bg layzr-bg\" ><img decoding=\"async\" class=\"blog-thumb-lazy-load preload-me lazy-load aspect\" src=\"data:image\/svg+xml,%3Csvg%20xmlns%3D&#39;http%3A%2F%2Fwww.w3.org%2F2000%2Fsvg&#39;%20viewBox%3D&#39;0%200%20768%20512&#39;%2F%3E\" data-src=\"https:\/\/www.nolana-schafe.de\/de-pages\/wp-content\/uploads\/PferchNOL-scaled-768x512.jpg\" data-srcset=\"https:\/\/www.nolana-schafe.de\/de-pages\/wp-content\/uploads\/PferchNOL-scaled-768x512.jpg 768w, https:\/\/www.nolana-schafe.de\/de-pages\/wp-content\/uploads\/PferchNOL-scaled-1306x870.jpg 1306w\" loading=\"eager\" style=\"--ratio: 768 \/ 512\" sizes=\"(max-width: 768px) 100vw, 768px\" alt=\"Braune Haarschafe mit Teilnehmern\" title=\"PferchNOL\" width=\"768\" height=\"512\"  \/><\/a>\n\t<\/div>\n<\/div>\n\n\n<div class=\"post-entry-content\">\n\n\t<h3 class=\"entry-title\">\n\t\t<a href=\"https:\/\/www.nolana-schafe.de\/de-pages\/bericht-nolanatagung-am-9-10-sept-2024-teil-2\/\" title=\"Bericht Nolanatagung am 9.\/10. Sept. 2023 &#8211; Teil 2\" rel=\"bookmark\">Bericht Nolanatagung am 9.\/10. Sept. 2023 &#8211; Teil 2<\/a>\n\t<\/h3>\n\n\t<div class=\"entry-meta\"><a href=\"https:\/\/www.nolana-schafe.de\/de-pages\/2023\/09\/17\/\" title=\"8:02\" class=\"data-link\" rel=\"bookmark\"><time class=\"entry-date updated\" datetime=\"2023-09-17T08:02:34+00:00\">17. September 2023<\/time><\/a><\/div>\n\t<div class=\"entry-excerpt\"><p>Haarschafz\u00fcchtung in der Region Halle \/ Leipzig Der versierte langj\u00e4hrige Haarschafz\u00fcchter und Biologe Urs J\u00e4ger aus Wettin-M\u00fccheln berichtete von den Urspr\u00fcngen der Haarschafz\u00fcchtung in Sachsen-Anhalt.&hellip;<\/p>\n<\/div>\n\t\n<a href=\"https:\/\/www.nolana-schafe.de\/de-pages\/bericht-nolanatagung-am-9-10-sept-2024-teil-2\/\" class=\"post-details details-type-link\" aria-label=\"Read more about Bericht Nolanatagung am 9.\/10. Sept. 2023 &#8211; Teil 2\">Weiterlesen...<i class=\"dt-icon-the7-arrow-03\" aria-hidden=\"true\"><\/i><\/a>\n\n<\/div><\/article><article class=\"post project-odd visible post-2076 type-post status-publish format-standard has-post-thumbnail hentry category-allgemein category-1 description-off\" data-name=\"Bericht Nolanatagung am 9.\/10. Sept. 2023 &#8211; Teil 1\" data-date=\"2023-09-17T07:57:15+00:00\">\n\n<div class=\"post-thumbnail-wrap\">\n\t<div class=\"post-thumbnail\">\n\n\t\t\n\t\t\n\t\t<a href=\"https:\/\/www.nolana-schafe.de\/de-pages\/bericht-nolanatagung-am-9-10-sept-2024-teil-1\/\" class=\"post-thumbnail-rollover layzr-bg layzr-bg\" ><img decoding=\"async\" class=\"blog-thumb-lazy-load preload-me lazy-load aspect\" src=\"data:image\/svg+xml,%3Csvg%20xmlns%3D&#39;http%3A%2F%2Fwww.w3.org%2F2000%2Fsvg&#39;%20viewBox%3D&#39;0%200%20768%20512&#39;%2F%3E\" data-src=\"https:\/\/www.nolana-schafe.de\/de-pages\/wp-content\/uploads\/draussenNOL-scaled-768x512.jpg\" data-srcset=\"https:\/\/www.nolana-schafe.de\/de-pages\/wp-content\/uploads\/draussenNOL-scaled-768x512.jpg 768w, https:\/\/www.nolana-schafe.de\/de-pages\/wp-content\/uploads\/draussenNOL-scaled-1306x870.jpg 1306w\" loading=\"eager\" style=\"--ratio: 768 \/ 512\" sizes=\"(max-width: 768px) 100vw, 768px\" alt=\"tolle Location &quot;Picknick am Wegesrand&quot; in Wettin-M\u00fccheln\" title=\"drau\u00dfenNOL\" width=\"768\" height=\"512\"  \/><\/a>\n\t<\/div>\n<\/div>\n\n\n<div class=\"post-entry-content\">\n\n\t<h3 class=\"entry-title\">\n\t\t<a href=\"https:\/\/www.nolana-schafe.de\/de-pages\/bericht-nolanatagung-am-9-10-sept-2024-teil-1\/\" title=\"Bericht Nolanatagung am 9.\/10. Sept. 2023 &#8211; Teil 1\" rel=\"bookmark\">Bericht Nolanatagung am 9.\/10. Sept. 2023 &#8211; Teil 1<\/a>\n\t<\/h3>\n\n\t<div class=\"entry-meta\"><a href=\"https:\/\/www.nolana-schafe.de\/de-pages\/2023\/09\/17\/\" title=\"7:57\" class=\"data-link\" rel=\"bookmark\"><time class=\"entry-date updated\" datetime=\"2023-09-17T07:57:15+00:00\">17. September 2023<\/time><\/a><\/div>\n\t<div class=\"entry-excerpt\"><p>Erfolgreiche Nolana-Jahrestagung im Saaletal Rund 40 Teilnehmer trafen sich am 9. September in Wettin-M\u00fccheln zur 16. Nolana-Jahrestagung. Eingeladen hatte das Nolana-Netzwerk Deutschland e.V., ein bundesweites&hellip;<\/p>\n<\/div>\n\t\n<a href=\"https:\/\/www.nolana-schafe.de\/de-pages\/bericht-nolanatagung-am-9-10-sept-2024-teil-1\/\" class=\"post-details details-type-link\" aria-label=\"Read more about Bericht Nolanatagung am 9.\/10. Sept. 2023 &#8211; Teil 1\">Weiterlesen...<i class=\"dt-icon-the7-arrow-03\" aria-hidden=\"true\"><\/i><\/a>\n\n<\/div><\/article><article class=\"post project-odd visible no-img post-2069 type-post status-publish format-standard hentry category-allgemein category-1 description-off\" data-name=\"Nolanatagung am kommenden Samstag, 9. September in Wettin-L\u00f6bej\u00fcn\" data-date=\"2023-09-05T18:56:52+00:00\">\n\n<div class=\"post-entry-content\">\n\n\t<h3 class=\"entry-title\">\n\t\t<a href=\"https:\/\/www.nolana-schafe.de\/de-pages\/nolanatagung-am-kommenden-samstag-9-september-in-wettin-loebejuen\/\" title=\"Nolanatagung am kommenden Samstag, 9. September in Wettin-L\u00f6bej\u00fcn\" rel=\"bookmark\">Nolanatagung am kommenden Samstag, 9. September in Wettin-L\u00f6bej\u00fcn<\/a>\n\t<\/h3>\n\n\t<div class=\"entry-meta\"><a href=\"https:\/\/www.nolana-schafe.de\/de-pages\/2023\/09\/05\/\" title=\"18:56\" class=\"data-link\" rel=\"bookmark\"><time class=\"entry-date updated\" datetime=\"2023-09-05T18:56:52+00:00\">5. September 2023<\/time><\/a><\/div>\n\t<div class=\"entry-excerpt\"><p>Am kommenden Samstag findet die diesj\u00e4hrige Nolanatagung statt, alle weiteren Info\u00b4s findet ihr in unserem vorherigen Post mit Klick auf \u2192\u00a0Jahrestagung 2023<\/p>\n<\/div>\n\t\n<a href=\"https:\/\/www.nolana-schafe.de\/de-pages\/nolanatagung-am-kommenden-samstag-9-september-in-wettin-loebejuen\/\" class=\"post-details details-type-link\" aria-label=\"Read more about Nolanatagung am kommenden Samstag, 9. September in Wettin-L\u00f6bej\u00fcn\">Weiterlesen...<i class=\"dt-icon-the7-arrow-03\" aria-hidden=\"true\"><\/i><\/a>\n\n<\/div><\/article><article class=\"post project-odd visible no-img post-2064 type-post status-publish format-standard hentry category-allgemein category-1 description-off\" data-name=\"Nolana und BHS am 13.08.2023 bei den Schaftagen NRW\" data-date=\"2023-08-21T19:23:32+00:00\">\n\n<div class=\"post-entry-content\">\n\n\t<h3 class=\"entry-title\">\n\t\t<a href=\"https:\/\/www.nolana-schafe.de\/de-pages\/nolana-und-bhs-am-13-08-2023-bei-den-schaftagen-nrw\/\" title=\"Nolana und BHS am 13.08.2023 bei den Schaftagen NRW\" rel=\"bookmark\">Nolana und BHS am 13.08.2023 bei den Schaftagen NRW<\/a>\n\t<\/h3>\n\n\t<div class=\"entry-meta\"><a href=\"https:\/\/www.nolana-schafe.de\/de-pages\/2023\/08\/21\/\" title=\"19:23\" class=\"data-link\" rel=\"bookmark\"><time class=\"entry-date updated\" datetime=\"2023-08-21T19:23:32+00:00\">21. August 2023<\/time><\/a><\/div>\n\t<div class=\"entry-excerpt\"><p>&nbsp; Am Sonntag, 13.08.2023 und Tag 2 der diesj\u00e4hrigen NRW-Schaftage, die f\u00fcr die Braunen Haarschafe und die Nolana-Schafe erstmals bundesoffen waren, pr\u00e4sentierten die Z\u00fcchter unseres&hellip;<\/p>\n<\/div>\n\t\n<a href=\"https:\/\/www.nolana-schafe.de\/de-pages\/nolana-und-bhs-am-13-08-2023-bei-den-schaftagen-nrw\/\" class=\"post-details details-type-link\" aria-label=\"Read more about Nolana und BHS am 13.08.2023 bei den Schaftagen NRW\">Weiterlesen...<i class=\"dt-icon-the7-arrow-03\" aria-hidden=\"true\"><\/i><\/a>\n\n<\/div><\/article><article class=\"post project-odd visible no-img post-2060 type-post status-publish format-standard hentry category-allgemein category-1 description-off\" data-name=\"&#8222;&#8230;das Schaf, das selten bl\u00f6kt&#8220;\" data-date=\"2023-07-30T18:48:34+00:00\">\n\n<div class=\"post-entry-content\">\n\n\t<h3 class=\"entry-title\">\n\t\t<a href=\"https:\/\/www.nolana-schafe.de\/de-pages\/das-schaf-das-selten-bloekt\/\" title=\"&#8222;&#8230;das Schaf, das selten bl\u00f6kt&#8220;\" rel=\"bookmark\">&#8222;&#8230;das Schaf, das selten bl\u00f6kt&#8220;<\/a>\n\t<\/h3>\n\n\t<div class=\"entry-meta\"><a href=\"https:\/\/www.nolana-schafe.de\/de-pages\/2023\/07\/30\/\" title=\"18:48\" class=\"data-link\" rel=\"bookmark\"><time class=\"entry-date updated\" datetime=\"2023-07-30T18:48:34+00:00\">30. Juli 2023<\/time><\/a><\/div>\n\t<div class=\"entry-excerpt\"><p>In der Hannoverschen Allgemeinen ist folgender Artikel \u00fcber die Haarschafzucht unseres Vereinsmitglieds Conrad Nussbaum erschienen: \u2192\u00a0Bitte nicht st\u00f6ren: Conrad Nu\u00dfbaum und das Schaf, das selten&hellip;<\/p>\n<\/div>\n\t\n<a href=\"https:\/\/www.nolana-schafe.de\/de-pages\/das-schaf-das-selten-bloekt\/\" class=\"post-details details-type-link\" aria-label=\"Read more about &#8222;&#8230;das Schaf, das selten bl\u00f6kt&#8220;\">Weiterlesen...<i class=\"dt-icon-the7-arrow-03\" aria-hidden=\"true\"><\/i><\/a>\n\n<\/div><\/article><article class=\"post project-odd visible no-img post-2051 type-post status-publish format-standard hentry category-allgemein category-1 description-off\" data-name=\"Programm Jahresversammlung Nolana-Netzwerk Deutschland e. V. steht\" data-date=\"2023-07-28T07:16:36+00:00\">\n\n<div class=\"post-entry-content\">\n\n\t<h3 class=\"entry-title\">\n\t\t<a href=\"https:\/\/www.nolana-schafe.de\/de-pages\/programm-jahresversammlung-nolana-netzwerk-deutschland-e-v-steht\/\" title=\"Programm Jahresversammlung Nolana-Netzwerk Deutschland e. V. steht\" rel=\"bookmark\">Programm Jahresversammlung Nolana-Netzwerk Deutschland e. V. steht<\/a>\n\t<\/h3>\n\n\t<div class=\"entry-meta\"><a href=\"https:\/\/www.nolana-schafe.de\/de-pages\/2023\/07\/28\/\" title=\"7:16\" class=\"data-link\" rel=\"bookmark\"><time class=\"entry-date updated\" datetime=\"2023-07-28T07:16:36+00:00\">28. Juli 2023<\/time><\/a><\/div>\n\t<div class=\"entry-excerpt\"><p>Nachfolgend findet ihr das Programm der diesj\u00e4hrigen Jahreshauptversammlung: Nolana_Mitgliederversammlung_2023 Eingeladen sind neben den Vereinsmitgliedern ausdr\u00fccklich auch alle haarschafinteressierten Schafhalter, Hobbysch\u00e4fer, Unterst\u00fctzer, etc. &#8230; und solche,&hellip;<\/p>\n<\/div>\n\t\n<a href=\"https:\/\/www.nolana-schafe.de\/de-pages\/programm-jahresversammlung-nolana-netzwerk-deutschland-e-v-steht\/\" class=\"post-details details-type-link\" aria-label=\"Read more about Programm Jahresversammlung Nolana-Netzwerk Deutschland e. V. steht\">Weiterlesen...<i class=\"dt-icon-the7-arrow-03\" aria-hidden=\"true\"><\/i><\/a>\n\n<\/div><\/article><article class=\"post project-odd visible no-img post-2049 type-post status-publish format-standard hentry category-allgemein category-1 description-off\" data-name=\"Katalog f\u00fcr die Schaftage Haus D\u00fcsse steht bereit\" data-date=\"2023-07-28T07:12:37+00:00\">\n\n<div class=\"post-entry-content\">\n\n\t<h3 class=\"entry-title\">\n\t\t<a href=\"https:\/\/www.nolana-schafe.de\/de-pages\/katalog-fuer-die-schaftage-haus-duesse-steht-bereit\/\" title=\"Katalog f\u00fcr die Schaftage Haus D\u00fcsse steht bereit\" rel=\"bookmark\">Katalog f\u00fcr die Schaftage Haus D\u00fcsse steht bereit<\/a>\n\t<\/h3>\n\n\t<div class=\"entry-meta\"><a href=\"https:\/\/www.nolana-schafe.de\/de-pages\/2023\/07\/28\/\" title=\"7:12\" class=\"data-link\" rel=\"bookmark\"><time class=\"entry-date updated\" datetime=\"2023-07-28T07:12:37+00:00\">28. Juli 2023<\/time><\/a><\/div>\n\t<div class=\"entry-excerpt\"><p>Die Kataloge f\u00fcr die Schaftage auf Haus D\u00fcsse stehen bereit. Tag 1 (u. a. auch Dorperschafe) \u2192\u00a0Tag 1 Tag 2 (bundesoffen f\u00fcr Nolana und BHS)&hellip;<\/p>\n<\/div>\n\t\n<a href=\"https:\/\/www.nolana-schafe.de\/de-pages\/katalog-fuer-die-schaftage-haus-duesse-steht-bereit\/\" class=\"post-details details-type-link\" aria-label=\"Read more about Katalog f\u00fcr die Schaftage Haus D\u00fcsse steht bereit\">Weiterlesen...<i class=\"dt-icon-the7-arrow-03\" aria-hidden=\"true\"><\/i><\/a>\n\n<\/div><\/article><article class=\"post project-odd visible no-img post-2044 type-post status-publish format-standard hentry category-allgemein category-1 description-off\" data-name=\"Schaftage auf Haus D\u00fcsse am 12.\/13. August 2023 &#8211; f\u00fcr Nolana und Braunes Haarschaf bundesoffen\" data-date=\"2023-03-14T15:31:05+00:00\">\n\n<div class=\"post-entry-content\">\n\n\t<h3 class=\"entry-title\">\n\t\t<a href=\"https:\/\/www.nolana-schafe.de\/de-pages\/schaftage-auf-haus-duesse-am-12-13-august-2023-fuer-nolana-und-braunes-haarschaf-bundesoffen\/\" title=\"Schaftage auf Haus D\u00fcsse am 12.\/13. August 2023 &#8211; f\u00fcr Nolana und Braunes Haarschaf bundesoffen\" rel=\"bookmark\">Schaftage auf Haus D\u00fcsse am 12.\/13. August 2023 &#8211; f\u00fcr Nolana und Braunes Haarschaf bundesoffen<\/a>\n\t<\/h3>\n\n\t<div class=\"entry-meta\"><a href=\"https:\/\/www.nolana-schafe.de\/de-pages\/2023\/03\/14\/\" title=\"15:31\" class=\"data-link\" rel=\"bookmark\"><time class=\"entry-date updated\" datetime=\"2023-03-14T15:31:05+00:00\">14. M\u00e4rz 2023<\/time><\/a><\/div>\n\t<div class=\"entry-excerpt\"><p>Am Samstag, 12.08. und Sonntag 13.08.2023 finden die diesj\u00e4hrigen Schaftage auf Haus D\u00fcsse in Bad Sassendorf-Ostinghausen statt. In Kooperation mit dem Schafzuchtverband\/Schafz\u00fcchtervereinigung NRW freuen wir&hellip;<\/p>\n<\/div>\n\t\n<a href=\"https:\/\/www.nolana-schafe.de\/de-pages\/schaftage-auf-haus-duesse-am-12-13-august-2023-fuer-nolana-und-braunes-haarschaf-bundesoffen\/\" class=\"post-details details-type-link\" aria-label=\"Read more about Schaftage auf Haus D\u00fcsse am 12.\/13. August 2023 &#8211; f\u00fcr Nolana und Braunes Haarschaf bundesoffen\">Weiterlesen...<i class=\"dt-icon-the7-arrow-03\" aria-hidden=\"true\"><\/i><\/a>\n\n<\/div><\/article><article class=\"post project-odd visible no-img post-2040 type-post status-publish format-standard hentry category-allgemein category-1 description-off\" data-name=\"Bundesoffene Schau f\u00fcr Maedi-unverd\u00e4chtige Schafe am 02.09.2023 in Pohlheim-Holzheim\" data-date=\"2023-03-14T15:17:29+00:00\">\n\n<div class=\"post-entry-content\">\n\n\t<h3 class=\"entry-title\">\n\t\t<a href=\"https:\/\/www.nolana-schafe.de\/de-pages\/bundesoffene-schau-fuer-maedi-unverdaechtige-schafe-am-02-09-2023-in-pohlheim-holzheim\/\" title=\"Bundesoffene Schau f\u00fcr Maedi-unverd\u00e4chtige Schafe am 02.09.2023 in Pohlheim-Holzheim\" rel=\"bookmark\">Bundesoffene Schau f\u00fcr Maedi-unverd\u00e4chtige Schafe am 02.09.2023 in Pohlheim-Holzheim<\/a>\n\t<\/h3>\n\n\t<div class=\"entry-meta\"><a href=\"https:\/\/www.nolana-schafe.de\/de-pages\/2023\/03\/14\/\" title=\"15:17\" class=\"data-link\" rel=\"bookmark\"><time class=\"entry-date updated\" datetime=\"2023-03-14T15:17:29+00:00\">14. M\u00e4rz 2023<\/time><\/a><\/div>\n\t<div class=\"entry-excerpt\"><p>Mit Klick auf \u2192\u00a0Schafschau 2.9.23 findet ihr eine Einladung zur bundesoffenen Schafschau f\u00fcr maedi-unverd\u00e4chtige Schafe am 02.09.2023 in Polheim-Holzheim. &nbsp; Erg\u00e4nzend zur Einladung erfolgte noch&hellip;<\/p>\n<\/div>\n\t\n<a href=\"https:\/\/www.nolana-schafe.de\/de-pages\/bundesoffene-schau-fuer-maedi-unverdaechtige-schafe-am-02-09-2023-in-pohlheim-holzheim\/\" class=\"post-details details-type-link\" aria-label=\"Read more about Bundesoffene Schau f\u00fcr Maedi-unverd\u00e4chtige Schafe am 02.09.2023 in Pohlheim-Holzheim\">Weiterlesen...<i class=\"dt-icon-the7-arrow-03\" aria-hidden=\"true\"><\/i><\/a>\n\n<\/div><\/article><article class=\"post project-odd visible no-img post-2011 type-post status-publish format-standard hentry category-allgemein category-1 description-off\" data-name=\"Farbliche Kennzeichnung von L\u00e4mmern nach Jahrgang (Deck-\/Lammzeit 2022\/23 = hellgr\u00fcn)\" data-date=\"2023-02-28T11:12:12+00:00\">\n\n<div class=\"post-entry-content\">\n\n\t<h3 class=\"entry-title\">\n\t\t<a href=\"https:\/\/www.nolana-schafe.de\/de-pages\/farbliche-kennzeichnung-von-laemmern-nach-jahrgang-deck-lammzeit-2022-23-hellgruen\/\" title=\"Farbliche Kennzeichnung von L\u00e4mmern nach Jahrgang (Deck-\/Lammzeit 2022\/23 = hellgr\u00fcn)\" rel=\"bookmark\">Farbliche Kennzeichnung von L\u00e4mmern nach Jahrgang (Deck-\/Lammzeit 2022\/23 = hellgr\u00fcn)<\/a>\n\t<\/h3>\n\n\t<div class=\"entry-meta\"><a href=\"https:\/\/www.nolana-schafe.de\/de-pages\/2023\/02\/28\/\" title=\"11:12\" class=\"data-link\" rel=\"bookmark\"><time class=\"entry-date updated\" datetime=\"2023-02-28T11:12:12+00:00\">28. Februar 2023<\/time><\/a><\/div>\n\t<div class=\"entry-excerpt\"><p>Wie bereits im letzten L\u00e4mmerjahrgang mit der Farbe schwarz begonnen , w\u00e4re es auch in der kommenden Lammzeit wieder sch\u00f6n, wenn viele Z\u00fcchter des Nolana&hellip;<\/p>\n<\/div>\n\t\n<a href=\"https:\/\/www.nolana-schafe.de\/de-pages\/farbliche-kennzeichnung-von-laemmern-nach-jahrgang-deck-lammzeit-2022-23-hellgruen\/\" class=\"post-details details-type-link\" aria-label=\"Read more about Farbliche Kennzeichnung von L\u00e4mmern nach Jahrgang (Deck-\/Lammzeit 2022\/23 = hellgr\u00fcn)\">Weiterlesen...<i class=\"dt-icon-the7-arrow-03\" aria-hidden=\"true\"><\/i><\/a>\n\n<\/div><\/article><article class=\"post project-odd visible no-img post-2023 type-post status-publish format-standard hentry category-allgemein category-1 description-off\" data-name=\"Frohe Weihnachten und einen guten Rutsch!\" data-date=\"2022-12-23T19:09:26+00:00\">\n\n<div class=\"post-entry-content\">\n\n\t<h3 class=\"entry-title\">\n\t\t<a href=\"https:\/\/www.nolana-schafe.de\/de-pages\/frohe-weihnachten-und-einen-guten-rutsch\/\" title=\"Frohe Weihnachten und einen guten Rutsch!\" rel=\"bookmark\">Frohe Weihnachten und einen guten Rutsch!<\/a>\n\t<\/h3>\n\n\t<div class=\"entry-meta\"><a href=\"https:\/\/www.nolana-schafe.de\/de-pages\/2022\/12\/23\/\" title=\"19:09\" class=\"data-link\" rel=\"bookmark\"><time class=\"entry-date updated\" datetime=\"2022-12-23T19:09:26+00:00\">23. Dezember 2022<\/time><\/a><\/div>\n\t<div class=\"entry-excerpt\"><p>Der Vorstand des Nolana-Netzwerks Deutschland e. V. w\u00fcnscht allen Mitgliedern und Interessierten der Haarschafzucht mit ihren Familien, Freunden und Bekannten ein geruhsames und sch\u00f6nes Weihnachtsfest,&hellip;<\/p>\n<\/div>\n\t\n<a href=\"https:\/\/www.nolana-schafe.de\/de-pages\/frohe-weihnachten-und-einen-guten-rutsch\/\" class=\"post-details details-type-link\" aria-label=\"Read more about Frohe Weihnachten und einen guten Rutsch!\">Weiterlesen...<i class=\"dt-icon-the7-arrow-03\" aria-hidden=\"true\"><\/i><\/a>\n\n<\/div><\/article><article class=\"post project-odd visible no-img post-2004 type-post status-publish format-standard hentry category-allgemein category-1 description-off\" data-name=\"Bundesschau 2022 &#8211; Rassegruppe 2: &#8222;Das Richten war eine gro\u00dfe Freude&#8220;\" data-date=\"2022-12-10T09:46:01+00:00\">\n\n<div class=\"post-entry-content\">\n\n\t<h3 class=\"entry-title\">\n\t\t<a href=\"https:\/\/www.nolana-schafe.de\/de-pages\/bundesschau-2022-rassegruppe-2-das-richten-war-eine-grosse-freude\/\" title=\"Bundesschau 2022 &#8211; Rassegruppe 2: &#8222;Das Richten war eine gro\u00dfe Freude&#8220;\" rel=\"bookmark\">Bundesschau 2022 &#8211; Rassegruppe 2: &#8222;Das Richten war eine gro\u00dfe Freude&#8220;<\/a>\n\t<\/h3>\n\n\t<div class=\"entry-meta\"><a href=\"https:\/\/www.nolana-schafe.de\/de-pages\/2022\/12\/10\/\" title=\"9:46\" class=\"data-link\" rel=\"bookmark\"><time class=\"entry-date updated\" datetime=\"2022-12-10T09:46:01+00:00\">10. Dezember 2022<\/time><\/a><\/div>\n\t<div class=\"entry-excerpt\"><p>Das Magazin &#8222;Schafzucht&#8220;, Ausgabe 23\/2022, hat ausgiebige Berichte zur Bundesschafschau 2022 in Alsfeld herausgegeben, unter anderem auch f\u00fcr die Rassegruppe 2, mit dem Titel &#8222;Das&hellip;<\/p>\n<\/div>\n\t\n<a href=\"https:\/\/www.nolana-schafe.de\/de-pages\/bundesschau-2022-rassegruppe-2-das-richten-war-eine-grosse-freude\/\" class=\"post-details details-type-link\" aria-label=\"Read more about Bundesschau 2022 &#8211; Rassegruppe 2: &#8222;Das Richten war eine gro\u00dfe Freude&#8220;\">Weiterlesen...<i class=\"dt-icon-the7-arrow-03\" aria-hidden=\"true\"><\/i><\/a>\n\n<\/div><\/article><article class=\"post project-odd visible no-img post-2007 type-post status-publish format-standard hentry category-allgemein category-1 description-off\" data-name=\"Terminblocker: Jahreshauptversammlung 2023 am 9. September 2023\" data-date=\"2022-12-09T09:47:12+00:00\">\n\n<div class=\"post-entry-content\">\n\n\t<h3 class=\"entry-title\">\n\t\t<a href=\"https:\/\/www.nolana-schafe.de\/de-pages\/terminblocker-jahreshauptversammlung-2023-am-9-september-2023\/\" title=\"Terminblocker: Jahreshauptversammlung 2023 am 9. September 2023\" rel=\"bookmark\">Terminblocker: Jahreshauptversammlung 2023 am 9. September 2023<\/a>\n\t<\/h3>\n\n\t<div class=\"entry-meta\"><a href=\"https:\/\/www.nolana-schafe.de\/de-pages\/2022\/12\/09\/\" title=\"9:47\" class=\"data-link\" rel=\"bookmark\"><time class=\"entry-date updated\" datetime=\"2022-12-09T09:47:12+00:00\">9. Dezember 2022<\/time><\/a><\/div>\n\t<div class=\"entry-excerpt\"><p>Die Jahreshauptversammlung 2023 ist terminiert und findet am Samstag, 9. September 2023 in Wettin-L\u00f6bejun in Sachsen-Anhalt statt. Wir bitten alle Vereinsmitglieder und Haarschafinteressierte den Termin&hellip;<\/p>\n<\/div>\n\t\n<a href=\"https:\/\/www.nolana-schafe.de\/de-pages\/terminblocker-jahreshauptversammlung-2023-am-9-september-2023\/\" class=\"post-details details-type-link\" aria-label=\"Read more about Terminblocker: Jahreshauptversammlung 2023 am 9. September 2023\">Weiterlesen...<i class=\"dt-icon-the7-arrow-03\" aria-hidden=\"true\"><\/i><\/a>\n\n<\/div><\/article><article class=\"post project-odd visible no-img post-2105 type-post status-publish format-standard hentry category-allgemein category-1 description-off\" data-name=\"Nolana-Schafe Informationsfilm\" data-date=\"2022-11-04T10:35:53+00:00\">\n\n<div class=\"post-entry-content\">\n\n\t<h3 class=\"entry-title\">\n\t\t<a href=\"https:\/\/www.nolana-schafe.de\/de-pages\/nolana-schafe-informationsfilm\/\" title=\"Nolana-Schafe Informationsfilm\" rel=\"bookmark\">Nolana-Schafe Informationsfilm<\/a>\n\t<\/h3>\n\n\t<div class=\"entry-meta\"><a href=\"https:\/\/www.nolana-schafe.de\/de-pages\/2022\/11\/04\/\" title=\"10:35\" class=\"data-link\" rel=\"bookmark\"><time class=\"entry-date updated\" datetime=\"2022-11-04T10:35:53+00:00\">4. November 2022<\/time><\/a><\/div>\n\t<div class=\"entry-excerpt\"><p>[vc_row][vc_column][vc_column_text] Nolana-Schafe Informationsfilm [\/vc_column_text][\/vc_column][\/vc_row][vc_row][vc_column][vc_column_text] [\/vc_column_text][\/vc_column][\/vc_row]<\/p>\n<\/div>\n\t\n<a href=\"https:\/\/www.nolana-schafe.de\/de-pages\/nolana-schafe-informationsfilm\/\" class=\"post-details details-type-link\" aria-label=\"Read more about Nolana-Schafe Informationsfilm\">Weiterlesen...<i class=\"dt-icon-the7-arrow-03\" aria-hidden=\"true\"><\/i><\/a>\n\n<\/div><\/article><article class=\"post project-odd visible no-img post-1978 type-post status-publish format-standard hentry category-allgemein category-1 description-off\" data-name=\"Ergebnisliste Bundesschafschau ab Bundessieger bis Champion\" data-date=\"2022-10-18T17:51:38+00:00\">\n\n<div class=\"post-entry-content\">\n\n\t<h3 class=\"entry-title\">\n\t\t<a href=\"https:\/\/www.nolana-schafe.de\/de-pages\/ergebnisliste-bundesschafschau-ab-bundessieger-bis-champion\/\" title=\"Ergebnisliste Bundesschafschau ab Bundessieger bis Champion\" rel=\"bookmark\">Ergebnisliste Bundesschafschau ab Bundessieger bis Champion<\/a>\n\t<\/h3>\n\n\t<div class=\"entry-meta\"><a href=\"https:\/\/www.nolana-schafe.de\/de-pages\/2022\/10\/18\/\" title=\"17:51\" class=\"data-link\" rel=\"bookmark\"><time class=\"entry-date updated\" datetime=\"2022-10-18T17:51:38+00:00\">18. Oktober 2022<\/time><\/a><\/div>\n\t<div class=\"entry-excerpt\"><p>Mit Klick auf \u2192\u00a0Ergebnisliste Bundesschafschau findet ihr die Ergebnisse, aufsteigend von den Bundessiegern bis hin zu den Champions.<\/p>\n<\/div>\n\t\n<a href=\"https:\/\/www.nolana-schafe.de\/de-pages\/ergebnisliste-bundesschafschau-ab-bundessieger-bis-champion\/\" class=\"post-details details-type-link\" aria-label=\"Read more about Ergebnisliste Bundesschafschau ab Bundessieger bis Champion\">Weiterlesen...<i class=\"dt-icon-the7-arrow-03\" aria-hidden=\"true\"><\/i><\/a>\n\n<\/div><\/article><article class=\"post project-odd visible post-1966 type-post status-publish format-standard has-post-thumbnail hentry category-allgemein category-1 description-off\" data-name=\"Bundesschau in Alsfeld ein voller Erfolg !!!\" data-date=\"2022-10-13T18:33:00+00:00\">\n\n<div class=\"post-thumbnail-wrap\">\n\t<div class=\"post-thumbnail\">\n\n\t\t\n\t\t\n\t\t<a href=\"https:\/\/www.nolana-schafe.de\/de-pages\/bundesschau-in-alsfeld-ein-voller-erfolg\/\" class=\"post-thumbnail-rollover layzr-bg layzr-bg\" ><img decoding=\"async\" class=\"blog-thumb-lazy-load preload-me lazy-load aspect\" src=\"data:image\/svg+xml,%3Csvg%20xmlns%3D&#39;http%3A%2F%2Fwww.w3.org%2F2000%2Fsvg&#39;%20viewBox%3D&#39;0%200%20768%20512&#39;%2F%3E\" data-src=\"https:\/\/www.nolana-schafe.de\/de-pages\/wp-content\/uploads\/Bild-gesamt-768x512.jpg\" data-srcset=\"https:\/\/www.nolana-schafe.de\/de-pages\/wp-content\/uploads\/Bild-gesamt-768x512.jpg 768w, https:\/\/www.nolana-schafe.de\/de-pages\/wp-content\/uploads\/Bild-gesamt-1306x870.jpg 1306w\" loading=\"eager\" style=\"--ratio: 768 \/ 512\" sizes=\"(max-width: 768px) 100vw, 768px\" alt=\"\" title=\"Bild gesamt\" width=\"768\" height=\"512\"  \/><\/a>\n\t<\/div>\n<\/div>\n\n\n<div class=\"post-entry-content\">\n\n\t<h3 class=\"entry-title\">\n\t\t<a href=\"https:\/\/www.nolana-schafe.de\/de-pages\/bundesschau-in-alsfeld-ein-voller-erfolg\/\" title=\"Bundesschau in Alsfeld ein voller Erfolg !!!\" rel=\"bookmark\">Bundesschau in Alsfeld ein voller Erfolg !!!<\/a>\n\t<\/h3>\n\n\t<div class=\"entry-meta\"><a href=\"https:\/\/www.nolana-schafe.de\/de-pages\/2022\/10\/13\/\" title=\"18:33\" class=\"data-link\" rel=\"bookmark\"><time class=\"entry-date updated\" datetime=\"2022-10-13T18:33:00+00:00\">13. Oktober 2022<\/time><\/a><\/div>\n\t<div class=\"entry-excerpt\"><p>Die diesj\u00e4hrige Bundesschau der Schafe vom 1. &#8211; 2. Oktober wurde zu einem gro\u00dfen Erfolg f\u00fcr das Nolana-Netzwerk Deutschland e. V. So pr\u00e4sentierten die Vereinsmitglieder&hellip;<\/p>\n<\/div>\n\t\n<a href=\"https:\/\/www.nolana-schafe.de\/de-pages\/bundesschau-in-alsfeld-ein-voller-erfolg\/\" class=\"post-details details-type-link\" aria-label=\"Read more about Bundesschau in Alsfeld ein voller Erfolg !!!\">Weiterlesen...<i class=\"dt-icon-the7-arrow-03\" aria-hidden=\"true\"><\/i><\/a>\n\n<\/div><\/article><article class=\"post project-odd visible no-img post-1948 type-post status-publish format-standard hentry category-allgemein category-1 description-off\" data-name=\"Fotogalerie Bundesschau Schafe in Alsfeld vom 1.-2. Oktober 2022\" data-date=\"2022-10-10T08:54:29+00:00\">\n\n<div class=\"post-entry-content\">\n\n\t<h3 class=\"entry-title\">\n\t\t<a href=\"https:\/\/www.nolana-schafe.de\/de-pages\/fotogalerie-bundesschau-haarschafe-in-alsfeld-vom-1-2-oktober-2022\/\" title=\"Fotogalerie Bundesschau Schafe in Alsfeld vom 1.-2. Oktober 2022\" rel=\"bookmark\">Fotogalerie Bundesschau Schafe in Alsfeld vom 1.-2. Oktober 2022<\/a>\n\t<\/h3>\n\n\t<div class=\"entry-meta\"><a href=\"https:\/\/www.nolana-schafe.de\/de-pages\/2022\/10\/10\/\" title=\"8:54\" class=\"data-link\" rel=\"bookmark\"><time class=\"entry-date updated\" datetime=\"2022-10-10T08:54:29+00:00\">10. Oktober 2022<\/time><\/a><\/div>\n\t<div class=\"entry-excerpt\"><p>Mit Klick auf \u2192 Fotos Bundesschau 2022 findet ihr die Fotos der sehr gut organisierten Bundesschafschau vom 01.-02. Oktober in Alsfeld. (Die Fotos stehen ein&hellip;<\/p>\n<\/div>\n\t\n<a href=\"https:\/\/www.nolana-schafe.de\/de-pages\/fotogalerie-bundesschau-haarschafe-in-alsfeld-vom-1-2-oktober-2022\/\" class=\"post-details details-type-link\" aria-label=\"Read more about Fotogalerie Bundesschau Schafe in Alsfeld vom 1.-2. Oktober 2022\">Weiterlesen...<i class=\"dt-icon-the7-arrow-03\" aria-hidden=\"true\"><\/i><\/a>\n\n<\/div><\/article><article class=\"post project-odd visible no-img post-1998 type-post status-publish format-standard hentry category-allgemein category-1 description-off\" data-name=\"Benedikt H\u00fcttemann wird 1. Vorsitzender\" data-date=\"2022-10-01T14:22:02+00:00\">\n\n<div class=\"post-entry-content\">\n\n\t<h3 class=\"entry-title\">\n\t\t<a href=\"https:\/\/www.nolana-schafe.de\/de-pages\/benedikt-huettemann-wird-1-vorsitzender\/\" title=\"Benedikt H\u00fcttemann wird 1. Vorsitzender\" rel=\"bookmark\">Benedikt H\u00fcttemann wird 1. Vorsitzender<\/a>\n\t<\/h3>\n\n\t<div class=\"entry-meta\"><a href=\"https:\/\/www.nolana-schafe.de\/de-pages\/2022\/10\/01\/\" title=\"14:22\" class=\"data-link\" rel=\"bookmark\"><time class=\"entry-date updated\" datetime=\"2022-10-01T14:22:02+00:00\">1. Oktober 2022<\/time><\/a><\/div>\n\t<div class=\"entry-excerpt\"><p>Auf der Tagesordnung der diesj\u00e4hrigen Hauptversammlung standen unter anderem Neuwahlen des Vorstands an. Rolf Minhorst, langj\u00e4hriger Vorsitzender und Mitgr\u00fcnder des Vereins, stand aus Altersgr\u00fcnden nicht&hellip;<\/p>\n<\/div>\n\t\n<a href=\"https:\/\/www.nolana-schafe.de\/de-pages\/benedikt-huettemann-wird-1-vorsitzender\/\" class=\"post-details details-type-link\" aria-label=\"Read more about Benedikt H\u00fcttemann wird 1. Vorsitzender\">Weiterlesen...<i class=\"dt-icon-the7-arrow-03\" aria-hidden=\"true\"><\/i><\/a>\n\n<\/div><\/article><article class=\"post project-odd visible no-img post-1945 type-post status-publish format-standard hentry category-allgemein category-1 description-off\" data-name=\"Kollektionen von Nolana, BHS und Dorper auf der Bundesschafschau in Alsfeld\" data-date=\"2022-09-21T18:57:26+00:00\">\n\n<div class=\"post-entry-content\">\n\n\t<h3 class=\"entry-title\">\n\t\t<a href=\"https:\/\/www.nolana-schafe.de\/de-pages\/kollektionen-von-nolana-bhs-und-dorper-auf-der-bundesschafschau-in-alsfeld\/\" title=\"Kollektionen von Nolana, BHS und Dorper auf der Bundesschafschau in Alsfeld\" rel=\"bookmark\">Kollektionen von Nolana, BHS und Dorper auf der Bundesschafschau in Alsfeld<\/a>\n\t<\/h3>\n\n\t<div class=\"entry-meta\"><a href=\"https:\/\/www.nolana-schafe.de\/de-pages\/2022\/09\/21\/\" title=\"18:57\" class=\"data-link\" rel=\"bookmark\"><time class=\"entry-date updated\" datetime=\"2022-09-21T18:57:26+00:00\">21. September 2022<\/time><\/a><\/div>\n\t<div class=\"entry-excerpt\"><p>Die Bundesschau der Schafe findet am Wochenende vom 30.09. \u2013 02.10.2022 in Alsfeld statt. Es werden dort auch Kollektionen von Nolana-Schafen, Braunen Haarschafen und Dorperschafen&hellip;<\/p>\n<\/div>\n\t\n<a href=\"https:\/\/www.nolana-schafe.de\/de-pages\/kollektionen-von-nolana-bhs-und-dorper-auf-der-bundesschafschau-in-alsfeld\/\" class=\"post-details details-type-link\" aria-label=\"Read more about Kollektionen von Nolana, BHS und Dorper auf der Bundesschafschau in Alsfeld\">Weiterlesen...<i class=\"dt-icon-the7-arrow-03\" aria-hidden=\"true\"><\/i><\/a>\n\n<\/div><\/article><article class=\"post project-odd visible no-img post-1934 type-post status-publish format-standard hentry category-allgemein category-1 description-off\" data-name=\"Einladung zur Jahreshauptversammlung am 30.09.2022 in Alsfeld\" data-date=\"2022-08-17T17:41:07+00:00\">\n\n<div class=\"post-entry-content\">\n\n\t<h3 class=\"entry-title\">\n\t\t<a href=\"https:\/\/www.nolana-schafe.de\/de-pages\/einladung-zur-jahreshauptversammlung-am-30-09-2022-in-alsfeld\/\" title=\"Einladung zur Jahreshauptversammlung am 30.09.2022 in Alsfeld\" rel=\"bookmark\">Einladung zur Jahreshauptversammlung am 30.09.2022 in Alsfeld<\/a>\n\t<\/h3>\n\n\t<div class=\"entry-meta\"><a href=\"https:\/\/www.nolana-schafe.de\/de-pages\/2022\/08\/17\/\" title=\"17:41\" class=\"data-link\" rel=\"bookmark\"><time class=\"entry-date updated\" datetime=\"2022-08-17T17:41:07+00:00\">17. August 2022<\/time><\/a><\/div>\n\t<div class=\"entry-excerpt\"><p>Liebe Mitglieder und Interessierte der Haarschafzucht, mit Klick auf \u2192\u00a0Einladung zur JHV 2022 findet ihr die Einladung zur diesj\u00e4hrigen Jahreshauptversammlung. Wie immer sind alle Mitglieder&hellip;<\/p>\n<\/div>\n\t\n<a href=\"https:\/\/www.nolana-schafe.de\/de-pages\/einladung-zur-jahreshauptversammlung-am-30-09-2022-in-alsfeld\/\" class=\"post-details details-type-link\" aria-label=\"Read more about Einladung zur Jahreshauptversammlung am 30.09.2022 in Alsfeld\">Weiterlesen...<i class=\"dt-icon-the7-arrow-03\" aria-hidden=\"true\"><\/i><\/a>\n\n<\/div><\/article><article class=\"post project-odd visible post-1924 type-post status-publish format-standard has-post-thumbnail hentry category-allgemein category-1 description-off\" data-name=\"Nolanas in den Niederlanden &#8211; ein aktueller Statusbericht\" data-date=\"2022-08-17T17:21:38+00:00\">\n\n<div class=\"post-thumbnail-wrap\">\n\t<div class=\"post-thumbnail\">\n\n\t\t\n\t\t\n\t\t<a href=\"https:\/\/www.nolana-schafe.de\/de-pages\/nolanas-in-den-niederlanden-ein-aktueller-statusbericht\/\" class=\"post-thumbnail-rollover layzr-bg layzr-bg\" ><img decoding=\"async\" class=\"blog-thumb-lazy-load preload-me lazy-load aspect\" src=\"data:image\/svg+xml,%3Csvg%20xmlns%3D&#39;http%3A%2F%2Fwww.w3.org%2F2000%2Fsvg&#39;%20viewBox%3D&#39;0%200%20640%20426&#39;%2F%3E\" data-src=\"https:\/\/www.nolana-schafe.de\/de-pages\/wp-content\/uploads\/HERKULES-640x426.png\" data-srcset=\"https:\/\/www.nolana-schafe.de\/de-pages\/wp-content\/uploads\/HERKULES-640x426.png 640w\" loading=\"eager\" style=\"--ratio: 640 \/ 426\" sizes=\"(max-width: 640px) 100vw, 640px\" alt=\"\" title=\"HERKULES\" width=\"640\" height=\"426\"  \/><\/a>\n\t<\/div>\n<\/div>\n\n\n<div class=\"post-entry-content\">\n\n\t<h3 class=\"entry-title\">\n\t\t<a href=\"https:\/\/www.nolana-schafe.de\/de-pages\/nolanas-in-den-niederlanden-ein-aktueller-statusbericht\/\" title=\"Nolanas in den Niederlanden &#8211; ein aktueller Statusbericht\" rel=\"bookmark\">Nolanas in den Niederlanden &#8211; ein aktueller Statusbericht<\/a>\n\t<\/h3>\n\n\t<div class=\"entry-meta\"><a href=\"https:\/\/www.nolana-schafe.de\/de-pages\/2022\/08\/17\/\" title=\"17:21\" class=\"data-link\" rel=\"bookmark\"><time class=\"entry-date updated\" datetime=\"2022-08-17T17:21:38+00:00\">17. August 2022<\/time><\/a><\/div>\n\t<div class=\"entry-excerpt\"><p>Das Bild oben zeigt v. l. Anton Bosgoed, Jan de Goede und Maurits Bosgoed und den Bock HERKULES (DE 0105 107 49195 aus deutscher Zuchtst\u00e4tte)&hellip;<\/p>\n<\/div>\n\t\n<a href=\"https:\/\/www.nolana-schafe.de\/de-pages\/nolanas-in-den-niederlanden-ein-aktueller-statusbericht\/\" class=\"post-details details-type-link\" aria-label=\"Read more about Nolanas in den Niederlanden &#8211; ein aktueller Statusbericht\">Weiterlesen...<i class=\"dt-icon-the7-arrow-03\" aria-hidden=\"true\"><\/i><\/a>\n\n<\/div><\/article><article class=\"post project-odd visible no-img post-1939 type-post status-publish format-standard hentry category-allgemein category-1 description-off\" data-name=\"Wolfs\u00fcbergriff auf Kinder in russischer Teilrepublik laut Internetportal wildundhund.de\" data-date=\"2022-08-15T17:47:39+00:00\">\n\n<div class=\"post-entry-content\">\n\n\t<h3 class=\"entry-title\">\n\t\t<a href=\"https:\/\/www.nolana-schafe.de\/de-pages\/wolfsuebergriff-auf-kinder-in-russischer-teilrepublik-laut-internetportal-wildundhund-de\/\" title=\"Wolfs\u00fcbergriff auf Kinder in russischer Teilrepublik laut Internetportal wildundhund.de\" rel=\"bookmark\">Wolfs\u00fcbergriff auf Kinder in russischer Teilrepublik laut Internetportal wildundhund.de<\/a>\n\t<\/h3>\n\n\t<div class=\"entry-meta\"><a href=\"https:\/\/www.nolana-schafe.de\/de-pages\/2022\/08\/15\/\" title=\"17:47\" class=\"data-link\" rel=\"bookmark\"><time class=\"entry-date updated\" datetime=\"2022-08-15T17:47:39+00:00\">15. August 2022<\/time><\/a><\/div>\n\t<div class=\"entry-excerpt\"><p>Laut der Internetseite WildundHund.de kam es am 28.07.2022 zu einem schrecklichen \u00dcbergriff auf 3 spielende Kinder. Den Artikel k\u00f6nnt ihr mit Klick auf \u2192 Wolf&hellip;<\/p>\n<\/div>\n\t\n<a href=\"https:\/\/www.nolana-schafe.de\/de-pages\/wolfsuebergriff-auf-kinder-in-russischer-teilrepublik-laut-internetportal-wildundhund-de\/\" class=\"post-details details-type-link\" aria-label=\"Read more about Wolfs\u00fcbergriff auf Kinder in russischer Teilrepublik laut Internetportal wildundhund.de\">Weiterlesen...<i class=\"dt-icon-the7-arrow-03\" aria-hidden=\"true\"><\/i><\/a>\n\n<\/div><\/article><article class=\"post project-odd visible no-img post-1919 type-post status-publish format-standard hentry category-allgemein category-1 description-off\" data-name=\"Vorank\u00fcndigung Jahresversammlung des Nolana-Netzwerks Deutschland e. V. am Freitag 30.09.2022\" data-date=\"2022-07-04T17:54:01+00:00\">\n\n<div class=\"post-entry-content\">\n\n\t<h3 class=\"entry-title\">\n\t\t<a href=\"https:\/\/www.nolana-schafe.de\/de-pages\/vorankuendigung-jahresversammlung-des-nolana-netzwerks-deutschland-e-v\/\" title=\"Vorank\u00fcndigung Jahresversammlung des Nolana-Netzwerks Deutschland e. V. am Freitag 30.09.2022\" rel=\"bookmark\">Vorank\u00fcndigung Jahresversammlung des Nolana-Netzwerks Deutschland e. V. am Freitag 30.09.2022<\/a>\n\t<\/h3>\n\n\t<div class=\"entry-meta\"><a href=\"https:\/\/www.nolana-schafe.de\/de-pages\/2022\/07\/04\/\" title=\"17:54\" class=\"data-link\" rel=\"bookmark\"><time class=\"entry-date updated\" datetime=\"2022-07-04T17:54:01+00:00\">4. Juli 2022<\/time><\/a><\/div>\n\t<div class=\"entry-excerpt\"><p>Die diesj\u00e4hrige Generalversammlung des Nolana-Netzwerks Deutschland e. V. wird f\u00fcr\u00a0 Freitag, 30.09.2022 im Hotel Zur Pfefferh\u00f6he in Alsfeld geplant. Start soll um 18:00 Uhr mit&hellip;<\/p>\n<\/div>\n\t\n<a href=\"https:\/\/www.nolana-schafe.de\/de-pages\/vorankuendigung-jahresversammlung-des-nolana-netzwerks-deutschland-e-v\/\" class=\"post-details details-type-link\" aria-label=\"Read more about Vorank\u00fcndigung Jahresversammlung des Nolana-Netzwerks Deutschland e. V. am Freitag 30.09.2022\">Weiterlesen...<i class=\"dt-icon-the7-arrow-03\" aria-hidden=\"true\"><\/i><\/a>\n\n<\/div><\/article><article class=\"post project-odd visible post-1881 type-post status-publish format-standard has-post-thumbnail hentry category-allgemein category-1 description-off\" data-name=\"Farbliche Kennzeichnung von L\u00e4mmern nach Jahrgang (2022 = schwarz)\" data-date=\"2022-01-29T11:40:20+00:00\">\n\n<div class=\"post-thumbnail-wrap\">\n\t<div class=\"post-thumbnail\">\n\n\t\t\n\t\t\n\t\t<a href=\"https:\/\/www.nolana-schafe.de\/de-pages\/farbliche-kennzeichnung-von-laemmern-nach-jahrgang-2022-schwarz\/\" class=\"post-thumbnail-rollover layzr-bg layzr-bg\" ><img decoding=\"async\" class=\"blog-thumb-lazy-load preload-me lazy-load aspect\" src=\"data:image\/svg+xml,%3Csvg%20xmlns%3D&#39;http%3A%2F%2Fwww.w3.org%2F2000%2Fsvg&#39;%20viewBox%3D&#39;0%200%20480%20320&#39;%2F%3E\" data-src=\"https:\/\/www.nolana-schafe.de\/de-pages\/wp-content\/uploads\/1-1-480x320.jpg\" data-srcset=\"https:\/\/www.nolana-schafe.de\/de-pages\/wp-content\/uploads\/1-1-480x320.jpg 480w, https:\/\/www.nolana-schafe.de\/de-pages\/wp-content\/uploads\/1-1-480x319.jpg 480w\" loading=\"eager\" style=\"--ratio: 480 \/ 320\" sizes=\"(max-width: 480px) 100vw, 480px\" alt=\"\" title=\"1\" width=\"480\" height=\"320\"  \/><\/a>\n\t<\/div>\n<\/div>\n\n\n<div class=\"post-entry-content\">\n\n\t<h3 class=\"entry-title\">\n\t\t<a href=\"https:\/\/www.nolana-schafe.de\/de-pages\/farbliche-kennzeichnung-von-laemmern-nach-jahrgang-2022-schwarz\/\" title=\"Farbliche Kennzeichnung von L\u00e4mmern nach Jahrgang (2022 = schwarz)\" rel=\"bookmark\">Farbliche Kennzeichnung von L\u00e4mmern nach Jahrgang (2022 = schwarz)<\/a>\n\t<\/h3>\n\n\t<div class=\"entry-meta\"><a href=\"https:\/\/www.nolana-schafe.de\/de-pages\/2022\/01\/29\/\" title=\"11:40\" class=\"data-link\" rel=\"bookmark\"><time class=\"entry-date updated\" datetime=\"2022-01-29T11:40:20+00:00\">29. Januar 2022<\/time><\/a><\/div>\n\t<div class=\"entry-excerpt\"><p>Das Nolana-Netzwerk Deutschland e. V. hat die Idee unseres langj\u00e4hrigen Mitglieds und Herbuchz\u00fcchters Ulf Helming aufgegriffen, die verschiedenen L\u00e4mmerjahrg\u00e4nge mit farblichen Selektionsscheiben unter der Ohrmarke&hellip;<\/p>\n<\/div>\n\t\n<a href=\"https:\/\/www.nolana-schafe.de\/de-pages\/farbliche-kennzeichnung-von-laemmern-nach-jahrgang-2022-schwarz\/\" class=\"post-details details-type-link\" aria-label=\"Read more about Farbliche Kennzeichnung von L\u00e4mmern nach Jahrgang (2022 = schwarz)\">Weiterlesen...<i class=\"dt-icon-the7-arrow-03\" aria-hidden=\"true\"><\/i><\/a>\n\n<\/div><\/article><article class=\"post project-odd visible no-img post-1877 type-post status-publish format-standard hentry category-allgemein category-1 description-off\" data-name=\"Pressebeitrag &#8222;Die Deutschen Bauern&#8220; auf Instagram zum Braunen Haarschaf\" data-date=\"2022-01-24T06:29:49+00:00\">\n\n<div class=\"post-entry-content\">\n\n\t<h3 class=\"entry-title\">\n\t\t<a href=\"https:\/\/www.nolana-schafe.de\/de-pages\/pressebeitrag-die-deutschen-bauern-auf-instagram-zum-braunen-haarschaf\/\" title=\"Pressebeitrag &#8222;Die Deutschen Bauern&#8220; auf Instagram zum Braunen Haarschaf\" rel=\"bookmark\">Pressebeitrag &#8222;Die Deutschen Bauern&#8220; auf Instagram zum Braunen Haarschaf<\/a>\n\t<\/h3>\n\n\t<div class=\"entry-meta\"><a href=\"https:\/\/www.nolana-schafe.de\/de-pages\/2022\/01\/24\/\" title=\"6:29\" class=\"data-link\" rel=\"bookmark\"><time class=\"entry-date updated\" datetime=\"2022-01-24T06:29:49+00:00\">24. Januar 2022<\/time><\/a><\/div>\n\t<div class=\"entry-excerpt\"><p>Mit Klick auf \u2192\u00a0Artikel findet ihr einen Beitrag von unserem Vereinsmitglied und Herdbuchz\u00fcchter Ansgar Sommer bzw. seiner Partnerin Laura \u00fcber die Zucht von Braunen Haarschafen&hellip;<\/p>\n<\/div>\n\t\n<a href=\"https:\/\/www.nolana-schafe.de\/de-pages\/pressebeitrag-die-deutschen-bauern-auf-instagram-zum-braunen-haarschaf\/\" class=\"post-details details-type-link\" aria-label=\"Read more about Pressebeitrag &#8222;Die Deutschen Bauern&#8220; auf Instagram zum Braunen Haarschaf\">Weiterlesen...<i class=\"dt-icon-the7-arrow-03\" aria-hidden=\"true\"><\/i><\/a>\n\n<\/div><\/article><article class=\"post project-odd visible no-img post-1872 type-post status-publish format-standard hentry category-allgemein category-1 description-off\" data-name=\"Online-Schulungen zum Thema &#8222;Herdenschutz&#8220; und Webinar-Reihe &#8222;Mit den Schafen durchs Jahr&#8220;\" data-date=\"2021-12-07T17:25:29+00:00\">\n\n<div class=\"post-entry-content\">\n\n\t<h3 class=\"entry-title\">\n\t\t<a href=\"https:\/\/www.nolana-schafe.de\/de-pages\/online-schulungen-zum-thema-herdenschutz-und-webinar-reihe-mit-den-schafen-durchs-jahr\/\" title=\"Online-Schulungen zum Thema &#8222;Herdenschutz&#8220; und Webinar-Reihe &#8222;Mit den Schafen durchs Jahr&#8220;\" rel=\"bookmark\">Online-Schulungen zum Thema &#8222;Herdenschutz&#8220; und Webinar-Reihe &#8222;Mit den Schafen durchs Jahr&#8220;<\/a>\n\t<\/h3>\n\n\t<div class=\"entry-meta\"><a href=\"https:\/\/www.nolana-schafe.de\/de-pages\/2021\/12\/07\/\" title=\"17:25\" class=\"data-link\" rel=\"bookmark\"><time class=\"entry-date updated\" datetime=\"2021-12-07T17:25:29+00:00\">7. Dezember 2021<\/time><\/a><\/div>\n\t<div class=\"entry-excerpt\"><p>Der Deutsche Verband f\u00fcr Landschaftspflege (DVL) bietet Online-Schulungen zum Thema Herdenschutz an. Informationen zum Inhalt und zur Teilnahme findet ihr mit Klick auf \u2192 Herdenschutz&hellip;<\/p>\n<\/div>\n\t\n<a href=\"https:\/\/www.nolana-schafe.de\/de-pages\/online-schulungen-zum-thema-herdenschutz-und-webinar-reihe-mit-den-schafen-durchs-jahr\/\" class=\"post-details details-type-link\" aria-label=\"Read more about Online-Schulungen zum Thema &#8222;Herdenschutz&#8220; und Webinar-Reihe &#8222;Mit den Schafen durchs Jahr&#8220;\">Weiterlesen...<i class=\"dt-icon-the7-arrow-03\" aria-hidden=\"true\"><\/i><\/a>\n\n<\/div><\/article><article class=\"post project-odd visible no-img post-1869 type-post status-publish format-standard hentry category-allgemein category-1 description-off\" data-name=\"Das Tierwohl-Kompetenzzentrum Schaf nimmt seine Arbeit auf &#8211; bundesweit Betriebe gesucht\" data-date=\"2021-11-03T18:37:57+00:00\">\n\n<div class=\"post-entry-content\">\n\n\t<h3 class=\"entry-title\">\n\t\t<a href=\"https:\/\/www.nolana-schafe.de\/de-pages\/das-tierwohl-kompetenzzentrum-schaf-nimmt-seine-arbeit-auf-bundesweit-betriebe-gesucht\/\" title=\"Das Tierwohl-Kompetenzzentrum Schaf nimmt seine Arbeit auf &#8211; bundesweit Betriebe gesucht\" rel=\"bookmark\">Das Tierwohl-Kompetenzzentrum Schaf nimmt seine Arbeit auf &#8211; bundesweit Betriebe gesucht<\/a>\n\t<\/h3>\n\n\t<div class=\"entry-meta\"><a href=\"https:\/\/www.nolana-schafe.de\/de-pages\/2021\/11\/03\/\" title=\"18:37\" class=\"data-link\" rel=\"bookmark\"><time class=\"entry-date updated\" datetime=\"2021-11-03T18:37:57+00:00\">3. November 2021<\/time><\/a><\/div>\n\t<div class=\"entry-excerpt\"><p>Nachfolgend ein weiterer Hinweis \/ Aufruf des SZV NRW: 22. Oktober 2021 Zuletzt aktualisiert am 01. November 2021 Geschrieben von\u00a0Stabsstelle Presse und \u00d6ffentlichkeitsarbeit &#8222;Das Tierwohl-Kompetenzzentrum&hellip;<\/p>\n<\/div>\n\t\n<a href=\"https:\/\/www.nolana-schafe.de\/de-pages\/das-tierwohl-kompetenzzentrum-schaf-nimmt-seine-arbeit-auf-bundesweit-betriebe-gesucht\/\" class=\"post-details details-type-link\" aria-label=\"Read more about Das Tierwohl-Kompetenzzentrum Schaf nimmt seine Arbeit auf &#8211; bundesweit Betriebe gesucht\">Weiterlesen...<i class=\"dt-icon-the7-arrow-03\" aria-hidden=\"true\"><\/i><\/a>\n\n<\/div><\/article><article class=\"post project-odd visible no-img post-1867 type-post status-publish format-standard hentry category-allgemein category-1 description-off\" data-name=\"2023 &#8211; bundesweite Jungz\u00fcchtermeisterschaft: Jungz\u00fcchter gesucht\" data-date=\"2021-11-03T18:30:33+00:00\">\n\n<div class=\"post-entry-content\">\n\n\t<h3 class=\"entry-title\">\n\t\t<a href=\"https:\/\/www.nolana-schafe.de\/de-pages\/2023-bundesweite-jungzuechtermeisterschaft-jungzuechter-gesucht\/\" title=\"2023 &#8211; bundesweite Jungz\u00fcchtermeisterschaft: Jungz\u00fcchter gesucht\" rel=\"bookmark\">2023 &#8211; bundesweite Jungz\u00fcchtermeisterschaft: Jungz\u00fcchter gesucht<\/a>\n\t<\/h3>\n\n\t<div class=\"entry-meta\"><a href=\"https:\/\/www.nolana-schafe.de\/de-pages\/2021\/11\/03\/\" title=\"18:30\" class=\"data-link\" rel=\"bookmark\"><time class=\"entry-date updated\" datetime=\"2021-11-03T18:30:33+00:00\">3. November 2021<\/time><\/a><\/div>\n\t<div class=\"entry-excerpt\"><p>Mit diesem Hinweis m\u00f6chten wir den Aufruf des Schafzuchtverbandes NRW unterst\u00fctzen, Jungz\u00fcchter f\u00fcr die anstehende, bundesweite Jungz\u00fcchtermeisterschaft zu finden und zu mobilisieren. Traut euch, es&hellip;<\/p>\n<\/div>\n\t\n<a href=\"https:\/\/www.nolana-schafe.de\/de-pages\/2023-bundesweite-jungzuechtermeisterschaft-jungzuechter-gesucht\/\" class=\"post-details details-type-link\" aria-label=\"Read more about 2023 &#8211; bundesweite Jungz\u00fcchtermeisterschaft: Jungz\u00fcchter gesucht\">Weiterlesen...<i class=\"dt-icon-the7-arrow-03\" aria-hidden=\"true\"><\/i><\/a>\n\n<\/div><\/article><article class=\"post project-odd visible no-img post-1863 type-post status-publish format-standard hentry category-allgemein category-1 description-off\" data-name=\"3G-Regeln &#8211; Jahresversammlung am Sa, 18.09.2021\" data-date=\"2021-09-16T09:52:54+00:00\">\n\n<div class=\"post-entry-content\">\n\n\t<h3 class=\"entry-title\">\n\t\t<a href=\"https:\/\/www.nolana-schafe.de\/de-pages\/3g-regeln-jahresversammlung-am-sa-18-09-2021\/\" title=\"3G-Regeln &#8211; Jahresversammlung am Sa, 18.09.2021\" rel=\"bookmark\">3G-Regeln &#8211; Jahresversammlung am Sa, 18.09.2021<\/a>\n\t<\/h3>\n\n\t<div class=\"entry-meta\"><a href=\"https:\/\/www.nolana-schafe.de\/de-pages\/2021\/09\/16\/\" title=\"9:52\" class=\"data-link\" rel=\"bookmark\"><time class=\"entry-date updated\" datetime=\"2021-09-16T09:52:54+00:00\">16. September 2021<\/time><\/a><\/div>\n\t<div class=\"entry-excerpt\"><p>Zur diesj\u00e4hrigen Jahreshauptversammlung des Nolana-Netzwerks Deutschland e. V. gelten die 3G-Regeln. Es muss also zwingend der Nachweis von entweder genesen geimpft oder getestet vorgelegt werden.&hellip;<\/p>\n<\/div>\n\t\n<a href=\"https:\/\/www.nolana-schafe.de\/de-pages\/3g-regeln-jahresversammlung-am-sa-18-09-2021\/\" class=\"post-details details-type-link\" aria-label=\"Read more about 3G-Regeln &#8211; Jahresversammlung am Sa, 18.09.2021\">Weiterlesen...<i class=\"dt-icon-the7-arrow-03\" aria-hidden=\"true\"><\/i><\/a>\n\n<\/div><\/article><article class=\"post project-odd visible no-img post-1860 type-post status-publish format-standard hentry category-allgemein category-1 description-off\" data-name=\"Einladung Nolana-Jahresversammlung am Samstag, 18.09.2021 in Verl\" data-date=\"2021-08-26T15:48:43+00:00\">\n\n<div class=\"post-entry-content\">\n\n\t<h3 class=\"entry-title\">\n\t\t<a href=\"https:\/\/www.nolana-schafe.de\/de-pages\/einladung-nolana-jahresversammlung-am-samstag-18-09-2021-in-verl\/\" title=\"Einladung Nolana-Jahresversammlung am Samstag, 18.09.2021 in Verl\" rel=\"bookmark\">Einladung Nolana-Jahresversammlung am Samstag, 18.09.2021 in Verl<\/a>\n\t<\/h3>\n\n\t<div class=\"entry-meta\"><a href=\"https:\/\/www.nolana-schafe.de\/de-pages\/2021\/08\/26\/\" title=\"15:48\" class=\"data-link\" rel=\"bookmark\"><time class=\"entry-date updated\" datetime=\"2021-08-26T15:48:43+00:00\">26. August 2021<\/time><\/a><\/div>\n\t<div class=\"entry-excerpt\"><p>Im Anhang findet ihr die aktuelle Einladung f\u00fcr die diesj\u00e4hrige Jahreshauptversammlung des Nolana-Netzwerks Deutschland e. V. Neben den Vereinsmitgliedern sind selbstverst\u00e4ndlich auch wieder alle Interessierte&hellip;<\/p>\n<\/div>\n\t\n<a href=\"https:\/\/www.nolana-schafe.de\/de-pages\/einladung-nolana-jahresversammlung-am-samstag-18-09-2021-in-verl\/\" class=\"post-details details-type-link\" aria-label=\"Read more about Einladung Nolana-Jahresversammlung am Samstag, 18.09.2021 in Verl\">Weiterlesen...<i class=\"dt-icon-the7-arrow-03\" aria-hidden=\"true\"><\/i><\/a>\n\n<\/div><\/article><article class=\"post project-odd visible no-img post-1856 type-post status-publish format-standard hentry category-allgemein category-1 description-off\" data-name=\"Golf- und Landclub Bad Salzuflen 1956 e. V. &#8211; 1. Nolana-Cup am 12.09.2021\" data-date=\"2021-08-26T15:40:45+00:00\">\n\n<div class=\"post-entry-content\">\n\n\t<h3 class=\"entry-title\">\n\t\t<a href=\"https:\/\/www.nolana-schafe.de\/de-pages\/golf-und-landclub-bad-salzuflen-1956-e-v-1-nolana-cup-am-12-09-2021\/\" title=\"Golf- und Landclub Bad Salzuflen 1956 e. V. &#8211; 1. Nolana-Cup am 12.09.2021\" rel=\"bookmark\">Golf- und Landclub Bad Salzuflen 1956 e. V. &#8211; 1. Nolana-Cup am 12.09.2021<\/a>\n\t<\/h3>\n\n\t<div class=\"entry-meta\"><a href=\"https:\/\/www.nolana-schafe.de\/de-pages\/2021\/08\/26\/\" title=\"15:40\" class=\"data-link\" rel=\"bookmark\"><time class=\"entry-date updated\" datetime=\"2021-08-26T15:40:45+00:00\">26. August 2021<\/time><\/a><\/div>\n\t<div class=\"entry-excerpt\"><p>Der Golf- und Landclub Bad Salzuflen 1956 e. V. richtet am Sonntag, den 12.09.2021 seinen 1. Nolana-Cup aus. Mit den Start- und Spendengeldern m\u00f6chte der&hellip;<\/p>\n<\/div>\n\t\n<a href=\"https:\/\/www.nolana-schafe.de\/de-pages\/golf-und-landclub-bad-salzuflen-1956-e-v-1-nolana-cup-am-12-09-2021\/\" class=\"post-details details-type-link\" aria-label=\"Read more about Golf- und Landclub Bad Salzuflen 1956 e. V. &#8211; 1. Nolana-Cup am 12.09.2021\">Weiterlesen...<i class=\"dt-icon-the7-arrow-03\" aria-hidden=\"true\"><\/i><\/a>\n\n<\/div><\/article><article class=\"post project-odd visible no-img post-1850 type-post status-publish format-standard hentry category-allgemein category-1 description-off\" data-name=\"Vorank\u00fcndigung: Nolana-Jahreshauptversammlung am 18.09.2021 in Verl\" data-date=\"2021-06-30T11:38:22+00:00\">\n\n<div class=\"post-entry-content\">\n\n\t<h3 class=\"entry-title\">\n\t\t<a href=\"https:\/\/www.nolana-schafe.de\/de-pages\/vorankuendigung-nolana-jahreshauptversammlung-am-18-09-2021-in-verl\/\" title=\"Vorank\u00fcndigung: Nolana-Jahreshauptversammlung am 18.09.2021 in Verl\" rel=\"bookmark\">Vorank\u00fcndigung: Nolana-Jahreshauptversammlung am 18.09.2021 in Verl<\/a>\n\t<\/h3>\n\n\t<div class=\"entry-meta\"><a href=\"https:\/\/www.nolana-schafe.de\/de-pages\/2021\/06\/30\/\" title=\"11:38\" class=\"data-link\" rel=\"bookmark\"><time class=\"entry-date updated\" datetime=\"2021-06-30T11:38:22+00:00\">30. Juni 2021<\/time><\/a><\/div>\n\t<div class=\"entry-excerpt\"><p>Leider musste im letzten Jahr die Jahreshauptversammlung ausfallen. In diesem Jahr soll es aber wieder eine Jahreshauptversammlung geben. Geplant ist eine Eintagesveranstaltung am Samstag, den&hellip;<\/p>\n<\/div>\n\t\n<a href=\"https:\/\/www.nolana-schafe.de\/de-pages\/vorankuendigung-nolana-jahreshauptversammlung-am-18-09-2021-in-verl\/\" class=\"post-details details-type-link\" aria-label=\"Read more about Vorank\u00fcndigung: Nolana-Jahreshauptversammlung am 18.09.2021 in Verl\">Weiterlesen...<i class=\"dt-icon-the7-arrow-03\" aria-hidden=\"true\"><\/i><\/a>\n\n<\/div><\/article><article class=\"post project-odd visible no-img post-1845 type-post status-publish format-standard hentry category-allgemein category-1 description-off\" data-name=\"Braune Haarschafe im BR-Fernsehen, Sendereihe &#8222;Unser Land&#8220;\" data-date=\"2021-06-22T14:01:11+00:00\">\n\n<div class=\"post-entry-content\">\n\n\t<h3 class=\"entry-title\">\n\t\t<a href=\"https:\/\/www.nolana-schafe.de\/de-pages\/braune-haarschafe-im-br-fernsehen-sendereihe-unser-land\/\" title=\"Braune Haarschafe im BR-Fernsehen, Sendereihe &#8222;Unser Land&#8220;\" rel=\"bookmark\">Braune Haarschafe im BR-Fernsehen, Sendereihe &#8222;Unser Land&#8220;<\/a>\n\t<\/h3>\n\n\t<div class=\"entry-meta\"><a href=\"https:\/\/www.nolana-schafe.de\/de-pages\/2021\/06\/22\/\" title=\"14:01\" class=\"data-link\" rel=\"bookmark\"><time class=\"entry-date updated\" datetime=\"2021-06-22T14:01:11+00:00\">22. Juni 2021<\/time><\/a><\/div>\n\t<div class=\"entry-excerpt\"><p>Am Freitag, den 18.06.2021 zeigte das BR-Fernsehen im Rahmen der Sendereihe &#8222;Unser Land&#8220; einen sch\u00f6nen Fernsehbericht \u00fcber das Braune Haarschaf. Es wurde die Herdbuchzucht mit&hellip;<\/p>\n<\/div>\n\t\n<a href=\"https:\/\/www.nolana-schafe.de\/de-pages\/braune-haarschafe-im-br-fernsehen-sendereihe-unser-land\/\" class=\"post-details details-type-link\" aria-label=\"Read more about Braune Haarschafe im BR-Fernsehen, Sendereihe &#8222;Unser Land&#8220;\">Weiterlesen...<i class=\"dt-icon-the7-arrow-03\" aria-hidden=\"true\"><\/i><\/a>\n\n<\/div><\/article><article class=\"post project-odd visible no-img post-1839 type-post status-publish format-standard hentry category-allgemein category-1 description-off\" data-name=\"Exlana &#8211; Elite-Verkaufsauktion am 3. August 2021 in England\" data-date=\"2021-05-30T13:18:30+00:00\">\n\n<div class=\"post-entry-content\">\n\n\t<h3 class=\"entry-title\">\n\t\t<a href=\"https:\/\/www.nolana-schafe.de\/de-pages\/exlana-elite-verkaufsauktion-am-3-august-2021-in-england\/\" title=\"Exlana &#8211; Elite-Verkaufsauktion am 3. August 2021 in England\" rel=\"bookmark\">Exlana &#8211; Elite-Verkaufsauktion am 3. August 2021 in England<\/a>\n\t<\/h3>\n\n\t<div class=\"entry-meta\"><a href=\"https:\/\/www.nolana-schafe.de\/de-pages\/2021\/05\/30\/\" title=\"13:18\" class=\"data-link\" rel=\"bookmark\"><time class=\"entry-date updated\" datetime=\"2021-05-30T13:18:30+00:00\">30. Mai 2021<\/time><\/a><\/div>\n\t<div class=\"entry-excerpt\"><p>Am 3. August findet wieder eine Eltie-Verkaufsauktion von Exlana-Schafen in England statt. Mitorganisator ist wieder Tim White, der unseren Nolana-Verein schon 2x besucht hat und&hellip;<\/p>\n<\/div>\n\t\n<a href=\"https:\/\/www.nolana-schafe.de\/de-pages\/exlana-elite-verkaufsauktion-am-3-august-2021-in-england\/\" class=\"post-details details-type-link\" aria-label=\"Read more about Exlana &#8211; Elite-Verkaufsauktion am 3. August 2021 in England\">Weiterlesen...<i class=\"dt-icon-the7-arrow-03\" aria-hidden=\"true\"><\/i><\/a>\n\n<\/div><\/article><article class=\"post project-odd visible no-img post-1830 type-post status-publish format-standard hentry category-allgemein category-1 description-off\" data-name=\"1. und 2. Vulkan-Trial in \u00dcxheim an Braunen Haarschafen\" data-date=\"2021-04-10T11:32:22+00:00\">\n\n<div class=\"post-entry-content\">\n\n\t<h3 class=\"entry-title\">\n\t\t<a href=\"https:\/\/www.nolana-schafe.de\/de-pages\/1-und-2-vulkan-trial-in-uexheim-an-braunen-haarschafen\/\" title=\"1. und 2. Vulkan-Trial in \u00dcxheim an Braunen Haarschafen\" rel=\"bookmark\">1. und 2. Vulkan-Trial in \u00dcxheim an Braunen Haarschafen<\/a>\n\t<\/h3>\n\n\t<div class=\"entry-meta\"><a href=\"https:\/\/www.nolana-schafe.de\/de-pages\/2021\/04\/10\/\" title=\"11:32\" class=\"data-link\" rel=\"bookmark\"><time class=\"entry-date updated\" datetime=\"2021-04-10T11:32:22+00:00\">10. April 2021<\/time><\/a><\/div>\n\t<div class=\"entry-excerpt\"><p>Im Oktober 2020 fanden das 1. und 2. Vulkan-Trial in \u00dcxheim statt. Ausgerichtet wurde dieser H\u00fctewettbewerb durch unsere Mitglieder Jan und Andrea Engelmeyer an deren&hellip;<\/p>\n<\/div>\n\t\n<a href=\"https:\/\/www.nolana-schafe.de\/de-pages\/1-und-2-vulkan-trial-in-uexheim-an-braunen-haarschafen\/\" class=\"post-details details-type-link\" aria-label=\"Read more about 1. und 2. Vulkan-Trial in \u00dcxheim an Braunen Haarschafen\">Weiterlesen...<i class=\"dt-icon-the7-arrow-03\" aria-hidden=\"true\"><\/i><\/a>\n\n<\/div><\/article><article class=\"post project-odd visible no-img post-1812 type-post status-publish format-standard hentry category-allgemein category-1 description-off\" data-name=\"Bundesschafschau vom 01. &#8211; 03. Oktober 2021 in Alsfeld -\u2192 verschoben auf 2022\" data-date=\"2021-01-28T20:23:58+00:00\">\n\n<div class=\"post-entry-content\">\n\n\t<h3 class=\"entry-title\">\n\t\t<a href=\"https:\/\/www.nolana-schafe.de\/de-pages\/bundesschafschau-vom-01-03-oktober-2021-in-alsfeld\/\" title=\"Bundesschafschau vom 01. &#8211; 03. Oktober 2021 in Alsfeld -\u2192 verschoben auf 2022\" rel=\"bookmark\">Bundesschafschau vom 01. &#8211; 03. Oktober 2021 in Alsfeld -\u2192 verschoben auf 2022<\/a>\n\t<\/h3>\n\n\t<div class=\"entry-meta\"><a href=\"https:\/\/www.nolana-schafe.de\/de-pages\/2021\/01\/28\/\" title=\"20:23\" class=\"data-link\" rel=\"bookmark\"><time class=\"entry-date updated\" datetime=\"2021-01-28T20:23:58+00:00\">28. Januar 2021<\/time><\/a><\/div>\n\t<div class=\"entry-excerpt\"><p>update: Erneute Verschiebung auf Anfang Oktober 2022 &nbsp; Die von Mai 2020 auf Anfang Oktober 2021 verschobene Bundesschafschau ist ebenso wieder in Alsfeld geplant. Alle&hellip;<\/p>\n<\/div>\n\t\n<a href=\"https:\/\/www.nolana-schafe.de\/de-pages\/bundesschafschau-vom-01-03-oktober-2021-in-alsfeld\/\" class=\"post-details details-type-link\" aria-label=\"Read more about Bundesschafschau vom 01. &#8211; 03. Oktober 2021 in Alsfeld -\u2192 verschoben auf 2022\">Weiterlesen...<i class=\"dt-icon-the7-arrow-03\" aria-hidden=\"true\"><\/i><\/a>\n\n<\/div><\/article><article class=\"post project-odd visible no-img post-1806 type-post status-publish format-standard hentry category-allgemein category-1 description-off\" data-name=\"Artikel \u00fcber das &#8222;Braune Haarschaf&#8220; in der &#8222;Schafzucht&#8220;, Ausgabe Januar 2021\" data-date=\"2021-01-28T20:01:43+00:00\">\n\n<div class=\"post-entry-content\">\n\n\t<h3 class=\"entry-title\">\n\t\t<a href=\"https:\/\/www.nolana-schafe.de\/de-pages\/artikel-ueber-das-braune-haarschaf-in-der-schafzucht-ausgabe-januar-2021\/\" title=\"Artikel \u00fcber das &#8222;Braune Haarschaf&#8220; in der &#8222;Schafzucht&#8220;, Ausgabe Januar 2021\" rel=\"bookmark\">Artikel \u00fcber das &#8222;Braune Haarschaf&#8220; in der &#8222;Schafzucht&#8220;, Ausgabe Januar 2021<\/a>\n\t<\/h3>\n\n\t<div class=\"entry-meta\"><a href=\"https:\/\/www.nolana-schafe.de\/de-pages\/2021\/01\/28\/\" title=\"20:01\" class=\"data-link\" rel=\"bookmark\"><time class=\"entry-date updated\" datetime=\"2021-01-28T20:01:43+00:00\">28. Januar 2021<\/time><\/a><\/div>\n\t<div class=\"entry-excerpt\"><p>In der Januarausgabe der Schafzucht wurde ein gelungenes Z\u00fcchterportrait unseres Vereinsmitglieds und 2. Vorsitzenden Benedikt H\u00fcttemann aus Schermbeck abgedruckt. Er musste ja leider auch schon&hellip;<\/p>\n<\/div>\n\t\n<a href=\"https:\/\/www.nolana-schafe.de\/de-pages\/artikel-ueber-das-braune-haarschaf-in-der-schafzucht-ausgabe-januar-2021\/\" class=\"post-details details-type-link\" aria-label=\"Read more about Artikel \u00fcber das &#8222;Braune Haarschaf&#8220; in der &#8222;Schafzucht&#8220;, Ausgabe Januar 2021\">Weiterlesen...<i class=\"dt-icon-the7-arrow-03\" aria-hidden=\"true\"><\/i><\/a>\n\n<\/div><\/article><article class=\"post project-odd visible no-img post-1798 type-post status-publish format-standard hentry category-allgemein category-1 description-off\" data-name=\"Fundraising Barbados Blackbelly Schafe\" data-date=\"2020-12-13T13:11:42+00:00\">\n\n<div class=\"post-entry-content\">\n\n\t<h3 class=\"entry-title\">\n\t\t<a href=\"https:\/\/www.nolana-schafe.de\/de-pages\/fundraising-barbados-blackbelly-schafe\/\" title=\"Fundraising Barbados Blackbelly Schafe\" rel=\"bookmark\">Fundraising Barbados Blackbelly Schafe<\/a>\n\t<\/h3>\n\n\t<div class=\"entry-meta\"><a href=\"https:\/\/www.nolana-schafe.de\/de-pages\/2020\/12\/13\/\" title=\"13:11\" class=\"data-link\" rel=\"bookmark\"><time class=\"entry-date updated\" datetime=\"2020-12-13T13:11:42+00:00\">13. Dezember 2020<\/time><\/a><\/div>\n\t<div class=\"entry-excerpt\"><p>&nbsp; Mit der Ver\u00f6ffentlichung des Links &#8211;&gt;\u00a0http:\/\/www.startnext.com\/vielfalt-erhalten hier auf unserer Website m\u00f6chten wir gerne das Anliegen der Barbados-Blackbelly Z\u00fcchter unterst\u00fctzen, eine genetische Bestimmung bzgl. der&hellip;<\/p>\n<\/div>\n\t\n<a href=\"https:\/\/www.nolana-schafe.de\/de-pages\/fundraising-barbados-blackbelly-schafe\/\" class=\"post-details details-type-link\" aria-label=\"Read more about Fundraising Barbados Blackbelly Schafe\">Weiterlesen...<i class=\"dt-icon-the7-arrow-03\" aria-hidden=\"true\"><\/i><\/a>\n\n<\/div><\/article><article class=\"post project-odd visible no-img post-1792 type-post status-publish format-standard hentry category-allgemein category-1 description-off\" data-name=\"!! Achtung: !! Absage der Nolana-Jahresversammlung 2020\" data-date=\"2020-08-31T09:34:49+00:00\">\n\n<div class=\"post-entry-content\">\n\n\t<h3 class=\"entry-title\">\n\t\t<a href=\"https:\/\/www.nolana-schafe.de\/de-pages\/achtung-absage-der-nolana-jahresversammlung-2020\/\" title=\"!! Achtung: !! Absage der Nolana-Jahresversammlung 2020\" rel=\"bookmark\">!! Achtung: !! Absage der Nolana-Jahresversammlung 2020<\/a>\n\t<\/h3>\n\n\t<div class=\"entry-meta\"><a href=\"https:\/\/www.nolana-schafe.de\/de-pages\/2020\/08\/31\/\" title=\"9:34\" class=\"data-link\" rel=\"bookmark\"><time class=\"entry-date updated\" datetime=\"2020-08-31T09:34:49+00:00\">31. August 2020<\/time><\/a><\/div>\n\t<div class=\"entry-excerpt\"><p>Liebe Mitglieder des Nolana-Netzwerk Deutschland e.V. Liebe Freundinnen und Freunde der Haarschafzucht &nbsp; Ich wende mich heute am 30. August 2020 an Sie alle um&hellip;<\/p>\n<\/div>\n\t\n<a href=\"https:\/\/www.nolana-schafe.de\/de-pages\/achtung-absage-der-nolana-jahresversammlung-2020\/\" class=\"post-details details-type-link\" aria-label=\"Read more about !! Achtung: !! Absage der Nolana-Jahresversammlung 2020\">Weiterlesen...<i class=\"dt-icon-the7-arrow-03\" aria-hidden=\"true\"><\/i><\/a>\n\n<\/div><\/article><article class=\"post project-odd visible no-img post-1786 type-post status-publish format-standard hentry category-allgemein category-1 description-off\" data-name=\"Jahresveranstaltung am 26.\/27.September 2020 findet in Diemelstadt statt\" data-date=\"2020-07-17T11:02:51+00:00\">\n\n<div class=\"post-entry-content\">\n\n\t<h3 class=\"entry-title\">\n\t\t<a href=\"https:\/\/www.nolana-schafe.de\/de-pages\/jahresveranstaltung-am-26-27-september-2020-findet-in-diemelstadt-statt\/\" title=\"Jahresveranstaltung am 26.\/27.September 2020 findet in Diemelstadt statt\" rel=\"bookmark\">Jahresveranstaltung am 26.\/27.September 2020 findet in Diemelstadt statt<\/a>\n\t<\/h3>\n\n\t<div class=\"entry-meta\"><a href=\"https:\/\/www.nolana-schafe.de\/de-pages\/2020\/07\/17\/\" title=\"11:02\" class=\"data-link\" rel=\"bookmark\"><time class=\"entry-date updated\" datetime=\"2020-07-17T11:02:51+00:00\">17. Juli 2020<\/time><\/a><\/div>\n\t<div class=\"entry-excerpt\"><p>Am 26.\/27. September halten wir in Diemelstadt unsere Jahresversammlung 2020 ab. Mit Blick auf die Entwicklung der Corona-Seuche und auf m\u00f6gliche Vorgaben des Ordnungsamtes Diemelstadt&hellip;<\/p>\n<\/div>\n\t\n<a href=\"https:\/\/www.nolana-schafe.de\/de-pages\/jahresveranstaltung-am-26-27-september-2020-findet-in-diemelstadt-statt\/\" class=\"post-details details-type-link\" aria-label=\"Read more about Jahresveranstaltung am 26.\/27.September 2020 findet in Diemelstadt statt\">Weiterlesen...<i class=\"dt-icon-the7-arrow-03\" aria-hidden=\"true\"><\/i><\/a>\n\n<\/div><\/article><article class=\"post project-odd visible no-img post-1779 type-post status-publish format-standard hentry category-allgemein category-1 description-off\" data-name=\"Aufspaltung in Woll-\/Haarschafe?\" data-date=\"2020-06-17T18:31:25+00:00\">\n\n<div class=\"post-entry-content\">\n\n\t<h3 class=\"entry-title\">\n\t\t<a href=\"https:\/\/www.nolana-schafe.de\/de-pages\/aufspaltung-in-woll-haarschafe\/\" title=\"Aufspaltung in Woll-\/Haarschafe?\" rel=\"bookmark\">Aufspaltung in Woll-\/Haarschafe?<\/a>\n\t<\/h3>\n\n\t<div class=\"entry-meta\"><a href=\"https:\/\/www.nolana-schafe.de\/de-pages\/2020\/06\/17\/\" title=\"18:31\" class=\"data-link\" rel=\"bookmark\"><time class=\"entry-date updated\" datetime=\"2020-06-17T18:31:25+00:00\">17. Juni 2020<\/time><\/a><\/div>\n\t<div class=\"entry-excerpt\"><p>In der &#8222;Schafzucht&#8220;, Ausgabe 11+12\/2020, wurde ein sehr interessantes Interview mit unserem 1. Vorsitzenden Dr. Rolf Minhorst zur Entwicklung des Wollmarktes abgedruckt. Mit freundlicher Genehmigung&hellip;<\/p>\n<\/div>\n\t\n<a href=\"https:\/\/www.nolana-schafe.de\/de-pages\/aufspaltung-in-woll-haarschafe\/\" class=\"post-details details-type-link\" aria-label=\"Read more about Aufspaltung in Woll-\/Haarschafe?\">Weiterlesen...<i class=\"dt-icon-the7-arrow-03\" aria-hidden=\"true\"><\/i><\/a>\n\n<\/div><\/article><article class=\"post project-odd visible no-img post-1773 type-post status-publish format-standard hentry category-allgemein category-1 description-off\" data-name=\"Jahresversammlung: geplanter Termin: 26. September 2020\" data-date=\"2020-05-05T10:07:35+00:00\">\n\n<div class=\"post-entry-content\">\n\n\t<h3 class=\"entry-title\">\n\t\t<a href=\"https:\/\/www.nolana-schafe.de\/de-pages\/jahresversammlung-geplanter-termin-26-september-2020\/\" title=\"Jahresversammlung: geplanter Termin: 26. September 2020\" rel=\"bookmark\">Jahresversammlung: geplanter Termin: 26. September 2020<\/a>\n\t<\/h3>\n\n\t<div class=\"entry-meta\"><a href=\"https:\/\/www.nolana-schafe.de\/de-pages\/2020\/05\/05\/\" title=\"10:07\" class=\"data-link\" rel=\"bookmark\"><time class=\"entry-date updated\" datetime=\"2020-05-05T10:07:35+00:00\">5. Mai 2020<\/time><\/a><\/div>\n\t<div class=\"entry-excerpt\"><p>Die diesj\u00e4hrige Jahresveranstaltung des Nolana-Netzwerks Deutschland e. V. ist geplant f\u00fcr Samstag, den 26.09.2020 mit \u00dcbernachtungsm\u00f6glichkeit auf den Sonntag, 27.09.2020. Da es aufgrund der derzeitigen&hellip;<\/p>\n<\/div>\n\t\n<a href=\"https:\/\/www.nolana-schafe.de\/de-pages\/jahresversammlung-geplanter-termin-26-september-2020\/\" class=\"post-details details-type-link\" aria-label=\"Read more about Jahresversammlung: geplanter Termin: 26. September 2020\">Weiterlesen...<i class=\"dt-icon-the7-arrow-03\" aria-hidden=\"true\"><\/i><\/a>\n\n<\/div><\/article><article class=\"post project-odd visible no-img post-1763 type-post status-publish format-standard hentry category-allgemein category-1 description-off\" data-name=\"Z\u00fcchterische M\u00f6glichkeiten zur Bek\u00e4mpfung von maedi-visna beim Schaf?\" data-date=\"2020-05-04T18:51:18+00:00\">\n\n<div class=\"post-entry-content\">\n\n\t<h3 class=\"entry-title\">\n\t\t<a href=\"https:\/\/www.nolana-schafe.de\/de-pages\/zuechterische-moeglichkeiten-zur-bekaempfung-von-maedi-visna-beim-schaf\/\" title=\"Z\u00fcchterische M\u00f6glichkeiten zur Bek\u00e4mpfung von maedi-visna beim Schaf?\" rel=\"bookmark\">Z\u00fcchterische M\u00f6glichkeiten zur Bek\u00e4mpfung von maedi-visna beim Schaf?<\/a>\n\t<\/h3>\n\n\t<div class=\"entry-meta\"><a href=\"https:\/\/www.nolana-schafe.de\/de-pages\/2020\/05\/04\/\" title=\"18:51\" class=\"data-link\" rel=\"bookmark\"><time class=\"entry-date updated\" datetime=\"2020-05-04T18:51:18+00:00\">4. Mai 2020<\/time><\/a><\/div>\n\t<div class=\"entry-excerpt\"><p>In mehreren L\u00e4ndern, u. a. in der Schweiz, in den USA und auch in Deutschland, wird an einer z\u00fcchterischen Bek\u00e4mpfung der Maedi-Visna-Erkrankung \u00fcber genetische Marker&hellip;<\/p>\n<\/div>\n\t\n<a href=\"https:\/\/www.nolana-schafe.de\/de-pages\/zuechterische-moeglichkeiten-zur-bekaempfung-von-maedi-visna-beim-schaf\/\" class=\"post-details details-type-link\" aria-label=\"Read more about Z\u00fcchterische M\u00f6glichkeiten zur Bek\u00e4mpfung von maedi-visna beim Schaf?\">Weiterlesen...<i class=\"dt-icon-the7-arrow-03\" aria-hidden=\"true\"><\/i><\/a>\n\n<\/div><\/article><article class=\"post project-odd visible no-img post-1756 type-post status-publish format-standard hentry category-allgemein category-1 description-off\" data-name=\"Nolana-Artikel aus der Niederelbezeitung vom 24. April\" data-date=\"2020-05-04T18:16:04+00:00\">\n\n<div class=\"post-entry-content\">\n\n\t<h3 class=\"entry-title\">\n\t\t<a href=\"https:\/\/www.nolana-schafe.de\/de-pages\/nolana-artikel-aus-der-niederelbezeitung-vom-24-april\/\" title=\"Nolana-Artikel aus der Niederelbezeitung vom 24. April\" rel=\"bookmark\">Nolana-Artikel aus der Niederelbezeitung vom 24. April<\/a>\n\t<\/h3>\n\n\t<div class=\"entry-meta\"><a href=\"https:\/\/www.nolana-schafe.de\/de-pages\/2020\/05\/04\/\" title=\"18:16\" class=\"data-link\" rel=\"bookmark\"><time class=\"entry-date updated\" datetime=\"2020-05-04T18:16:04+00:00\">4. Mai 2020<\/time><\/a><\/div>\n\t<div class=\"entry-excerpt\"><p>Am 24. April diesen Jahres gab es einen Artikel \u00fcber die Nolana-Schafe von Stephan Breden aus Wanna. &#8211;&gt;\u00a0hier\u00a0der Artikel zum Nachlesen<\/p>\n<\/div>\n\t\n<a href=\"https:\/\/www.nolana-schafe.de\/de-pages\/nolana-artikel-aus-der-niederelbezeitung-vom-24-april\/\" class=\"post-details details-type-link\" aria-label=\"Read more about Nolana-Artikel aus der Niederelbezeitung vom 24. April\">Weiterlesen...<i class=\"dt-icon-the7-arrow-03\" aria-hidden=\"true\"><\/i><\/a>\n\n<\/div><\/article><article class=\"post project-odd visible no-img post-1751 type-post status-publish format-standard hentry category-allgemein category-1 description-off\" data-name=\"Vorstandssitzung fand am 1. M\u00e4rz am Biggesee statt\" data-date=\"2020-03-03T18:55:33+00:00\">\n\n<div class=\"post-entry-content\">\n\n\t<h3 class=\"entry-title\">\n\t\t<a href=\"https:\/\/www.nolana-schafe.de\/de-pages\/vorstandssitzung-fand-am-1-maerz-am-biggesee-statt\/\" title=\"Vorstandssitzung fand am 1. M\u00e4rz am Biggesee statt\" rel=\"bookmark\">Vorstandssitzung fand am 1. M\u00e4rz am Biggesee statt<\/a>\n\t<\/h3>\n\n\t<div class=\"entry-meta\"><a href=\"https:\/\/www.nolana-schafe.de\/de-pages\/2020\/03\/03\/\" title=\"18:55\" class=\"data-link\" rel=\"bookmark\"><time class=\"entry-date updated\" datetime=\"2020-03-03T18:55:33+00:00\">3. M\u00e4rz 2020<\/time><\/a><\/div>\n\t<div class=\"entry-excerpt\"><p>Am Sonntag, 1. M\u00e4rz 2020, traf sich der Nolana-Vorstand im &#8222;Haus am blauen See&#8220; am Biggesee nahe Olpe. Hierzu stellte uns der Wirt eigens sein&hellip;<\/p>\n<\/div>\n\t\n<a href=\"https:\/\/www.nolana-schafe.de\/de-pages\/vorstandssitzung-fand-am-1-maerz-am-biggesee-statt\/\" class=\"post-details details-type-link\" aria-label=\"Read more about Vorstandssitzung fand am 1. M\u00e4rz am Biggesee statt\">Weiterlesen...<i class=\"dt-icon-the7-arrow-03\" aria-hidden=\"true\"><\/i><\/a>\n\n<\/div><\/article><article class=\"post project-odd visible no-img post-1743 type-post status-publish format-standard hentry category-allgemein category-1 description-off\" data-name=\"Online-Umfrage zu Haarschafen\" data-date=\"2020-01-19T11:29:53+00:00\">\n\n<div class=\"post-entry-content\">\n\n\t<h3 class=\"entry-title\">\n\t\t<a href=\"https:\/\/www.nolana-schafe.de\/de-pages\/online-umfrage-zu-haarschafen\/\" title=\"Online-Umfrage zu Haarschafen\" rel=\"bookmark\">Online-Umfrage zu Haarschafen<\/a>\n\t<\/h3>\n\n\t<div class=\"entry-meta\"><a href=\"https:\/\/www.nolana-schafe.de\/de-pages\/2020\/01\/19\/\" title=\"11:29\" class=\"data-link\" rel=\"bookmark\"><time class=\"entry-date updated\" datetime=\"2020-01-19T11:29:53+00:00\">19. Januar 2020<\/time><\/a><\/div>\n\t<div class=\"entry-excerpt\"><p>Die Fachzeitschrift &#8222;Schaftzucht&#8220;, das Magazin f\u00fcr Schaf- und Ziegenfreunde, hat unter www.schafzucht-online.de eine Online-Umfrage mit der Fragestellung: &#8222;K\u00f6nnten Sie sich vorstellen, Ihren Betrieb auf die&hellip;<\/p>\n<\/div>\n\t\n<a href=\"https:\/\/www.nolana-schafe.de\/de-pages\/online-umfrage-zu-haarschafen\/\" class=\"post-details details-type-link\" aria-label=\"Read more about Online-Umfrage zu Haarschafen\">Weiterlesen...<i class=\"dt-icon-the7-arrow-03\" aria-hidden=\"true\"><\/i><\/a>\n\n<\/div><\/article><article class=\"post project-odd visible no-img post-1729 type-post status-publish format-standard hentry category-allgemein category-1 description-off\" data-name=\"&#8222;Auf der Suche nach dem praktischen Schaf&#8220;\" data-date=\"2019-12-23T17:38:40+00:00\">\n\n<div class=\"post-entry-content\">\n\n\t<h3 class=\"entry-title\">\n\t\t<a href=\"https:\/\/www.nolana-schafe.de\/de-pages\/auf-der-suche-nach-dem-praktischen-schaf\/\" title=\"&#8222;Auf der Suche nach dem praktischen Schaf&#8220;\" rel=\"bookmark\">&#8222;Auf der Suche nach dem praktischen Schaf&#8220;<\/a>\n\t<\/h3>\n\n\t<div class=\"entry-meta\"><a href=\"https:\/\/www.nolana-schafe.de\/de-pages\/2019\/12\/23\/\" title=\"17:38\" class=\"data-link\" rel=\"bookmark\"><time class=\"entry-date updated\" datetime=\"2019-12-23T17:38:40+00:00\">23. Dezember 2019<\/time><\/a><\/div>\n\t<div class=\"entry-excerpt\"><p>In der Ausgabe 3\/2019 der Wirtschaftszeitung HAZ vom 01.07.2019 wurde ein Artikel \u00fcber unser Vereinsmitglieds Conrad Nu\u00dfbaum \u00fcber seinen Werdegang zum Landwirt und \u00fcber die&hellip;<\/p>\n<\/div>\n\t\n<a href=\"https:\/\/www.nolana-schafe.de\/de-pages\/auf-der-suche-nach-dem-praktischen-schaf\/\" class=\"post-details details-type-link\" aria-label=\"Read more about &#8222;Auf der Suche nach dem praktischen Schaf&#8220;\">Weiterlesen...<i class=\"dt-icon-the7-arrow-03\" aria-hidden=\"true\"><\/i><\/a>\n\n<\/div><\/article><article class=\"post project-odd visible no-img post-1715 type-post status-publish format-standard hentry category-allgemein category-1 description-off\" data-name=\"R\u00fcckschau auf das Nolana-Wochenende 2019\" data-date=\"2019-10-15T20:58:28+00:00\">\n\n<div class=\"post-entry-content\">\n\n\t<h3 class=\"entry-title\">\n\t\t<a href=\"https:\/\/www.nolana-schafe.de\/de-pages\/rueckschau-auf-das-nolana-wochenende-2019\/\" title=\"R\u00fcckschau auf das Nolana-Wochenende 2019\" rel=\"bookmark\">R\u00fcckschau auf das Nolana-Wochenende 2019<\/a>\n\t<\/h3>\n\n\t<div class=\"entry-meta\"><a href=\"https:\/\/www.nolana-schafe.de\/de-pages\/2019\/10\/15\/\" title=\"20:58\" class=\"data-link\" rel=\"bookmark\"><time class=\"entry-date updated\" datetime=\"2019-10-15T20:58:28+00:00\">15. Oktober 2019<\/time><\/a><\/div>\n\t<div class=\"entry-excerpt\"><p>Im Anhang findet ihr eine kleine R\u00fcckschau auf die diesj\u00e4hrige Jahresveranstaltung unseres Vereins vom 20.-22. September 2019 in Verl. &nbsp; &#8212;&gt;\u00a0Nolanatage 2019<\/p>\n<\/div>\n\t\n<a href=\"https:\/\/www.nolana-schafe.de\/de-pages\/rueckschau-auf-das-nolana-wochenende-2019\/\" class=\"post-details details-type-link\" aria-label=\"Read more about R\u00fcckschau auf das Nolana-Wochenende 2019\">Weiterlesen...<i class=\"dt-icon-the7-arrow-03\" aria-hidden=\"true\"><\/i><\/a>\n\n<\/div><\/article><article class=\"post project-odd visible no-img post-1711 type-post status-publish format-standard hentry category-allgemein category-1 description-off\" data-name=\"Hans-von-Bemberg-Preis: Artikel im Wochenblatt\" data-date=\"2019-10-14T18:34:28+00:00\">\n\n<div class=\"post-entry-content\">\n\n\t<h3 class=\"entry-title\">\n\t\t<a href=\"https:\/\/www.nolana-schafe.de\/de-pages\/hans-von-bemberg-preis-artikel-im-wochenblatt\/\" title=\"Hans-von-Bemberg-Preis: Artikel im Wochenblatt\" rel=\"bookmark\">Hans-von-Bemberg-Preis: Artikel im Wochenblatt<\/a>\n\t<\/h3>\n\n\t<div class=\"entry-meta\"><a href=\"https:\/\/www.nolana-schafe.de\/de-pages\/2019\/10\/14\/\" title=\"18:34\" class=\"data-link\" rel=\"bookmark\"><time class=\"entry-date updated\" datetime=\"2019-10-14T18:34:28+00:00\">14. Oktober 2019<\/time><\/a><\/div>\n\t<div class=\"entry-excerpt\"><p>In der Ausgabe 39\/19 des landwirtschaftlichen Wochenblatts wurde ein Artikel \u00fcber die Verleihung des Hans-von-Bemberg-Preises an unsere Vereinsmitglieder Ulf Helming und seine Frau Gabi Obermark&hellip;<\/p>\n<\/div>\n\t\n<a href=\"https:\/\/www.nolana-schafe.de\/de-pages\/hans-von-bemberg-preis-artikel-im-wochenblatt\/\" class=\"post-details details-type-link\" aria-label=\"Read more about Hans-von-Bemberg-Preis: Artikel im Wochenblatt\">Weiterlesen...<i class=\"dt-icon-the7-arrow-03\" aria-hidden=\"true\"><\/i><\/a>\n\n<\/div><\/article><article class=\"post project-odd visible no-img post-1701 type-post status-publish format-standard hentry category-allgemein category-1 description-off\" data-name=\"Verleihung Hans-von-Bemberg-Preis an Ulf Helming\" data-date=\"2019-10-13T09:11:13+00:00\">\n\n<div class=\"post-entry-content\">\n\n\t<h3 class=\"entry-title\">\n\t\t<a href=\"https:\/\/www.nolana-schafe.de\/de-pages\/verleihung-hans-von-bemberg-preis-an-ulf-helming\/\" title=\"Verleihung Hans-von-Bemberg-Preis an Ulf Helming\" rel=\"bookmark\">Verleihung Hans-von-Bemberg-Preis an Ulf Helming<\/a>\n\t<\/h3>\n\n\t<div class=\"entry-meta\"><a href=\"https:\/\/www.nolana-schafe.de\/de-pages\/2019\/10\/13\/\" title=\"9:11\" class=\"data-link\" rel=\"bookmark\"><time class=\"entry-date updated\" datetime=\"2019-10-13T09:11:13+00:00\">13. Oktober 2019<\/time><\/a><\/div>\n\t<div class=\"entry-excerpt\"><p>Am Freitag, 20.09.2019 wurde unserem Vereinsmitglied Ulf Helming der Hans-von-Bemberg-Preis verliehen. Hiermit wurden ihm und seiner Frau Gabi Obermark die gro\u00dfe, z\u00fcchterische Leistung bei der&hellip;<\/p>\n<\/div>\n\t\n<a href=\"https:\/\/www.nolana-schafe.de\/de-pages\/verleihung-hans-von-bemberg-preis-an-ulf-helming\/\" class=\"post-details details-type-link\" aria-label=\"Read more about Verleihung Hans-von-Bemberg-Preis an Ulf Helming\">Weiterlesen...<i class=\"dt-icon-the7-arrow-03\" aria-hidden=\"true\"><\/i><\/a>\n\n<\/div><\/article><article class=\"post project-odd visible no-img post-1685 type-post status-publish format-standard hentry category-allgemein category-1 description-off\" data-name=\"Nolanatage 2019 &#8211; Programm steht\" data-date=\"2019-08-13T21:21:30+00:00\">\n\n<div class=\"post-entry-content\">\n\n\t<h3 class=\"entry-title\">\n\t\t<a href=\"https:\/\/www.nolana-schafe.de\/de-pages\/nolanatage-2019-programm-steht\/\" title=\"Nolanatage 2019 &#8211; Programm steht\" rel=\"bookmark\">Nolanatage 2019 &#8211; Programm steht<\/a>\n\t<\/h3>\n\n\t<div class=\"entry-meta\"><a href=\"https:\/\/www.nolana-schafe.de\/de-pages\/2019\/08\/13\/\" title=\"21:21\" class=\"data-link\" rel=\"bookmark\"><time class=\"entry-date updated\" datetime=\"2019-08-13T21:21:30+00:00\">13. August 2019<\/time><\/a><\/div>\n\t<div class=\"entry-excerpt\"><p>Mit Klick auf das &#8211;&gt;\u00a0Plakat\u00a0findet man das Programm der diesj\u00e4hrigen Nolanatage am 21. und 22. September 2019 in Verl. Eingeladen an beiden Tagen sind neben&hellip;<\/p>\n<\/div>\n\t\n<a href=\"https:\/\/www.nolana-schafe.de\/de-pages\/nolanatage-2019-programm-steht\/\" class=\"post-details details-type-link\" aria-label=\"Read more about Nolanatage 2019 &#8211; Programm steht\">Weiterlesen...<i class=\"dt-icon-the7-arrow-03\" aria-hidden=\"true\"><\/i><\/a>\n\n<\/div><\/article><article class=\"post project-odd visible no-img post-1681 type-post status-publish format-standard hentry category-allgemein category-1 description-off\" data-name=\"Terminblocker: 21.\/22. September 2019 &#8211; Jahresveranstaltung des Nolana-Netzwerks\" data-date=\"2019-06-18T06:03:29+00:00\">\n\n<div class=\"post-entry-content\">\n\n\t<h3 class=\"entry-title\">\n\t\t<a href=\"https:\/\/www.nolana-schafe.de\/de-pages\/terminblocker-21-22-september-2019-jahresveranstaltung-des-nolana-netzwerks\/\" title=\"Terminblocker: 21.\/22. September 2019 &#8211; Jahresveranstaltung des Nolana-Netzwerks\" rel=\"bookmark\">Terminblocker: 21.\/22. September 2019 &#8211; Jahresveranstaltung des Nolana-Netzwerks<\/a>\n\t<\/h3>\n\n\t<div class=\"entry-meta\"><a href=\"https:\/\/www.nolana-schafe.de\/de-pages\/2019\/06\/18\/\" title=\"6:03\" class=\"data-link\" rel=\"bookmark\"><time class=\"entry-date updated\" datetime=\"2019-06-18T06:03:29+00:00\">18. Juni 2019<\/time><\/a><\/div>\n\t<div class=\"entry-excerpt\"><p>Bitte schon einmal den Termin f\u00fcr die diesj\u00e4hrige Nolana-Veranstaltung vormerken: Samstag 21.9. und Sonntag 22.9.19 Die Veranstaltung findet wieder auf dem Gel\u00e4nde des Sender Wildhandels&hellip;<\/p>\n<\/div>\n\t\n<a href=\"https:\/\/www.nolana-schafe.de\/de-pages\/terminblocker-21-22-september-2019-jahresveranstaltung-des-nolana-netzwerks\/\" class=\"post-details details-type-link\" aria-label=\"Read more about Terminblocker: 21.\/22. September 2019 &#8211; Jahresveranstaltung des Nolana-Netzwerks\">Weiterlesen...<i class=\"dt-icon-the7-arrow-03\" aria-hidden=\"true\"><\/i><\/a>\n\n<\/div><\/article><article class=\"post project-odd visible no-img post-1678 type-post status-publish format-standard hentry category-allgemein category-1 description-off\" data-name=\"Artikel \u00fcber die Nolana-Zucht unsere Vereinsmitglieder Gunder Peschke und Nina Foth in der &#8222;Schafzucht&#8220;\" data-date=\"2019-06-07T06:28:19+00:00\">\n\n<div class=\"post-entry-content\">\n\n\t<h3 class=\"entry-title\">\n\t\t<a href=\"https:\/\/www.nolana-schafe.de\/de-pages\/artikel-ueber-die-nolana-zucht-unsere-vereinsmitglieder-gunder-peschke-und-nina-foth-in-der-schafzucht\/\" title=\"Artikel \u00fcber die Nolana-Zucht unsere Vereinsmitglieder Gunder Peschke und Nina Foth in der &#8222;Schafzucht&#8220;\" rel=\"bookmark\">Artikel \u00fcber die Nolana-Zucht unsere Vereinsmitglieder Gunder Peschke und Nina Foth in der &#8222;Schafzucht&#8220;<\/a>\n\t<\/h3>\n\n\t<div class=\"entry-meta\"><a href=\"https:\/\/www.nolana-schafe.de\/de-pages\/2019\/06\/07\/\" title=\"6:28\" class=\"data-link\" rel=\"bookmark\"><time class=\"entry-date updated\" datetime=\"2019-06-07T06:28:19+00:00\">7. Juni 2019<\/time><\/a><\/div>\n\t<div class=\"entry-excerpt\"><p>Ebenfalls in der Ausgabe 11-2019 wird die Nolana-Zucht unserer Vereinsmitglieder Nina Foth und Gunder Peschke vorgestellt. Diesen Artikel findet ihr hier &#8211;&gt;\u00a0SZ_2019_11_Peschke Diesen Artikel und&hellip;<\/p>\n<\/div>\n\t\n<a href=\"https:\/\/www.nolana-schafe.de\/de-pages\/artikel-ueber-die-nolana-zucht-unsere-vereinsmitglieder-gunder-peschke-und-nina-foth-in-der-schafzucht\/\" class=\"post-details details-type-link\" aria-label=\"Read more about Artikel \u00fcber die Nolana-Zucht unsere Vereinsmitglieder Gunder Peschke und Nina Foth in der &#8222;Schafzucht&#8220;\">Weiterlesen...<i class=\"dt-icon-the7-arrow-03\" aria-hidden=\"true\"><\/i><\/a>\n\n<\/div><\/article><article class=\"post project-odd visible no-img post-1673 type-post status-publish format-standard hentry category-allgemein category-1 description-off\" data-name=\"Rasseportrait &#8222;Nolana&#8220; in der Zeitschrift &#8222;Schafzucht&#8220; Ausgabe 11-2019\" data-date=\"2019-06-07T06:22:53+00:00\">\n\n<div class=\"post-entry-content\">\n\n\t<h3 class=\"entry-title\">\n\t\t<a href=\"https:\/\/www.nolana-schafe.de\/de-pages\/rasseportrait-nolana-in-der-zeitschrift-schafzucht-ausgabe-11-2019\/\" title=\"Rasseportrait &#8222;Nolana&#8220; in der Zeitschrift &#8222;Schafzucht&#8220; Ausgabe 11-2019\" rel=\"bookmark\">Rasseportrait &#8222;Nolana&#8220; in der Zeitschrift &#8222;Schafzucht&#8220; Ausgabe 11-2019<\/a>\n\t<\/h3>\n\n\t<div class=\"entry-meta\"><a href=\"https:\/\/www.nolana-schafe.de\/de-pages\/2019\/06\/07\/\" title=\"6:22\" class=\"data-link\" rel=\"bookmark\"><time class=\"entry-date updated\" datetime=\"2019-06-07T06:22:53+00:00\">7. Juni 2019<\/time><\/a><\/div>\n\t<div class=\"entry-excerpt\"><p>In der Ausgabe 11-2019 der &#8222;Schafzucht&#8220; wurde die Rasse &#8222;Nolana&#8220; vorgestellt. Das Rasseportrait der Nolana\u00b4s findet ihr mit Klick auf &#8211;&gt;\u00a0SZ_2019_11_Rasseportrait<\/p>\n<\/div>\n\t\n<a href=\"https:\/\/www.nolana-schafe.de\/de-pages\/rasseportrait-nolana-in-der-zeitschrift-schafzucht-ausgabe-11-2019\/\" class=\"post-details details-type-link\" aria-label=\"Read more about Rasseportrait &#8222;Nolana&#8220; in der Zeitschrift &#8222;Schafzucht&#8220; Ausgabe 11-2019\">Weiterlesen...<i class=\"dt-icon-the7-arrow-03\" aria-hidden=\"true\"><\/i><\/a>\n\n<\/div><\/article><article class=\"post project-odd visible no-img post-1706 type-post status-publish format-standard hentry category-allgemein category-1 description-off\" data-name=\"Nolanas \/ Braune Haarschafe bei unseren Z\u00fcchterkollegen und Freunden in den Niederlanden\" data-date=\"2019-06-01T09:23:46+00:00\">\n\n<div class=\"post-entry-content\">\n\n\t<h3 class=\"entry-title\">\n\t\t<a href=\"https:\/\/www.nolana-schafe.de\/de-pages\/nolanas-braune-haarschafe-bei-unseren-zuechterkollegen-und-freunden-in-den-niederlanden\/\" title=\"Nolanas \/ Braune Haarschafe bei unseren Z\u00fcchterkollegen und Freunden in den Niederlanden\" rel=\"bookmark\">Nolanas \/ Braune Haarschafe bei unseren Z\u00fcchterkollegen und Freunden in den Niederlanden<\/a>\n\t<\/h3>\n\n\t<div class=\"entry-meta\"><a href=\"https:\/\/www.nolana-schafe.de\/de-pages\/2019\/06\/01\/\" title=\"9:23\" class=\"data-link\" rel=\"bookmark\"><time class=\"entry-date updated\" datetime=\"2019-06-01T09:23:46+00:00\">1. Juni 2019<\/time><\/a><\/div>\n\t<div class=\"entry-excerpt\"><p>Anbei ein Artikel aus Boerenvee, Mai 2019, (NL). Wie bereits schon sehr erfolgreich\u00a0 in der Schweiz, so auch schon in \u00d6sterreich und Italien, z\u00fcchten auch\u00a0&hellip;<\/p>\n<\/div>\n\t\n<a href=\"https:\/\/www.nolana-schafe.de\/de-pages\/nolanas-braune-haarschafe-bei-unseren-zuechterkollegen-und-freunden-in-den-niederlanden\/\" class=\"post-details details-type-link\" aria-label=\"Read more about Nolanas \/ Braune Haarschafe bei unseren Z\u00fcchterkollegen und Freunden in den Niederlanden\">Weiterlesen...<i class=\"dt-icon-the7-arrow-03\" aria-hidden=\"true\"><\/i><\/a>\n\n<\/div><\/article><article class=\"post project-odd visible no-img post-1670 type-post status-publish format-standard hentry category-allgemein category-1 description-off\" data-name=\"Nolana\u00b4s sind nun auch auf dem Deich angekommen\" data-date=\"2019-05-20T07:17:55+00:00\">\n\n<div class=\"post-entry-content\">\n\n\t<h3 class=\"entry-title\">\n\t\t<a href=\"https:\/\/www.nolana-schafe.de\/de-pages\/nolanas-sind-nun-auch-auf-dem-deich-angekommen\/\" title=\"Nolana\u00b4s sind nun auch auf dem Deich angekommen\" rel=\"bookmark\">Nolana\u00b4s sind nun auch auf dem Deich angekommen<\/a>\n\t<\/h3>\n\n\t<div class=\"entry-meta\"><a href=\"https:\/\/www.nolana-schafe.de\/de-pages\/2019\/05\/20\/\" title=\"7:17\" class=\"data-link\" rel=\"bookmark\"><time class=\"entry-date updated\" datetime=\"2019-05-20T07:17:55+00:00\">20. Mai 2019<\/time><\/a><\/div>\n\t<div class=\"entry-excerpt\"><p>Die Nolana\u00b4s sind nun auch auf dem Deich angekommen. Auch die traditionelle Deichsch\u00e4ferei sch\u00e4tzt die Vorz\u00fcge des Nolana-Schafes. Die nicht mehr notwendige Schur mindert den&hellip;<\/p>\n<\/div>\n\t\n<a href=\"https:\/\/www.nolana-schafe.de\/de-pages\/nolanas-sind-nun-auch-auf-dem-deich-angekommen\/\" class=\"post-details details-type-link\" aria-label=\"Read more about Nolana\u00b4s sind nun auch auf dem Deich angekommen\">Weiterlesen...<i class=\"dt-icon-the7-arrow-03\" aria-hidden=\"true\"><\/i><\/a>\n\n<\/div><\/article><article class=\"post project-odd visible no-img post-1661 type-post status-publish format-standard hentry category-allgemein category-1 description-off\" data-name=\"Rasseportrait &#8222;Braunes Haarschaf&#8220; in der Zeitschrift &#8222;Schafzucht&#8220; Ausgabe 09-2019\" data-date=\"2019-05-09T18:38:26+00:00\">\n\n<div class=\"post-entry-content\">\n\n\t<h3 class=\"entry-title\">\n\t\t<a href=\"https:\/\/www.nolana-schafe.de\/de-pages\/rasseportrait-braunes-haarschaf-in-der-zeitschrift-schafzucht-ausgabe-09-2019\/\" title=\"Rasseportrait &#8222;Braunes Haarschaf&#8220; in der Zeitschrift &#8222;Schafzucht&#8220; Ausgabe 09-2019\" rel=\"bookmark\">Rasseportrait &#8222;Braunes Haarschaf&#8220; in der Zeitschrift &#8222;Schafzucht&#8220; Ausgabe 09-2019<\/a>\n\t<\/h3>\n\n\t<div class=\"entry-meta\"><a href=\"https:\/\/www.nolana-schafe.de\/de-pages\/2019\/05\/09\/\" title=\"18:38\" class=\"data-link\" rel=\"bookmark\"><time class=\"entry-date updated\" datetime=\"2019-05-09T18:38:26+00:00\">9. Mai 2019<\/time><\/a><\/div>\n\t<div class=\"entry-excerpt\"><p>Mit Ank\u00fcndigung in der &#8211;&gt;\u00a0SZ_2019_07_Braunes Haarschaf_039\u00a0wurde nun\u00a0 in der aktuellen Ausgabe 09-2019 das Rasseportrait &#8222;Braunes Haarschaf&#8220; abgedruckt. Diesen Artikel \u00f6ffnet sich mit Klick auf &#8211;&gt;\u00a0SZ_2019_09_Braunes&hellip;<\/p>\n<\/div>\n\t\n<a href=\"https:\/\/www.nolana-schafe.de\/de-pages\/rasseportrait-braunes-haarschaf-in-der-zeitschrift-schafzucht-ausgabe-09-2019\/\" class=\"post-details details-type-link\" aria-label=\"Read more about Rasseportrait &#8222;Braunes Haarschaf&#8220; in der Zeitschrift &#8222;Schafzucht&#8220; Ausgabe 09-2019\">Weiterlesen...<i class=\"dt-icon-the7-arrow-03\" aria-hidden=\"true\"><\/i><\/a>\n\n<\/div><\/article><article class=\"post project-odd visible no-img post-1655 type-post status-publish format-standard hentry category-allgemein category-1 description-off\" data-name=\"Artikel \u00fcber das Braune Haarschaf aus der Zucht von Benedikt H\u00fcttemann in der LZ Rheinland\" data-date=\"2019-05-09T18:25:12+00:00\">\n\n<div class=\"post-entry-content\">\n\n\t<h3 class=\"entry-title\">\n\t\t<a href=\"https:\/\/www.nolana-schafe.de\/de-pages\/artikel-ueber-das-braune-haarschaf-von-benedikt-huettemann-in-der-lz-rheinland\/\" title=\"Artikel \u00fcber das Braune Haarschaf aus der Zucht von Benedikt H\u00fcttemann in der LZ Rheinland\" rel=\"bookmark\">Artikel \u00fcber das Braune Haarschaf aus der Zucht von Benedikt H\u00fcttemann in der LZ Rheinland<\/a>\n\t<\/h3>\n\n\t<div class=\"entry-meta\"><a href=\"https:\/\/www.nolana-schafe.de\/de-pages\/2019\/05\/09\/\" title=\"18:25\" class=\"data-link\" rel=\"bookmark\"><time class=\"entry-date updated\" datetime=\"2019-05-09T18:25:12+00:00\">9. Mai 2019<\/time><\/a><\/div>\n\t<div class=\"entry-excerpt\"><p>In der aktuellen Ausgabe (18-2019) der Landwirtschaftlichen Zeitung Rheinland (LZ Rheinland) wird \u00fcber die Herde unseres 2. Vorsitzenden Benedikt H\u00fcttemann berichtet. Zum einen \u00fcber die&hellip;<\/p>\n<\/div>\n\t\n<a href=\"https:\/\/www.nolana-schafe.de\/de-pages\/artikel-ueber-das-braune-haarschaf-von-benedikt-huettemann-in-der-lz-rheinland\/\" class=\"post-details details-type-link\" aria-label=\"Read more about Artikel \u00fcber das Braune Haarschaf aus der Zucht von Benedikt H\u00fcttemann in der LZ Rheinland\">Weiterlesen...<i class=\"dt-icon-the7-arrow-03\" aria-hidden=\"true\"><\/i><\/a>\n\n<\/div><\/article><article class=\"post project-odd visible no-img post-1664 type-post status-publish format-standard hentry category-allgemein category-1 description-off\" data-name=\"Fachartikel zur Tagung f\u00fcr Schafhaltung 2016 in \u00d6sterreich\" data-date=\"2019-05-08T18:52:47+00:00\">\n\n<div class=\"post-entry-content\">\n\n\t<h3 class=\"entry-title\">\n\t\t<a href=\"https:\/\/www.nolana-schafe.de\/de-pages\/fachartikel-zur-tagung-fuer-schafhaltung-2016-in-oesterreich\/\" title=\"Fachartikel zur Tagung f\u00fcr Schafhaltung 2016 in \u00d6sterreich\" rel=\"bookmark\">Fachartikel zur Tagung f\u00fcr Schafhaltung 2016 in \u00d6sterreich<\/a>\n\t<\/h3>\n\n\t<div class=\"entry-meta\"><a href=\"https:\/\/www.nolana-schafe.de\/de-pages\/2019\/05\/08\/\" title=\"18:52\" class=\"data-link\" rel=\"bookmark\"><time class=\"entry-date updated\" datetime=\"2019-05-08T18:52:47+00:00\">8. Mai 2019<\/time><\/a><\/div>\n\t<div class=\"entry-excerpt\"><p>Mit Klick auf &#8211;&gt;\u00a0Fachtagung f\u00fcr Schafhaltung_2016_Dr Jilg (1)\u00a0\u00f6ffnet sich ein Fachartikel zu einer Schaftagung in \u00d6sterreich.<\/p>\n<\/div>\n\t\n<a href=\"https:\/\/www.nolana-schafe.de\/de-pages\/fachartikel-zur-tagung-fuer-schafhaltung-2016-in-oesterreich\/\" class=\"post-details details-type-link\" aria-label=\"Read more about Fachartikel zur Tagung f\u00fcr Schafhaltung 2016 in \u00d6sterreich\">Weiterlesen...<i class=\"dt-icon-the7-arrow-03\" aria-hidden=\"true\"><\/i><\/a>\n\n<\/div><\/article><article class=\"post project-odd visible post-1649 type-post status-publish format-standard has-post-thumbnail hentry category-allgemein category-1 description-off\" data-name=\"Die &#8222;Nolanas&#8220; von Rainer Wagner in der Presse\" data-date=\"2019-04-24T18:07:00+00:00\">\n\n<div class=\"post-thumbnail-wrap\">\n\t<div class=\"post-thumbnail\">\n\n\t\t\n\t\t\n\t\t<a href=\"https:\/\/www.nolana-schafe.de\/de-pages\/die-nolanas-von-rainer-wagner-in-der-presse\/\" class=\"post-thumbnail-rollover layzr-bg layzr-bg\" ><img decoding=\"async\" class=\"blog-thumb-lazy-load preload-me lazy-load aspect\" src=\"data:image\/svg+xml,%3Csvg%20xmlns%3D&#39;http%3A%2F%2Fwww.w3.org%2F2000%2Fsvg&#39;%20viewBox%3D&#39;0%200%20301%20200&#39;%2F%3E\" data-src=\"https:\/\/www.nolana-schafe.de\/de-pages\/wp-content\/uploads\/BildRainer-301x200.jpg\" data-srcset=\"https:\/\/www.nolana-schafe.de\/de-pages\/wp-content\/uploads\/BildRainer-301x200.jpg 301w\" loading=\"eager\" style=\"--ratio: 301 \/ 200\" sizes=\"(max-width: 301px) 100vw, 301px\" alt=\"\" title=\"BildRainer\" width=\"301\" height=\"200\"  \/><\/a>\n\t<\/div>\n<\/div>\n\n\n<div class=\"post-entry-content\">\n\n\t<h3 class=\"entry-title\">\n\t\t<a href=\"https:\/\/www.nolana-schafe.de\/de-pages\/die-nolanas-von-rainer-wagner-in-der-presse\/\" title=\"Die &#8222;Nolanas&#8220; von Rainer Wagner in der Presse\" rel=\"bookmark\">Die &#8222;Nolanas&#8220; von Rainer Wagner in der Presse<\/a>\n\t<\/h3>\n\n\t<div class=\"entry-meta\"><a href=\"https:\/\/www.nolana-schafe.de\/de-pages\/2019\/04\/24\/\" title=\"18:07\" class=\"data-link\" rel=\"bookmark\"><time class=\"entry-date updated\" datetime=\"2019-04-24T18:07:00+00:00\">24. April 2019<\/time><\/a><\/div>\n\t<div class=\"entry-excerpt\"><p>Nachfolgend ein Presseartikel \u00fcber die Nolanazucht unseres Vereins- und Vorstandsmitglied Rainer Wagner (Quelle:\u00a0&#8222;J\u00fclicher Nachrichten \/ J\u00fclicher Zeitung vom 20.April 2019&#8243;) artikelwagner &nbsp;<\/p>\n<\/div>\n\t\n<a href=\"https:\/\/www.nolana-schafe.de\/de-pages\/die-nolanas-von-rainer-wagner-in-der-presse\/\" class=\"post-details details-type-link\" aria-label=\"Read more about Die &#8222;Nolanas&#8220; von Rainer Wagner in der Presse\">Weiterlesen...<i class=\"dt-icon-the7-arrow-03\" aria-hidden=\"true\"><\/i><\/a>\n\n<\/div><\/article><article class=\"post project-odd visible no-img post-1609 type-post status-publish format-standard hentry category-allgemein category-1 description-off\" data-name=\"Verabschiedung Dr. Br\u00fcggemann \u2013 Nolana-Netzwerk \u00fcberreicht Pr\u00e4sentkorb\" data-date=\"2018-11-30T20:50:56+00:00\">\n\n<div class=\"post-entry-content\">\n\n\t<h3 class=\"entry-title\">\n\t\t<a href=\"https:\/\/www.nolana-schafe.de\/de-pages\/verabschiebung-dr-brueggemann-nolana-netzwerk-ueberreicht-praesentkorb\/\" title=\"Verabschiedung Dr. Br\u00fcggemann \u2013 Nolana-Netzwerk \u00fcberreicht Pr\u00e4sentkorb\" rel=\"bookmark\">Verabschiedung Dr. Br\u00fcggemann \u2013 Nolana-Netzwerk \u00fcberreicht Pr\u00e4sentkorb<\/a>\n\t<\/h3>\n\n\t<div class=\"entry-meta\"><a href=\"https:\/\/www.nolana-schafe.de\/de-pages\/2018\/11\/30\/\" title=\"20:50\" class=\"data-link\" rel=\"bookmark\"><time class=\"entry-date updated\" datetime=\"2018-11-30T20:50:56+00:00\">30. November 2018<\/time><\/a><\/div>\n\t<div class=\"entry-excerpt\"><p>Am 31.10.2018\u00a0wurde der langj\u00e4hrige Gesch\u00e4ftsf\u00fchrer und Zuchtleiter des Schafzuchverbandes NRW, Dr. Ernst Br\u00fcggemann, in den verdienten Ruhestand verabschiedet. Zur Feierstunde, die im Pavillon des Landwirtschaftszentrums&hellip;<\/p>\n<\/div>\n\t\n<a href=\"https:\/\/www.nolana-schafe.de\/de-pages\/verabschiebung-dr-brueggemann-nolana-netzwerk-ueberreicht-praesentkorb\/\" class=\"post-details details-type-link\" aria-label=\"Read more about Verabschiedung Dr. Br\u00fcggemann \u2013 Nolana-Netzwerk \u00fcberreicht Pr\u00e4sentkorb\">Weiterlesen...<i class=\"dt-icon-the7-arrow-03\" aria-hidden=\"true\"><\/i><\/a>\n\n<\/div><\/article><article class=\"post project-odd visible no-img post-1597 type-post status-publish format-standard hentry category-allgemein category-1 description-off\" data-name=\"Neue Zuchtprogramme NOL und BHS verabschiedet\" data-date=\"2018-11-20T21:13:11+00:00\">\n\n<div class=\"post-entry-content\">\n\n\t<h3 class=\"entry-title\">\n\t\t<a href=\"https:\/\/www.nolana-schafe.de\/de-pages\/neue-zuchtprogramme-nol-und-bhs-verabschiedet\/\" title=\"Neue Zuchtprogramme NOL und BHS verabschiedet\" rel=\"bookmark\">Neue Zuchtprogramme NOL und BHS verabschiedet<\/a>\n\t<\/h3>\n\n\t<div class=\"entry-meta\"><a href=\"https:\/\/www.nolana-schafe.de\/de-pages\/2018\/11\/20\/\" title=\"21:13\" class=\"data-link\" rel=\"bookmark\"><time class=\"entry-date updated\" datetime=\"2018-11-20T21:13:11+00:00\">20. November 2018<\/time><\/a><\/div>\n\t<div class=\"entry-excerpt\"><p>Mit der Novelle der EU-Tierzuchtverordnung zum 01.11.2018 liegen nun auch die final beschlossenen und genehmigten Zuchtprogramme &#8222;Braunes Haarschaf&#8220; und &#8222;Nolana&#8220; mit Datum des Inkrafttretens zum&hellip;<\/p>\n<\/div>\n\t\n<a href=\"https:\/\/www.nolana-schafe.de\/de-pages\/neue-zuchtprogramme-nol-und-bhs-verabschiedet\/\" class=\"post-details details-type-link\" aria-label=\"Read more about Neue Zuchtprogramme NOL und BHS verabschiedet\">Weiterlesen...<i class=\"dt-icon-the7-arrow-03\" aria-hidden=\"true\"><\/i><\/a>\n\n<\/div><\/article><article class=\"post project-odd visible no-img post-1590 type-post status-publish format-standard hentry category-allgemein category-1 description-off\" data-name=\"Beendigung des Zuchtversuches Nolana &#8211; 2 &#8222;neue&#8220; Rassen &#8211; Artikel aus der Dt. Schafzucht\" data-date=\"2018-11-07T15:21:16+00:00\">\n\n<div class=\"post-entry-content\">\n\n\t<h3 class=\"entry-title\">\n\t\t<a href=\"https:\/\/www.nolana-schafe.de\/de-pages\/beendigung-des-zuchtversuches-nolana-2-neue-rassen-artikel-aus-der-dt-schafzucht\/\" title=\"Beendigung des Zuchtversuches Nolana &#8211; 2 &#8222;neue&#8220; Rassen &#8211; Artikel aus der Dt. Schafzucht\" rel=\"bookmark\">Beendigung des Zuchtversuches Nolana &#8211; 2 &#8222;neue&#8220; Rassen &#8211; Artikel aus der Dt. Schafzucht<\/a>\n\t<\/h3>\n\n\t<div class=\"entry-meta\"><a href=\"https:\/\/www.nolana-schafe.de\/de-pages\/2018\/11\/07\/\" title=\"15:21\" class=\"data-link\" rel=\"bookmark\"><time class=\"entry-date updated\" datetime=\"2018-11-07T15:21:16+00:00\">7. November 2018<\/time><\/a><\/div>\n\t<div class=\"entry-excerpt\"><p>Nachfolgend lesen Sie den Artikel &#8211; verfasst von Autor Michael Schlag &#8211; \u00fcber die Beendigung des Zuchtversuches Nolana zum 31.10.2018 und Manifestierung der beiden Zuchtrichtungen&hellip;<\/p>\n<\/div>\n\t\n<a href=\"https:\/\/www.nolana-schafe.de\/de-pages\/beendigung-des-zuchtversuches-nolana-2-neue-rassen-artikel-aus-der-dt-schafzucht\/\" class=\"post-details details-type-link\" aria-label=\"Read more about Beendigung des Zuchtversuches Nolana &#8211; 2 &#8222;neue&#8220; Rassen &#8211; Artikel aus der Dt. Schafzucht\">Weiterlesen...<i class=\"dt-icon-the7-arrow-03\" aria-hidden=\"true\"><\/i><\/a>\n\n<\/div><\/article><article class=\"post project-odd visible no-img post-1593 type-post status-publish format-standard hentry category-allgemein category-1 description-off\" data-name=\"Vorstandswahlen bei der Nolana-Versammlung am 8. September in Verl\" data-date=\"2018-11-06T15:26:38+00:00\">\n\n<div class=\"post-entry-content\">\n\n\t<h3 class=\"entry-title\">\n\t\t<a href=\"https:\/\/www.nolana-schafe.de\/de-pages\/vorstandswahlen-bei-der-nolana-versammlung-am-8-september-in-verl\/\" title=\"Vorstandswahlen bei der Nolana-Versammlung am 8. September in Verl\" rel=\"bookmark\">Vorstandswahlen bei der Nolana-Versammlung am 8. September in Verl<\/a>\n\t<\/h3>\n\n\t<div class=\"entry-meta\"><a href=\"https:\/\/www.nolana-schafe.de\/de-pages\/2018\/11\/06\/\" title=\"15:26\" class=\"data-link\" rel=\"bookmark\"><time class=\"entry-date updated\" datetime=\"2018-11-06T15:26:38+00:00\">6. November 2018<\/time><\/a><\/div>\n\t<div class=\"entry-excerpt\"><p>&nbsp; (Foto: Quelle Dt.Schafzucht, Ausgabe 21\/2018) v. l. nach rechts: 2. Vorsitzender Benedikt H\u00fcttemann, Kassierer Herbert Kampen, 1. Vorsitzender Dr. Rolf Minhorst, Schriftf\u00fchrer Rainer Wagner,&hellip;<\/p>\n<\/div>\n\t\n<a href=\"https:\/\/www.nolana-schafe.de\/de-pages\/vorstandswahlen-bei-der-nolana-versammlung-am-8-september-in-verl\/\" class=\"post-details details-type-link\" aria-label=\"Read more about Vorstandswahlen bei der Nolana-Versammlung am 8. September in Verl\">Weiterlesen...<i class=\"dt-icon-the7-arrow-03\" aria-hidden=\"true\"><\/i><\/a>\n\n<\/div><\/article><article class=\"post project-odd visible no-img post-1582 type-post status-publish format-standard hentry category-allgemein category-1 description-off\" data-name=\"Artikel \u00fcber die Nolanazucht in der Schweiz\" data-date=\"2018-11-04T12:48:03+00:00\">\n\n<div class=\"post-entry-content\">\n\n\t<h3 class=\"entry-title\">\n\t\t<a href=\"https:\/\/www.nolana-schafe.de\/de-pages\/artikel-ueber-die-nolanazucht-in-der-schweiz\/\" title=\"Artikel \u00fcber die Nolanazucht in der Schweiz\" rel=\"bookmark\">Artikel \u00fcber die Nolanazucht in der Schweiz<\/a>\n\t<\/h3>\n\n\t<div class=\"entry-meta\"><a href=\"https:\/\/www.nolana-schafe.de\/de-pages\/2018\/11\/04\/\" title=\"12:48\" class=\"data-link\" rel=\"bookmark\"><time class=\"entry-date updated\" datetime=\"2018-11-04T12:48:03+00:00\">4. November 2018<\/time><\/a><\/div>\n\t<div class=\"entry-excerpt\"><p>Mit klick auf Nolana Schweiz findet ihr einen in der Schweiz erschienenen Artikel von Raffael Ittig \u00fcber den Stand der dortigen Nolana-Zucht.<\/p>\n<\/div>\n\t\n<a href=\"https:\/\/www.nolana-schafe.de\/de-pages\/artikel-ueber-die-nolanazucht-in-der-schweiz\/\" class=\"post-details details-type-link\" aria-label=\"Read more about Artikel \u00fcber die Nolanazucht in der Schweiz\">Weiterlesen...<i class=\"dt-icon-the7-arrow-03\" aria-hidden=\"true\"><\/i><\/a>\n\n<\/div><\/article><article class=\"post project-odd visible post-1578 type-post status-publish format-standard has-post-thumbnail hentry category-allgemein category-1 description-off\" data-name=\"Lukasmarkt in Mayen mit &#8222;Braunen Haarschafen&#8220; aus der Zucht Engelmeyer\" data-date=\"2018-10-22T13:09:21+00:00\">\n\n<div class=\"post-thumbnail-wrap\">\n\t<div class=\"post-thumbnail\">\n\n\t\t\n\t\t\n\t\t<a href=\"https:\/\/www.nolana-schafe.de\/de-pages\/lukasmarkt-im-mayen-mit-braunen-haarschafen-aus-der-zucht-engelmeyer\/\" class=\"post-thumbnail-rollover layzr-bg layzr-bg\" ><img decoding=\"async\" class=\"blog-thumb-lazy-load preload-me lazy-load aspect\" src=\"data:image\/svg+xml,%3Csvg%20xmlns%3D&#39;http%3A%2F%2Fwww.w3.org%2F2000%2Fsvg&#39;%20viewBox%3D&#39;0%200%20640%20426&#39;%2F%3E\" data-src=\"https:\/\/www.nolana-schafe.de\/de-pages\/wp-content\/uploads\/Lukasmarkt-3-640x426.jpg\" data-srcset=\"https:\/\/www.nolana-schafe.de\/de-pages\/wp-content\/uploads\/Lukasmarkt-3-640x426.jpg 640w\" loading=\"eager\" style=\"--ratio: 640 \/ 426\" sizes=\"(max-width: 640px) 100vw, 640px\" alt=\"\" title=\"Lukasmarkt 3\" width=\"640\" height=\"426\"  \/><\/a>\n\t<\/div>\n<\/div>\n\n\n<div class=\"post-entry-content\">\n\n\t<h3 class=\"entry-title\">\n\t\t<a href=\"https:\/\/www.nolana-schafe.de\/de-pages\/lukasmarkt-im-mayen-mit-braunen-haarschafen-aus-der-zucht-engelmeyer\/\" title=\"Lukasmarkt in Mayen mit &#8222;Braunen Haarschafen&#8220; aus der Zucht Engelmeyer\" rel=\"bookmark\">Lukasmarkt in Mayen mit &#8222;Braunen Haarschafen&#8220; aus der Zucht Engelmeyer<\/a>\n\t<\/h3>\n\n\t<div class=\"entry-meta\"><a href=\"https:\/\/www.nolana-schafe.de\/de-pages\/2018\/10\/22\/\" title=\"13:09\" class=\"data-link\" rel=\"bookmark\"><time class=\"entry-date updated\" datetime=\"2018-10-22T13:09:21+00:00\">22. Oktober 2018<\/time><\/a><\/div>\n\t<div class=\"entry-excerpt\"><p>Am Mittwoch, 17.10.18, fand der traditionelle Schaftag im Rahmen des Lukasmarkt in Mayen statt. Neben Artikeln rund um die Schaf- und Ziegenhaltung wurde auch mit&hellip;<\/p>\n<\/div>\n\t\n<a href=\"https:\/\/www.nolana-schafe.de\/de-pages\/lukasmarkt-im-mayen-mit-braunen-haarschafen-aus-der-zucht-engelmeyer\/\" class=\"post-details details-type-link\" aria-label=\"Read more about Lukasmarkt in Mayen mit &#8222;Braunen Haarschafen&#8220; aus der Zucht Engelmeyer\">Weiterlesen...<i class=\"dt-icon-the7-arrow-03\" aria-hidden=\"true\"><\/i><\/a>\n\n<\/div><\/article><article class=\"post project-odd visible no-img post-1568 type-post status-publish format-standard hentry category-allgemein category-1 description-off\" data-name=\"Nolana-Erlebnistag &#8211; Presseartikel\" data-date=\"2018-10-03T18:16:22+00:00\">\n\n<div class=\"post-entry-content\">\n\n\t<h3 class=\"entry-title\">\n\t\t<a href=\"https:\/\/www.nolana-schafe.de\/de-pages\/nolana-erlebnistag-presseartikel\/\" title=\"Nolana-Erlebnistag &#8211; Presseartikel\" rel=\"bookmark\">Nolana-Erlebnistag &#8211; Presseartikel<\/a>\n\t<\/h3>\n\n\t<div class=\"entry-meta\"><a href=\"https:\/\/www.nolana-schafe.de\/de-pages\/2018\/10\/03\/\" title=\"18:16\" class=\"data-link\" rel=\"bookmark\"><time class=\"entry-date updated\" datetime=\"2018-10-03T18:16:22+00:00\">3. Oktober 2018<\/time><\/a><\/div>\n\t<div class=\"entry-excerpt\"><p>Mit Klick auf &#8211;&gt;Presseartikel\u00a0findet ihr eine sch\u00f6ne Berichterstattung der lokale Presse vor Ort vom diesj\u00e4hrigen Nolana-Erlebnistag am Sonntag, 9.9.2018<\/p>\n<\/div>\n\t\n<a href=\"https:\/\/www.nolana-schafe.de\/de-pages\/nolana-erlebnistag-presseartikel\/\" class=\"post-details details-type-link\" aria-label=\"Read more about Nolana-Erlebnistag &#8211; Presseartikel\">Weiterlesen...<i class=\"dt-icon-the7-arrow-03\" aria-hidden=\"true\"><\/i><\/a>\n\n<\/div><\/article><article class=\"post project-odd visible no-img post-1560 type-post status-publish format-standard hentry category-allgemein category-1 description-off\" data-name=\"Nachlese der diesj\u00e4hrigen Nolanatage\" data-date=\"2018-09-29T15:23:59+00:00\">\n\n<div class=\"post-entry-content\">\n\n\t<h3 class=\"entry-title\">\n\t\t<a href=\"https:\/\/www.nolana-schafe.de\/de-pages\/nachlese-der-diesjaehrigen-nolanatage\/\" title=\"Nachlese der diesj\u00e4hrigen Nolanatage\" rel=\"bookmark\">Nachlese der diesj\u00e4hrigen Nolanatage<\/a>\n\t<\/h3>\n\n\t<div class=\"entry-meta\"><a href=\"https:\/\/www.nolana-schafe.de\/de-pages\/2018\/09\/29\/\" title=\"15:23\" class=\"data-link\" rel=\"bookmark\"><time class=\"entry-date updated\" datetime=\"2018-09-29T15:23:59+00:00\">29. September 2018<\/time><\/a><\/div>\n\t<div class=\"entry-excerpt\"><p>Mit Kick auf &#8211;&gt;\u00a0Nachlese\u00a0finden Sie einen R\u00fcckblick auf die sehr gut besuchte und gelungene Nolanaveranstaltung vom 8. und 9. September in Verl-Sende.<\/p>\n<\/div>\n\t\n<a href=\"https:\/\/www.nolana-schafe.de\/de-pages\/nachlese-der-diesjaehrigen-nolanatage\/\" class=\"post-details details-type-link\" aria-label=\"Read more about Nachlese der diesj\u00e4hrigen Nolanatage\">Weiterlesen...<i class=\"dt-icon-the7-arrow-03\" aria-hidden=\"true\"><\/i><\/a>\n\n<\/div><\/article><article class=\"post project-odd visible no-img post-1554 type-post status-publish format-standard hentry category-allgemein category-1 description-off\" data-name=\"&#8222;W\u00f6lfe fressen kein Gras&#8220; &#8211; Vortrag im Rahmen der Nolana-Veranstaltung\" data-date=\"2018-09-18T19:12:03+00:00\">\n\n<div class=\"post-entry-content\">\n\n\t<h3 class=\"entry-title\">\n\t\t<a href=\"https:\/\/www.nolana-schafe.de\/de-pages\/woelfe-fressen-kein-gras-vortrag-im-rahmen-der-nolana-veranstaltung\/\" title=\"&#8222;W\u00f6lfe fressen kein Gras&#8220; &#8211; Vortrag im Rahmen der Nolana-Veranstaltung\" rel=\"bookmark\">&#8222;W\u00f6lfe fressen kein Gras&#8220; &#8211; Vortrag im Rahmen der Nolana-Veranstaltung<\/a>\n\t<\/h3>\n\n\t<div class=\"entry-meta\"><a href=\"https:\/\/www.nolana-schafe.de\/de-pages\/2018\/09\/18\/\" title=\"19:12\" class=\"data-link\" rel=\"bookmark\"><time class=\"entry-date updated\" datetime=\"2018-09-18T19:12:03+00:00\">18. September 2018<\/time><\/a><\/div>\n\t<div class=\"entry-excerpt\"><p>Im Rahmen der diesj\u00e4hrigen Nolana-Veranstaltung hielt Herr Noltenius den Vortrag &#8222;W\u00f6lfe fressen kein Gras&#8220;, der mit Klick auf den Titel hier nachgelesen werden kann.<\/p>\n<\/div>\n\t\n<a href=\"https:\/\/www.nolana-schafe.de\/de-pages\/woelfe-fressen-kein-gras-vortrag-im-rahmen-der-nolana-veranstaltung\/\" class=\"post-details details-type-link\" aria-label=\"Read more about &#8222;W\u00f6lfe fressen kein Gras&#8220; &#8211; Vortrag im Rahmen der Nolana-Veranstaltung\">Weiterlesen...<i class=\"dt-icon-the7-arrow-03\" aria-hidden=\"true\"><\/i><\/a>\n\n<\/div><\/article><article class=\"post project-odd visible post-1551 type-post status-publish format-standard has-post-thumbnail hentry category-allgemein category-1 description-off\" data-name=\"Nolana Schafe auf der Kreistierschau in Haus Riswick, Kreis Kleve,  NRW\" data-date=\"2018-09-03T16:36:33+00:00\">\n\n<div class=\"post-thumbnail-wrap\">\n\t<div class=\"post-thumbnail\">\n\n\t\t\n\t\t\n\t\t<a href=\"https:\/\/www.nolana-schafe.de\/de-pages\/nolana-schafe-auf-der-kreistierschau-in-haus-riswick-kreis-kleve-nrw\/\" class=\"post-thumbnail-rollover layzr-bg layzr-bg\" ><img decoding=\"async\" class=\"blog-thumb-lazy-load preload-me lazy-load aspect\" src=\"data:image\/svg+xml,%3Csvg%20xmlns%3D&#39;http%3A%2F%2Fwww.w3.org%2F2000%2Fsvg&#39;%20viewBox%3D&#39;0%200%20696%20464&#39;%2F%3E\" data-src=\"https:\/\/www.nolana-schafe.de\/de-pages\/wp-content\/uploads\/huettemann-696x464.png\" data-srcset=\"https:\/\/www.nolana-schafe.de\/de-pages\/wp-content\/uploads\/huettemann-696x464.png 696w, https:\/\/www.nolana-schafe.de\/de-pages\/wp-content\/uploads\/huettemann-696x463.png 696w\" loading=\"eager\" style=\"--ratio: 696 \/ 464\" sizes=\"(max-width: 696px) 100vw, 696px\" alt=\"\" title=\"huettemann\" width=\"696\" height=\"464\"  \/><\/a>\n\t<\/div>\n<\/div>\n\n\n<div class=\"post-entry-content\">\n\n\t<h3 class=\"entry-title\">\n\t\t<a href=\"https:\/\/www.nolana-schafe.de\/de-pages\/nolana-schafe-auf-der-kreistierschau-in-haus-riswick-kreis-kleve-nrw\/\" title=\"Nolana Schafe auf der Kreistierschau in Haus Riswick, Kreis Kleve,  NRW\" rel=\"bookmark\">Nolana Schafe auf der Kreistierschau in Haus Riswick, Kreis Kleve,  NRW<\/a>\n\t<\/h3>\n\n\t<div class=\"entry-meta\"><a href=\"https:\/\/www.nolana-schafe.de\/de-pages\/2018\/09\/03\/\" title=\"16:36\" class=\"data-link\" rel=\"bookmark\"><time class=\"entry-date updated\" datetime=\"2018-09-03T16:36:33+00:00\">3. September 2018<\/time><\/a><\/div>\n\t<div class=\"entry-excerpt\"><p>Es ist immer wieder ein stark nachgefragter Termin bei Familien und Tierhaltern in der Region, den Riswicker Familientag und die Kreistierschau zu besuchen. Es wurden&hellip;<\/p>\n<\/div>\n\t\n<a href=\"https:\/\/www.nolana-schafe.de\/de-pages\/nolana-schafe-auf-der-kreistierschau-in-haus-riswick-kreis-kleve-nrw\/\" class=\"post-details details-type-link\" aria-label=\"Read more about Nolana Schafe auf der Kreistierschau in Haus Riswick, Kreis Kleve,  NRW\">Weiterlesen...<i class=\"dt-icon-the7-arrow-03\" aria-hidden=\"true\"><\/i><\/a>\n\n<\/div><\/article><article class=\"post project-odd visible post-1542 type-post status-publish format-standard has-post-thumbnail hentry category-allgemein category-1 description-off\" data-name=\"Aktuelle Themen bei der diesj\u00e4hrigen Nolana-Jahresversammlung !! (8. und 9. Sept.)\" data-date=\"2018-08-11T18:51:29+00:00\">\n\n<div class=\"post-thumbnail-wrap\">\n\t<div class=\"post-thumbnail\">\n\n\t\t\n\t\t\n\t\t<a href=\"https:\/\/www.nolana-schafe.de\/de-pages\/aktuelle-themen-bei-der-diesjaehrigen-nolana-jahresversammlung-8-und-9-sept\/\" class=\"post-thumbnail-rollover layzr-bg layzr-bg\" ><img decoding=\"async\" class=\"blog-thumb-lazy-load preload-me lazy-load aspect\" src=\"data:image\/svg+xml,%3Csvg%20xmlns%3D&#39;http%3A%2F%2Fwww.w3.org%2F2000%2Fsvg&#39;%20viewBox%3D&#39;0%200%20621%20414&#39;%2F%3E\" data-src=\"https:\/\/www.nolana-schafe.de\/de-pages\/wp-content\/uploads\/NolanatagSamstag-621x414.jpg\" data-srcset=\"https:\/\/www.nolana-schafe.de\/de-pages\/wp-content\/uploads\/NolanatagSamstag-621x414.jpg 621w, https:\/\/www.nolana-schafe.de\/de-pages\/wp-content\/uploads\/NolanatagSamstag-621x413.jpg 621w\" loading=\"eager\" style=\"--ratio: 621 \/ 414\" sizes=\"(max-width: 621px) 100vw, 621px\" alt=\"\" title=\"NolanatagSamstag\" width=\"621\" height=\"414\"  \/><\/a>\n\t<\/div>\n<\/div>\n\n\n<div class=\"post-entry-content\">\n\n\t<h3 class=\"entry-title\">\n\t\t<a href=\"https:\/\/www.nolana-schafe.de\/de-pages\/aktuelle-themen-bei-der-diesjaehrigen-nolana-jahresversammlung-8-und-9-sept\/\" title=\"Aktuelle Themen bei der diesj\u00e4hrigen Nolana-Jahresversammlung !! (8. und 9. Sept.)\" rel=\"bookmark\">Aktuelle Themen bei der diesj\u00e4hrigen Nolana-Jahresversammlung !! (8. und 9. Sept.)<\/a>\n\t<\/h3>\n\n\t<div class=\"entry-meta\"><a href=\"https:\/\/www.nolana-schafe.de\/de-pages\/2018\/08\/11\/\" title=\"18:51\" class=\"data-link\" rel=\"bookmark\"><time class=\"entry-date updated\" datetime=\"2018-08-11T18:51:29+00:00\">11. August 2018<\/time><\/a><\/div>\n\t<div class=\"entry-excerpt\"><p>Die diesj\u00e4hrige Nolana-Veranstaltung wird erstmals an zwei Tagen stattfinden. Bitte beachten Sie unbedingt die 2 verschiedenen Veranstaltungsorte !!. (bitte klicken Sie hierzu auf den ganz&hellip;<\/p>\n<\/div>\n\t\n<a href=\"https:\/\/www.nolana-schafe.de\/de-pages\/aktuelle-themen-bei-der-diesjaehrigen-nolana-jahresversammlung-8-und-9-sept\/\" class=\"post-details details-type-link\" aria-label=\"Read more about Aktuelle Themen bei der diesj\u00e4hrigen Nolana-Jahresversammlung !! (8. und 9. Sept.)\">Weiterlesen...<i class=\"dt-icon-the7-arrow-03\" aria-hidden=\"true\"><\/i><\/a>\n\n<\/div><\/article><article class=\"post project-odd visible post-1537 type-post status-publish format-standard has-post-thumbnail hentry category-allgemein category-1 description-off\" data-name=\"Nolana-Landschafe auf Bad Arolser Viehmarkt\" data-date=\"2018-08-11T18:07:12+00:00\">\n\n<div class=\"post-thumbnail-wrap\">\n\t<div class=\"post-thumbnail\">\n\n\t\t\n\t\t\n\t\t<a href=\"https:\/\/www.nolana-schafe.de\/de-pages\/nolana-landschafe-auf-bad-arolser-viehmarkt\/\" class=\"post-thumbnail-rollover layzr-bg layzr-bg\" ><img decoding=\"async\" class=\"blog-thumb-lazy-load preload-me lazy-load aspect\" src=\"data:image\/svg+xml,%3Csvg%20xmlns%3D&#39;http%3A%2F%2Fwww.w3.org%2F2000%2Fsvg&#39;%20viewBox%3D&#39;0%200%20768%20512&#39;%2F%3E\" data-src=\"https:\/\/www.nolana-schafe.de\/de-pages\/wp-content\/uploads\/RRest-768x512.jpg\" data-srcset=\"https:\/\/www.nolana-schafe.de\/de-pages\/wp-content\/uploads\/RRest-768x512.jpg 768w, https:\/\/www.nolana-schafe.de\/de-pages\/wp-content\/uploads\/RRest-1306x870.jpg 1306w\" loading=\"eager\" style=\"--ratio: 768 \/ 512\" sizes=\"(max-width: 768px) 100vw, 768px\" alt=\"\" title=\"RRest\" width=\"768\" height=\"512\"  \/><\/a>\n\t<\/div>\n<\/div>\n\n\n<div class=\"post-entry-content\">\n\n\t<h3 class=\"entry-title\">\n\t\t<a href=\"https:\/\/www.nolana-schafe.de\/de-pages\/nolana-landschafe-auf-bad-arolser-viehmarkt\/\" title=\"Nolana-Landschafe auf Bad Arolser Viehmarkt\" rel=\"bookmark\">Nolana-Landschafe auf Bad Arolser Viehmarkt<\/a>\n\t<\/h3>\n\n\t<div class=\"entry-meta\"><a href=\"https:\/\/www.nolana-schafe.de\/de-pages\/2018\/08\/11\/\" title=\"18:07\" class=\"data-link\" rel=\"bookmark\"><time class=\"entry-date updated\" datetime=\"2018-08-11T18:07:12+00:00\">11. August 2018<\/time><\/a><\/div>\n\t<div class=\"entry-excerpt\"><p>Am Freitag, 10.8.2018 wurden beim traditionellen, gro\u00dfen Bad Arolser Viehmarkt\u00a0 Nolana-Landschafe ausgestellt. Neben der Pferde- und Rinderausstellung war beim Bad Arolser Viehmarkt auch eine gro\u00dfe&hellip;<\/p>\n<\/div>\n\t\n<a href=\"https:\/\/www.nolana-schafe.de\/de-pages\/nolana-landschafe-auf-bad-arolser-viehmarkt\/\" class=\"post-details details-type-link\" aria-label=\"Read more about Nolana-Landschafe auf Bad Arolser Viehmarkt\">Weiterlesen...<i class=\"dt-icon-the7-arrow-03\" aria-hidden=\"true\"><\/i><\/a>\n\n<\/div><\/article><article class=\"post project-odd visible post-1527 type-post status-publish format-standard has-post-thumbnail hentry category-allgemein category-1 description-off\" data-name=\"Nolana-Jahresversammlung am 8. Sept. und Nolana-Erlebnistag am 9. September\" data-date=\"2018-07-12T20:11:50+00:00\">\n\n<div class=\"post-thumbnail-wrap\">\n\t<div class=\"post-thumbnail\">\n\n\t\t\n\t\t\n\t\t<a href=\"https:\/\/www.nolana-schafe.de\/de-pages\/nolana-jahresversammlung-am-8-sept-und-nolana-erlebnistag-am-9-september\/\" class=\"post-thumbnail-rollover layzr-bg layzr-bg\" ><img decoding=\"async\" class=\"blog-thumb-lazy-load preload-me lazy-load aspect\" src=\"data:image\/svg+xml,%3Csvg%20xmlns%3D&#39;http%3A%2F%2Fwww.w3.org%2F2000%2Fsvg&#39;%20viewBox%3D&#39;0%200%20426%20284&#39;%2F%3E\" data-src=\"https:\/\/www.nolana-schafe.de\/de-pages\/wp-content\/uploads\/Nolana-Erlebnistag-426x284.jpg\" data-srcset=\"https:\/\/www.nolana-schafe.de\/de-pages\/wp-content\/uploads\/Nolana-Erlebnistag-426x284.jpg 426w, https:\/\/www.nolana-schafe.de\/de-pages\/wp-content\/uploads\/Nolana-Erlebnistag-426x283.jpg 426w\" loading=\"eager\" style=\"--ratio: 426 \/ 284\" sizes=\"(max-width: 426px) 100vw, 426px\" alt=\"\" title=\"Nolana-Erlebnistag\" width=\"426\" height=\"284\"  \/><\/a>\n\t<\/div>\n<\/div>\n\n\n<div class=\"post-entry-content\">\n\n\t<h3 class=\"entry-title\">\n\t\t<a href=\"https:\/\/www.nolana-schafe.de\/de-pages\/nolana-jahresversammlung-am-8-sept-und-nolana-erlebnistag-am-9-september\/\" title=\"Nolana-Jahresversammlung am 8. Sept. und Nolana-Erlebnistag am 9. September\" rel=\"bookmark\">Nolana-Jahresversammlung am 8. Sept. und Nolana-Erlebnistag am 9. September<\/a>\n\t<\/h3>\n\n\t<div class=\"entry-meta\"><a href=\"https:\/\/www.nolana-schafe.de\/de-pages\/2018\/07\/12\/\" title=\"20:11\" class=\"data-link\" rel=\"bookmark\"><time class=\"entry-date updated\" datetime=\"2018-07-12T20:11:50+00:00\">12. Juli 2018<\/time><\/a><\/div>\n\t<div class=\"entry-excerpt\"><p>Der Termin zur Jahresveranstaltung ist nicht mehr weit, und die Plakate sind nun fertig. Mit Klick auf &#8211;&gt;\u00a0\u00a0Nolana-Erlebnistag\u00a0k\u00f6nnt ihr euch das Plakat f\u00fcr den Sonntag&hellip;<\/p>\n<\/div>\n\t\n<a href=\"https:\/\/www.nolana-schafe.de\/de-pages\/nolana-jahresversammlung-am-8-sept-und-nolana-erlebnistag-am-9-september\/\" class=\"post-details details-type-link\" aria-label=\"Read more about Nolana-Jahresversammlung am 8. Sept. und Nolana-Erlebnistag am 9. September\">Weiterlesen...<i class=\"dt-icon-the7-arrow-03\" aria-hidden=\"true\"><\/i><\/a>\n\n<\/div><\/article><article class=\"post project-odd visible no-img post-1521 type-post status-publish format-standard hentry category-allgemein category-1 description-off\" data-name=\"\u00dcbernachtungsm\u00f6glichkeiten zur Nolana-Jahresveranstaltung vom 8. bis 9. Sept. 2018\" data-date=\"2018-06-14T17:57:37+00:00\">\n\n<div class=\"post-entry-content\">\n\n\t<h3 class=\"entry-title\">\n\t\t<a href=\"https:\/\/www.nolana-schafe.de\/de-pages\/uebernachtungsmoeglichkeiten-zur-nolana-jahresveranstaltung-vom-8-bis-9-sept-2018\/\" title=\"\u00dcbernachtungsm\u00f6glichkeiten zur Nolana-Jahresveranstaltung vom 8. bis 9. Sept. 2018\" rel=\"bookmark\">\u00dcbernachtungsm\u00f6glichkeiten zur Nolana-Jahresveranstaltung vom 8. bis 9. Sept. 2018<\/a>\n\t<\/h3>\n\n\t<div class=\"entry-meta\"><a href=\"https:\/\/www.nolana-schafe.de\/de-pages\/2018\/06\/14\/\" title=\"17:57\" class=\"data-link\" rel=\"bookmark\"><time class=\"entry-date updated\" datetime=\"2018-06-14T17:57:37+00:00\">14. Juni 2018<\/time><\/a><\/div>\n\t<div class=\"entry-excerpt\"><p>Nachfolgend sind ein paar Adressen zwecks \u00dcbernachtungsm\u00f6glichkeiten in verschiedenen Preiskategorien zur Nolana-Jahresveranstaltung am 8. und 9. September aufgef\u00fchrt. Der Verein empfiehlt rechtzeitig eine Unterkunft zu&hellip;<\/p>\n<\/div>\n\t\n<a href=\"https:\/\/www.nolana-schafe.de\/de-pages\/uebernachtungsmoeglichkeiten-zur-nolana-jahresveranstaltung-vom-8-bis-9-sept-2018\/\" class=\"post-details details-type-link\" aria-label=\"Read more about \u00dcbernachtungsm\u00f6glichkeiten zur Nolana-Jahresveranstaltung vom 8. bis 9. Sept. 2018\">Weiterlesen...<i class=\"dt-icon-the7-arrow-03\" aria-hidden=\"true\"><\/i><\/a>\n\n<\/div><\/article><article class=\"post project-odd visible post-1508 type-post status-publish format-standard has-post-thumbnail hentry category-allgemein category-1 description-off\" data-name=\"Nolana-Schafprojekt in Hannover &#8211; St\u00e4dte wagen Wildnis\" data-date=\"2018-05-31T07:56:52+00:00\">\n\n<div class=\"post-thumbnail-wrap\">\n\t<div class=\"post-thumbnail\">\n\n\t\t\n\t\t\n\t\t<a href=\"https:\/\/www.nolana-schafe.de\/de-pages\/nolana-schafprojekt-in-hannover-staedte-wagen-wildnis\/\" class=\"post-thumbnail-rollover layzr-bg layzr-bg\" ><img decoding=\"async\" class=\"blog-thumb-lazy-load preload-me lazy-load aspect\" src=\"data:image\/svg+xml,%3Csvg%20xmlns%3D&#39;http%3A%2F%2Fwww.w3.org%2F2000%2Fsvg&#39;%20viewBox%3D&#39;0%200%20691%20461&#39;%2F%3E\" data-src=\"https:\/\/www.nolana-schafe.de\/de-pages\/wp-content\/uploads\/Nussbaum-691x461.jpg\" data-srcset=\"https:\/\/www.nolana-schafe.de\/de-pages\/wp-content\/uploads\/Nussbaum-691x461.jpg 691w, https:\/\/www.nolana-schafe.de\/de-pages\/wp-content\/uploads\/Nussbaum-692x461.jpg 692w\" loading=\"eager\" style=\"--ratio: 691 \/ 461\" sizes=\"(max-width: 691px) 100vw, 691px\" alt=\"\"  width=\"691\" height=\"461\"  \/><\/a>\n\t<\/div>\n<\/div>\n\n\n<div class=\"post-entry-content\">\n\n\t<h3 class=\"entry-title\">\n\t\t<a href=\"https:\/\/www.nolana-schafe.de\/de-pages\/nolana-schafprojekt-in-hannover-staedte-wagen-wildnis\/\" title=\"Nolana-Schafprojekt in Hannover &#8211; St\u00e4dte wagen Wildnis\" rel=\"bookmark\">Nolana-Schafprojekt in Hannover &#8211; St\u00e4dte wagen Wildnis<\/a>\n\t<\/h3>\n\n\t<div class=\"entry-meta\"><a href=\"https:\/\/www.nolana-schafe.de\/de-pages\/2018\/05\/31\/\" title=\"7:56\" class=\"data-link\" rel=\"bookmark\"><time class=\"entry-date updated\" datetime=\"2018-05-31T07:56:52+00:00\">31. Mai 2018<\/time><\/a><\/div>\n\t<div class=\"entry-excerpt\"><p>Im Rahmen des Bundesprogramms &#8222;St\u00e4dte wagen Wildnis&#8220; stellte unser Vereinsmitglied Conrad Nu\u00dfbaum das Nolana-Projekt mit seinen Nolana-Schafen in Hannover vor. Den erschienenen Artikel in der&hellip;<\/p>\n<\/div>\n\t\n<a href=\"https:\/\/www.nolana-schafe.de\/de-pages\/nolana-schafprojekt-in-hannover-staedte-wagen-wildnis\/\" class=\"post-details details-type-link\" aria-label=\"Read more about Nolana-Schafprojekt in Hannover &#8211; St\u00e4dte wagen Wildnis\">Weiterlesen...<i class=\"dt-icon-the7-arrow-03\" aria-hidden=\"true\"><\/i><\/a>\n\n<\/div><\/article><article class=\"post project-odd visible post-1501 type-post status-publish format-standard has-post-thumbnail hentry category-allgemein category-1 description-off\" data-name=\"Terminblocker: 8. und 9. September Nolana-Veranstaltung in 33415 Verl\" data-date=\"2018-05-10T09:29:06+00:00\">\n\n<div class=\"post-thumbnail-wrap\">\n\t<div class=\"post-thumbnail\">\n\n\t\t\n\t\t\n\t\t<a href=\"https:\/\/www.nolana-schafe.de\/de-pages\/terminblocker-8-und-9-september-nolana-veranstaltung-in-33415-verl\/\" class=\"post-thumbnail-rollover layzr-bg layzr-bg\" ><img decoding=\"async\" class=\"blog-thumb-lazy-load preload-me lazy-load aspect\" src=\"data:image\/svg+xml,%3Csvg%20xmlns%3D&#39;http%3A%2F%2Fwww.w3.org%2F2000%2Fsvg&#39;%20viewBox%3D&#39;0%200%20350%20233&#39;%2F%3E\" data-src=\"https:\/\/www.nolana-schafe.de\/de-pages\/wp-content\/uploads\/Banner1-350x233.jpg\" data-srcset=\"https:\/\/www.nolana-schafe.de\/de-pages\/wp-content\/uploads\/Banner1-350x233.jpg 350w, https:\/\/www.nolana-schafe.de\/de-pages\/wp-content\/uploads\/Banner1-351x234.jpg 351w\" loading=\"eager\" style=\"--ratio: 350 \/ 233\" sizes=\"(max-width: 350px) 100vw, 350px\" alt=\"\" title=\"Banner1\" width=\"350\" height=\"233\"  \/><\/a>\n\t<\/div>\n<\/div>\n\n\n<div class=\"post-entry-content\">\n\n\t<h3 class=\"entry-title\">\n\t\t<a href=\"https:\/\/www.nolana-schafe.de\/de-pages\/terminblocker-8-und-9-september-nolana-veranstaltung-in-33415-verl\/\" title=\"Terminblocker: 8. und 9. September Nolana-Veranstaltung in 33415 Verl\" rel=\"bookmark\">Terminblocker: 8. und 9. September Nolana-Veranstaltung in 33415 Verl<\/a>\n\t<\/h3>\n\n\t<div class=\"entry-meta\"><a href=\"https:\/\/www.nolana-schafe.de\/de-pages\/2018\/05\/10\/\" title=\"9:29\" class=\"data-link\" rel=\"bookmark\"><time class=\"entry-date updated\" datetime=\"2018-05-10T09:29:06+00:00\">10. Mai 2018<\/time><\/a><\/div>\n\t<div class=\"entry-excerpt\"><p>Bitte schon einmal den Termin vormerken: Am Samstag und Sonntag des zweiten Septemberwochenendes (08. und 09.September) findet die diesj\u00e4hrige Nolana-Jahresveranstaltung statt. Am Samstag wird neben&hellip;<\/p>\n<\/div>\n\t\n<a href=\"https:\/\/www.nolana-schafe.de\/de-pages\/terminblocker-8-und-9-september-nolana-veranstaltung-in-33415-verl\/\" class=\"post-details details-type-link\" aria-label=\"Read more about Terminblocker: 8. und 9. September Nolana-Veranstaltung in 33415 Verl\">Weiterlesen...<i class=\"dt-icon-the7-arrow-03\" aria-hidden=\"true\"><\/i><\/a>\n\n<\/div><\/article><article class=\"post project-odd visible no-img post-1496 type-post status-publish format-standard hentry category-allgemein category-1 description-off\" data-name=\"Wolf &#8211; nein danke ?\" data-date=\"2018-04-03T09:07:40+00:00\">\n\n<div class=\"post-entry-content\">\n\n\t<h3 class=\"entry-title\">\n\t\t<a href=\"https:\/\/www.nolana-schafe.de\/de-pages\/wolf-nein-danke\/\" title=\"Wolf &#8211; nein danke ?\" rel=\"bookmark\">Wolf &#8211; nein danke ?<\/a>\n\t<\/h3>\n\n\t<div class=\"entry-meta\"><a href=\"https:\/\/www.nolana-schafe.de\/de-pages\/2018\/04\/03\/\" title=\"9:07\" class=\"data-link\" rel=\"bookmark\"><time class=\"entry-date updated\" datetime=\"2018-04-03T09:07:40+00:00\">3. April 2018<\/time><\/a><\/div>\n\t<div class=\"entry-excerpt\"><p>Unter der homepage\u00a0Wolf-nein-danke.de\u00a0findet man Informationen rund um das Thema Wolf.<\/p>\n<\/div>\n\t\n<a href=\"https:\/\/www.nolana-schafe.de\/de-pages\/wolf-nein-danke\/\" class=\"post-details details-type-link\" aria-label=\"Read more about Wolf &#8211; nein danke ?\">Weiterlesen...<i class=\"dt-icon-the7-arrow-03\" aria-hidden=\"true\"><\/i><\/a>\n\n<\/div><\/article><article class=\"post project-odd visible no-img post-1483 type-post status-publish format-standard hentry category-allgemein category-1 description-off\" data-name=\"Artikel \u00fcber Nolana-Schafe in der &#8222;Deutschen Schafzucht&#8220;\" data-date=\"2017-12-09T16:57:16+00:00\">\n\n<div class=\"post-entry-content\">\n\n\t<h3 class=\"entry-title\">\n\t\t<a href=\"https:\/\/www.nolana-schafe.de\/de-pages\/artikel-ueber-nolana-schafe-in-der-deutschen-schafzucht\/\" title=\"Artikel \u00fcber Nolana-Schafe in der &#8222;Deutschen Schafzucht&#8220;\" rel=\"bookmark\">Artikel \u00fcber Nolana-Schafe in der &#8222;Deutschen Schafzucht&#8220;<\/a>\n\t<\/h3>\n\n\t<div class=\"entry-meta\"><a href=\"https:\/\/www.nolana-schafe.de\/de-pages\/2017\/12\/09\/\" title=\"16:57\" class=\"data-link\" rel=\"bookmark\"><time class=\"entry-date updated\" datetime=\"2017-12-09T16:57:16+00:00\">9. Dezember 2017<\/time><\/a><\/div>\n\t<div class=\"entry-excerpt\"><p>In der Ausgabe 23\/2017 erschien ein Artikel \u00fcber Nolana-Schafe. Der Journalist Michael Schlag war zu Besuch bei der Nolana-Jahreskonferenz im Odenwald\u00a0 im Hotel Lautertal am&hellip;<\/p>\n<\/div>\n\t\n<a href=\"https:\/\/www.nolana-schafe.de\/de-pages\/artikel-ueber-nolana-schafe-in-der-deutschen-schafzucht\/\" class=\"post-details details-type-link\" aria-label=\"Read more about Artikel \u00fcber Nolana-Schafe in der &#8222;Deutschen Schafzucht&#8220;\">Weiterlesen...<i class=\"dt-icon-the7-arrow-03\" aria-hidden=\"true\"><\/i><\/a>\n\n<\/div><\/article><article class=\"post project-odd visible post-1468 type-post status-publish format-standard has-post-thumbnail hentry category-allgemein category-1 description-off\" data-name=\"R\u00fcckblick Nolana-Tagung 2017 \u2013 viele neue Mitglieder\" data-date=\"2017-10-01T18:57:35+00:00\">\n\n<div class=\"post-thumbnail-wrap\">\n\t<div class=\"post-thumbnail\">\n\n\t\t\n\t\t\n\t\t<a href=\"https:\/\/www.nolana-schafe.de\/de-pages\/rueckblick-nolana-tagung-2017-viele-neue-mitglieder\/\" class=\"post-thumbnail-rollover layzr-bg layzr-bg\" ><img decoding=\"async\" class=\"blog-thumb-lazy-load preload-me lazy-load aspect\" src=\"data:image\/svg+xml,%3Csvg%20xmlns%3D&#39;http%3A%2F%2Fwww.w3.org%2F2000%2Fsvg&#39;%20viewBox%3D&#39;0%200%20768%20512&#39;%2F%3E\" data-src=\"https:\/\/www.nolana-schafe.de\/de-pages\/wp-content\/uploads\/Ausstellung-768x512.jpg\" data-srcset=\"https:\/\/www.nolana-schafe.de\/de-pages\/wp-content\/uploads\/Ausstellung-768x512.jpg 768w, https:\/\/www.nolana-schafe.de\/de-pages\/wp-content\/uploads\/Ausstellung-1210x806.jpg 1210w\" loading=\"eager\" style=\"--ratio: 768 \/ 512\" sizes=\"(max-width: 768px) 100vw, 768px\" alt=\"\" title=\"Ausstellung\" width=\"768\" height=\"512\"  \/><\/a>\n\t<\/div>\n<\/div>\n\n\n<div class=\"post-entry-content\">\n\n\t<h3 class=\"entry-title\">\n\t\t<a href=\"https:\/\/www.nolana-schafe.de\/de-pages\/rueckblick-nolana-tagung-2017-viele-neue-mitglieder\/\" title=\"R\u00fcckblick Nolana-Tagung 2017 \u2013 viele neue Mitglieder\" rel=\"bookmark\">R\u00fcckblick Nolana-Tagung 2017 \u2013 viele neue Mitglieder<\/a>\n\t<\/h3>\n\n\t<div class=\"entry-meta\"><a href=\"https:\/\/www.nolana-schafe.de\/de-pages\/2017\/10\/01\/\" title=\"18:57\" class=\"data-link\" rel=\"bookmark\"><time class=\"entry-date updated\" datetime=\"2017-10-01T18:57:35+00:00\">1. Oktober 2017<\/time><\/a><\/div>\n\t<div class=\"entry-excerpt\"><p>Am Samstag, den 30.09.2017 fand die diesj\u00e4hrige Nolana-Jahresversammlung statt. Als Austragungsort wurde das Hotel \u201eKuralpe-Kreuzhof\u201c in Lautertal im Odenwald gew\u00e4hlt. Morgens wurden die erforderlichen Vereinsregularien&hellip;<\/p>\n<\/div>\n\t\n<a href=\"https:\/\/www.nolana-schafe.de\/de-pages\/rueckblick-nolana-tagung-2017-viele-neue-mitglieder\/\" class=\"post-details details-type-link\" aria-label=\"Read more about R\u00fcckblick Nolana-Tagung 2017 \u2013 viele neue Mitglieder\">Weiterlesen...<i class=\"dt-icon-the7-arrow-03\" aria-hidden=\"true\"><\/i><\/a>\n\n<\/div><\/article><article class=\"post project-odd visible post-1449 type-post status-publish format-standard has-post-thumbnail hentry category-allgemein category-1 description-off\" data-name=\"26.08.2017: Nolana-Landschafe auf der Kreistierschau in Reiste\" data-date=\"2017-09-03T18:52:27+00:00\">\n\n<div class=\"post-thumbnail-wrap\">\n\t<div class=\"post-thumbnail\">\n\n\t\t\n\t\t\n\t\t<a href=\"https:\/\/www.nolana-schafe.de\/de-pages\/26-08-2017-nolana-landschafe-auf-der-kreistierschau-in-reiste\/\" class=\"post-thumbnail-rollover layzr-bg layzr-bg\" ><img decoding=\"async\" class=\"blog-thumb-lazy-load preload-me lazy-load aspect\" src=\"data:image\/svg+xml,%3Csvg%20xmlns%3D&#39;http%3A%2F%2Fwww.w3.org%2F2000%2Fsvg&#39;%20viewBox%3D&#39;0%200%20768%20512&#39;%2F%3E\" data-src=\"https:\/\/www.nolana-schafe.de\/de-pages\/wp-content\/uploads\/Reiste-768x512.jpeg\" data-srcset=\"https:\/\/www.nolana-schafe.de\/de-pages\/wp-content\/uploads\/Reiste-768x512.jpeg 768w, https:\/\/www.nolana-schafe.de\/de-pages\/wp-content\/uploads\/Reiste-1280x852.jpeg 1280w\" loading=\"eager\" style=\"--ratio: 768 \/ 512\" sizes=\"(max-width: 768px) 100vw, 768px\" alt=\"\" title=\"Ausstellung 26.08.2017\" width=\"768\" height=\"512\"  \/><\/a>\n\t<\/div>\n<\/div>\n\n\n<div class=\"post-entry-content\">\n\n\t<h3 class=\"entry-title\">\n\t\t<a href=\"https:\/\/www.nolana-schafe.de\/de-pages\/26-08-2017-nolana-landschafe-auf-der-kreistierschau-in-reiste\/\" title=\"26.08.2017: Nolana-Landschafe auf der Kreistierschau in Reiste\" rel=\"bookmark\">26.08.2017: Nolana-Landschafe auf der Kreistierschau in Reiste<\/a>\n\t<\/h3>\n\n\t<div class=\"entry-meta\"><a href=\"https:\/\/www.nolana-schafe.de\/de-pages\/2017\/09\/03\/\" title=\"18:52\" class=\"data-link\" rel=\"bookmark\"><time class=\"entry-date updated\" datetime=\"2017-09-03T18:52:27+00:00\">3. September 2017<\/time><\/a><\/div>\n\t<div class=\"entry-excerpt\"><p>Im Rahmen des Reister Marktes (Reiste im Sauerland) wird dort alle zwei Jahre eine gro\u00dfe Kreistierschau des Hochsauerlandkreises durchgef\u00fchrt. Im Vordergrund stehen dort zwar eher&hellip;<\/p>\n<\/div>\n\t\n<a href=\"https:\/\/www.nolana-schafe.de\/de-pages\/26-08-2017-nolana-landschafe-auf-der-kreistierschau-in-reiste\/\" class=\"post-details details-type-link\" aria-label=\"Read more about 26.08.2017: Nolana-Landschafe auf der Kreistierschau in Reiste\">Weiterlesen...<i class=\"dt-icon-the7-arrow-03\" aria-hidden=\"true\"><\/i><\/a>\n\n<\/div><\/article><article class=\"post project-odd visible post-1426 type-post status-publish format-image has-post-thumbnail hentry category-allgemein post_format-post-format-image category-1 description-off\" data-name=\"30.09.2017: Programm der Nolana-Veranstaltung steht\" data-date=\"2017-08-03T20:21:44+00:00\">\n\n<div class=\"post-thumbnail-wrap\">\n\t<div class=\"post-thumbnail\">\n\n\t\t\n\t\t\n\t\t<a href=\"https:\/\/www.nolana-schafe.de\/de-pages\/30-09-2017-programm-der-nolana-veranstaltung-steht\/\" class=\"post-thumbnail-rollover layzr-bg layzr-bg\" ><img decoding=\"async\" class=\"blog-thumb-lazy-load preload-me lazy-load aspect\" src=\"data:image\/svg+xml,%3Csvg%20xmlns%3D&#39;http%3A%2F%2Fwww.w3.org%2F2000%2Fsvg&#39;%20viewBox%3D&#39;0%200%20532%20355&#39;%2F%3E\" data-src=\"https:\/\/www.nolana-schafe.de\/de-pages\/wp-content\/uploads\/Ank\u00fcndigung-532x355.jpg\" data-srcset=\"https:\/\/www.nolana-schafe.de\/de-pages\/wp-content\/uploads\/Ank\u00fcndigung-532x355.jpg 532w\" loading=\"eager\" style=\"--ratio: 532 \/ 355\" sizes=\"(max-width: 532px) 100vw, 532px\" alt=\"\" title=\"Ank\u00fcndigung Programm 2017\" width=\"532\" height=\"355\"  \/><\/a>\n\t<\/div>\n<\/div>\n\n\n<div class=\"post-entry-content\">\n\n\t<h3 class=\"entry-title\">\n\t\t<a href=\"https:\/\/www.nolana-schafe.de\/de-pages\/30-09-2017-programm-der-nolana-veranstaltung-steht\/\" title=\"30.09.2017: Programm der Nolana-Veranstaltung steht\" rel=\"bookmark\">30.09.2017: Programm der Nolana-Veranstaltung steht<\/a>\n\t<\/h3>\n\n\t<div class=\"entry-meta\"><a href=\"https:\/\/www.nolana-schafe.de\/de-pages\/2017\/08\/03\/\" title=\"20:21\" class=\"data-link\" rel=\"bookmark\"><time class=\"entry-date updated\" datetime=\"2017-08-03T20:21:44+00:00\">3. August 2017<\/time><\/a><\/div>\n\t<div class=\"entry-excerpt\"><p>Die diesj\u00e4hrige Nolana-Veranstaltung wird nicht nur auf die Nolana-Fleisch- und Nolana-Landschafzucht beschr\u00e4nkt, sondern ist vielmehr als ein gemeinschaftlicher &#8222;Haarschaftag&#8220; zu verstehen. So werden neben rassetypischen&hellip;<\/p>\n<\/div>\n\t\n<a href=\"https:\/\/www.nolana-schafe.de\/de-pages\/30-09-2017-programm-der-nolana-veranstaltung-steht\/\" class=\"post-details details-type-link\" aria-label=\"Read more about 30.09.2017: Programm der Nolana-Veranstaltung steht\">Weiterlesen...<i class=\"dt-icon-the7-arrow-03\" aria-hidden=\"true\"><\/i><\/a>\n\n<\/div><\/article><article class=\"post project-odd visible no-img post-1422 type-post status-publish format-standard hentry category-allgemein category-1 description-off\" data-name=\"9 August 2017: Exlana-Bockauktion in Gro\u00dfbritannien\" data-date=\"2017-07-29T07:42:42+00:00\">\n\n<div class=\"post-entry-content\">\n\n\t<h3 class=\"entry-title\">\n\t\t<a href=\"https:\/\/www.nolana-schafe.de\/de-pages\/9-august-2017-exlana-bockauktion-in-grossbritannien\/\" title=\"9 August 2017: Exlana-Bockauktion in Gro\u00dfbritannien\" rel=\"bookmark\">9 August 2017: Exlana-Bockauktion in Gro\u00dfbritannien<\/a>\n\t<\/h3>\n\n\t<div class=\"entry-meta\"><a href=\"https:\/\/www.nolana-schafe.de\/de-pages\/2017\/07\/29\/\" title=\"7:42\" class=\"data-link\" rel=\"bookmark\"><time class=\"entry-date updated\" datetime=\"2017-07-29T07:42:42+00:00\">29. Juli 2017<\/time><\/a><\/div>\n\t<div class=\"entry-excerpt\"><p>Unsere Z\u00fcchterkollegen Tim White und Peter Baber organisieren in Ihrem Exlana-Projekt eine gro\u00dfe Bockauktion am 09.August 2017. Der Katalog der zu versteigernden Exlana\u00b4s kann \u00fcber&hellip;<\/p>\n<\/div>\n\t\n<a href=\"https:\/\/www.nolana-schafe.de\/de-pages\/9-august-2017-exlana-bockauktion-in-grossbritannien\/\" class=\"post-details details-type-link\" aria-label=\"Read more about 9 August 2017: Exlana-Bockauktion in Gro\u00dfbritannien\">Weiterlesen...<i class=\"dt-icon-the7-arrow-03\" aria-hidden=\"true\"><\/i><\/a>\n\n<\/div><\/article><article class=\"post project-odd visible no-img post-1390 type-post status-publish format-standard hentry category-allgemein category-1 description-off\" data-name=\"30.09.2017 &#8211; Nolana-Jahreskonferenz &#8211; Terminblocker\" data-date=\"2017-03-06T20:09:20+00:00\">\n\n<div class=\"post-entry-content\">\n\n\t<h3 class=\"entry-title\">\n\t\t<a href=\"https:\/\/www.nolana-schafe.de\/de-pages\/30-09-2017-nolana-jahreskonferenz-terminblocker\/\" title=\"30.09.2017 &#8211; Nolana-Jahreskonferenz &#8211; Terminblocker\" rel=\"bookmark\">30.09.2017 &#8211; Nolana-Jahreskonferenz &#8211; Terminblocker<\/a>\n\t<\/h3>\n\n\t<div class=\"entry-meta\"><a href=\"https:\/\/www.nolana-schafe.de\/de-pages\/2017\/03\/06\/\" title=\"20:09\" class=\"data-link\" rel=\"bookmark\"><time class=\"entry-date updated\" datetime=\"2017-03-06T20:09:20+00:00\">6. M\u00e4rz 2017<\/time><\/a><\/div>\n\t<div class=\"entry-excerpt\"><p>Die diesj\u00e4hrige Nolana-Jahreskonferenz wird am 30.09.2017 im Kuralpe-Kreuzhof, Kuralpe 2, 64686 Lautertal (Odenwald) stattfinden. (www.kuralpe.de). Bitte schon einmal den Termin vormerken. Das Nachmittagsprogramm erfolgt in&hellip;<\/p>\n<\/div>\n\t\n<a href=\"https:\/\/www.nolana-schafe.de\/de-pages\/30-09-2017-nolana-jahreskonferenz-terminblocker\/\" class=\"post-details details-type-link\" aria-label=\"Read more about 30.09.2017 &#8211; Nolana-Jahreskonferenz &#8211; Terminblocker\">Weiterlesen...<i class=\"dt-icon-the7-arrow-03\" aria-hidden=\"true\"><\/i><\/a>\n\n<\/div><\/article><article class=\"post project-odd visible post-1388 type-post status-publish format-image has-post-thumbnail hentry category-allgemein post_format-post-format-image category-1 description-off\" data-name=\"Presseartikel \u00fcber Nolana-Landschafe\" data-date=\"2017-02-25T19:53:41+00:00\">\n\n<div class=\"post-thumbnail-wrap\">\n\t<div class=\"post-thumbnail\">\n\n\t\t\n\t\t\n\t\t<a href=\"https:\/\/www.nolana-schafe.de\/de-pages\/presseartikel-ueber-nolana-landschafe\/\" class=\"post-thumbnail-rollover layzr-bg layzr-bg\" ><img decoding=\"async\" class=\"blog-thumb-lazy-load preload-me lazy-load aspect\" src=\"data:image\/svg+xml,%3Csvg%20xmlns%3D&#39;http%3A%2F%2Fwww.w3.org%2F2000%2Fsvg&#39;%20viewBox%3D&#39;0%200%20768%20512&#39;%2F%3E\" data-src=\"https:\/\/www.nolana-schafe.de\/de-pages\/wp-content\/uploads\/PresseNeuber-768x512.jpg\" data-srcset=\"https:\/\/www.nolana-schafe.de\/de-pages\/wp-content\/uploads\/PresseNeuber-768x512.jpg 768w, https:\/\/www.nolana-schafe.de\/de-pages\/wp-content\/uploads\/PresseNeuber-795x530.jpg 795w\" loading=\"eager\" style=\"--ratio: 768 \/ 512\" sizes=\"(max-width: 768px) 100vw, 768px\" alt=\"\" title=\"PresseNeuber\" width=\"768\" height=\"512\"  \/><\/a>\n\t<\/div>\n<\/div>\n\n\n<div class=\"post-entry-content\">\n\n\t<h3 class=\"entry-title\">\n\t\t<a href=\"https:\/\/www.nolana-schafe.de\/de-pages\/presseartikel-ueber-nolana-landschafe\/\" title=\"Presseartikel \u00fcber Nolana-Landschafe\" rel=\"bookmark\">Presseartikel \u00fcber Nolana-Landschafe<\/a>\n\t<\/h3>\n\n\t<div class=\"entry-meta\"><a href=\"https:\/\/www.nolana-schafe.de\/de-pages\/2017\/02\/25\/\" title=\"19:53\" class=\"data-link\" rel=\"bookmark\"><time class=\"entry-date updated\" datetime=\"2017-02-25T19:53:41+00:00\">25. Februar 2017<\/time><\/a><\/div>\n\t<div class=\"entry-excerpt\"><p>Die &#8222;FreiePresse&#8220; hat \u00a0unser Vereinsmitglied J\u00f6rg Neuber in Dittersbach\/Neuhausen im Erzgebirge besucht und sich vor Ort \u00fcber (seine) Nolana-Schafe informiert. J\u00f6rg z\u00fcchtet Nolana-Landschafe im Herdbuch.&hellip;<\/p>\n<\/div>\n\t\n<a href=\"https:\/\/www.nolana-schafe.de\/de-pages\/presseartikel-ueber-nolana-landschafe\/\" class=\"post-details details-type-link\" aria-label=\"Read more about Presseartikel \u00fcber Nolana-Landschafe\">Weiterlesen...<i class=\"dt-icon-the7-arrow-03\" aria-hidden=\"true\"><\/i><\/a>\n\n<\/div><\/article><article class=\"post project-odd visible no-img post-1404 type-post status-publish format-standard hentry category-allgemein category-1 description-off\" data-name=\"R\u00fcckschau 1. NOL-Landschaftag durch SZV NRW\" data-date=\"2017-01-08T12:52:37+00:00\">\n\n<div class=\"post-entry-content\">\n\n\t<h3 class=\"entry-title\">\n\t\t<a href=\"https:\/\/www.nolana-schafe.de\/de-pages\/rueckschau-1-nol-landschaftag-durch-szv-nrw\/\" title=\"R\u00fcckschau 1. NOL-Landschaftag durch SZV NRW\" rel=\"bookmark\">R\u00fcckschau 1. NOL-Landschaftag durch SZV NRW<\/a>\n\t<\/h3>\n\n\t<div class=\"entry-meta\"><a href=\"https:\/\/www.nolana-schafe.de\/de-pages\/2017\/01\/08\/\" title=\"12:52\" class=\"data-link\" rel=\"bookmark\"><time class=\"entry-date updated\" datetime=\"2017-01-08T12:52:37+00:00\">8. Januar 2017<\/time><\/a><\/div>\n\t<div class=\"entry-excerpt\"><p>In der Ausgabe 4\/2016 der Schafnachrichten des Schafzuchtverbandes wurde ebenfalls ein R\u00fcckblick \u00fcber den Nolana-Landschaftag verfasst und ein sehr positives Fazit gezogen. Den Bericht der&hellip;<\/p>\n<\/div>\n\t\n<a href=\"https:\/\/www.nolana-schafe.de\/de-pages\/rueckschau-1-nol-landschaftag-durch-szv-nrw\/\" class=\"post-details details-type-link\" aria-label=\"Read more about R\u00fcckschau 1. NOL-Landschaftag durch SZV NRW\">Weiterlesen...<i class=\"dt-icon-the7-arrow-03\" aria-hidden=\"true\"><\/i><\/a>\n\n<\/div><\/article><article class=\"post project-odd visible no-img post-1377 type-post status-publish format-standard hentry category-allgemein category-1 description-off\" data-name=\"01.10.16: Schafhalterverein Siegerland besucht Nolana-Zuchtst\u00e4tte im Sauerland\" data-date=\"2016-12-24T10:43:45+00:00\">\n\n<div class=\"post-entry-content\">\n\n\t<h3 class=\"entry-title\">\n\t\t<a href=\"https:\/\/www.nolana-schafe.de\/de-pages\/01-10-16-schafhalterverein-siegerland-besucht-nolana-zuchtstaette-im-sauerland\/\" title=\"01.10.16: Schafhalterverein Siegerland besucht Nolana-Zuchtst\u00e4tte im Sauerland\" rel=\"bookmark\">01.10.16: Schafhalterverein Siegerland besucht Nolana-Zuchtst\u00e4tte im Sauerland<\/a>\n\t<\/h3>\n\n\t<div class=\"entry-meta\"><a href=\"https:\/\/www.nolana-schafe.de\/de-pages\/2016\/12\/24\/\" title=\"10:43\" class=\"data-link\" rel=\"bookmark\"><time class=\"entry-date updated\" datetime=\"2016-12-24T10:43:45+00:00\">24. Dezember 2016<\/time><\/a><\/div>\n\t<div class=\"entry-excerpt\"><p>Am Samstag den 1. Oktober machte sich der Schafhalterverein Siegerland und Umgebung zu seiner j\u00e4hrlichen Lehrfahrt auf den Weg, um unter anderem auch das Nolana-Projekt&hellip;<\/p>\n<\/div>\n\t\n<a href=\"https:\/\/www.nolana-schafe.de\/de-pages\/01-10-16-schafhalterverein-siegerland-besucht-nolana-zuchtstaette-im-sauerland\/\" class=\"post-details details-type-link\" aria-label=\"Read more about 01.10.16: Schafhalterverein Siegerland besucht Nolana-Zuchtst\u00e4tte im Sauerland\">Weiterlesen...<i class=\"dt-icon-the7-arrow-03\" aria-hidden=\"true\"><\/i><\/a>\n\n<\/div><\/article><article class=\"post project-odd visible no-img post-1368 type-post status-publish format-standard hentry category-allgemein category-1 description-off\" data-name=\"29.\/30.10.2016: Ausstellung von Nolanaschafen &#8211; 1. Landwirtschaftsmesse G\u00f6rlitz\/Bautzen\" data-date=\"2016-11-07T18:42:32+00:00\">\n\n<div class=\"post-entry-content\">\n\n\t<h3 class=\"entry-title\">\n\t\t<a href=\"https:\/\/www.nolana-schafe.de\/de-pages\/29-30-10-2016-ausstellung-von-nolanaschafen-1-landwirtschaftsmesse-goerlitzbautzen\/\" title=\"29.\/30.10.2016: Ausstellung von Nolanaschafen &#8211; 1. Landwirtschaftsmesse G\u00f6rlitz\/Bautzen\" rel=\"bookmark\">29.\/30.10.2016: Ausstellung von Nolanaschafen &#8211; 1. Landwirtschaftsmesse G\u00f6rlitz\/Bautzen<\/a>\n\t<\/h3>\n\n\t<div class=\"entry-meta\"><a href=\"https:\/\/www.nolana-schafe.de\/de-pages\/2016\/11\/07\/\" title=\"18:42\" class=\"data-link\" rel=\"bookmark\"><time class=\"entry-date updated\" datetime=\"2016-11-07T18:42:32+00:00\">7. November 2016<\/time><\/a><\/div>\n\t<div class=\"entry-excerpt\"><p>(hg) Im Rahmen \u00a0der 1. Landwirtschaftsmesse der Landkreise G\u00f6rlitz und Bautzen stellte unser Vereinsmitglied Reinhard Mosig aus 02747 Herrnhut jeweils 1 Nolana-Fleischschaf (K\u00f6llitscher Abstammung) und&hellip;<\/p>\n<\/div>\n\t\n<a href=\"https:\/\/www.nolana-schafe.de\/de-pages\/29-30-10-2016-ausstellung-von-nolanaschafen-1-landwirtschaftsmesse-goerlitzbautzen\/\" class=\"post-details details-type-link\" aria-label=\"Read more about 29.\/30.10.2016: Ausstellung von Nolanaschafen &#8211; 1. Landwirtschaftsmesse G\u00f6rlitz\/Bautzen\">Weiterlesen...<i class=\"dt-icon-the7-arrow-03\" aria-hidden=\"true\"><\/i><\/a>\n\n<\/div><\/article><article class=\"post project-odd visible no-img post-1364 type-post status-publish format-standard hentry category-allgemein category-1 description-off\" data-name=\"04.11.2016: Was ist Schafwolle wert?\" data-date=\"2016-11-07T18:23:03+00:00\">\n\n<div class=\"post-entry-content\">\n\n\t<h3 class=\"entry-title\">\n\t\t<a href=\"https:\/\/www.nolana-schafe.de\/de-pages\/04-11-2016-was-ist-schafwolle-wert\/\" title=\"04.11.2016: Was ist Schafwolle wert?\" rel=\"bookmark\">04.11.2016: Was ist Schafwolle wert?<\/a>\n\t<\/h3>\n\n\t<div class=\"entry-meta\"><a href=\"https:\/\/www.nolana-schafe.de\/de-pages\/2016\/11\/07\/\" title=\"18:23\" class=\"data-link\" rel=\"bookmark\"><time class=\"entry-date updated\" datetime=\"2016-11-07T18:23:03+00:00\">7. November 2016<\/time><\/a><\/div>\n\t<div class=\"entry-excerpt\"><p>In der 44. Ausgabe des landwirtschaftlichen Wochenblattes Westfalen Lippe vom 04.11.2016 gab es einen interessanten Artikel \u00fcber den &#8222;Wert&#8220; der Schafwolle. Hier geht es um&hellip;<\/p>\n<\/div>\n\t\n<a href=\"https:\/\/www.nolana-schafe.de\/de-pages\/04-11-2016-was-ist-schafwolle-wert\/\" class=\"post-details details-type-link\" aria-label=\"Read more about 04.11.2016: Was ist Schafwolle wert?\">Weiterlesen...<i class=\"dt-icon-the7-arrow-03\" aria-hidden=\"true\"><\/i><\/a>\n\n<\/div><\/article><article class=\"post project-odd visible no-img post-1337 type-post status-publish format-standard hentry category-allgemein category-1 description-off\" data-name=\"Nolana-Landschaftag ein voller Erfolg &#8211; kurzer R\u00fcckblick\" data-date=\"2016-09-12T20:17:35+00:00\">\n\n<div class=\"post-entry-content\">\n\n\t<h3 class=\"entry-title\">\n\t\t<a href=\"https:\/\/www.nolana-schafe.de\/de-pages\/nolana-landschaftag-ein-voller-erfolg-kurzer-rueckblick\/\" title=\"Nolana-Landschaftag ein voller Erfolg &#8211; kurzer R\u00fcckblick\" rel=\"bookmark\">Nolana-Landschaftag ein voller Erfolg &#8211; kurzer R\u00fcckblick<\/a>\n\t<\/h3>\n\n\t<div class=\"entry-meta\"><a href=\"https:\/\/www.nolana-schafe.de\/de-pages\/2016\/09\/12\/\" title=\"20:17\" class=\"data-link\" rel=\"bookmark\"><time class=\"entry-date updated\" datetime=\"2016-09-12T20:17:35+00:00\">12. September 2016<\/time><\/a><\/div>\n\t<div class=\"entry-excerpt\"><p>Erster Nolana-Landschaftag erfolgreich Zum ersten Nolana-Landschaftag konnte Ulf Helming, Nolana-Landschafz\u00fcchter aus Augustdorf, rund 100 Z\u00fcchter und Besucher bei herrlichem Wetter im Waldinformationszentrum Hammerhof in Hardehausen&hellip;<\/p>\n<\/div>\n\t\n<a href=\"https:\/\/www.nolana-schafe.de\/de-pages\/nolana-landschaftag-ein-voller-erfolg-kurzer-rueckblick\/\" class=\"post-details details-type-link\" aria-label=\"Read more about Nolana-Landschaftag ein voller Erfolg &#8211; kurzer R\u00fcckblick\">Weiterlesen...<i class=\"dt-icon-the7-arrow-03\" aria-hidden=\"true\"><\/i><\/a>\n\n<\/div><\/article><article class=\"post project-odd visible no-img post-1324 type-post status-publish format-standard hentry category-allgemein category-1 description-off\" data-name=\"08.09.2016: Artikel \u00fcber NOL-Landschafe im Landwirtschaftlichen Wochenblatt\" data-date=\"2016-09-08T12:43:29+00:00\">\n\n<div class=\"post-entry-content\">\n\n\t<h3 class=\"entry-title\">\n\t\t<a href=\"https:\/\/www.nolana-schafe.de\/de-pages\/08-09-2016-artikel-ueber-nol-landschafe-im-wochenblatt\/\" title=\"08.09.2016: Artikel \u00fcber NOL-Landschafe im Landwirtschaftlichen Wochenblatt\" rel=\"bookmark\">08.09.2016: Artikel \u00fcber NOL-Landschafe im Landwirtschaftlichen Wochenblatt<\/a>\n\t<\/h3>\n\n\t<div class=\"entry-meta\"><a href=\"https:\/\/www.nolana-schafe.de\/de-pages\/2016\/09\/08\/\" title=\"12:43\" class=\"data-link\" rel=\"bookmark\"><time class=\"entry-date updated\" datetime=\"2016-09-08T12:43:29+00:00\">8. September 2016<\/time><\/a><\/div>\n\t<div class=\"entry-excerpt\"><p>In der aktuellen Ausgabe 36 des Wochenblattes f\u00fcr Landwirtschaft &amp; Landleben vom 08.09.2016 wurde ein Artikel \u00fcber Nolana-Schafe abgedruckt. Insbesondere wurde das Nolana-Landschaf aufgrund der&hellip;<\/p>\n<\/div>\n\t\n<a href=\"https:\/\/www.nolana-schafe.de\/de-pages\/08-09-2016-artikel-ueber-nol-landschafe-im-wochenblatt\/\" class=\"post-details details-type-link\" aria-label=\"Read more about 08.09.2016: Artikel \u00fcber NOL-Landschafe im Landwirtschaftlichen Wochenblatt\">Weiterlesen...<i class=\"dt-icon-the7-arrow-03\" aria-hidden=\"true\"><\/i><\/a>\n\n<\/div><\/article><article class=\"post project-odd visible no-img post-1318 type-post status-publish format-standard hentry category-allgemein category-1 description-off\" data-name=\"1. Nolana-Landschaftag (Samstag, 10. September) r\u00fcckt n\u00e4her\" data-date=\"2016-08-14T12:28:00+00:00\">\n\n<div class=\"post-entry-content\">\n\n\t<h3 class=\"entry-title\">\n\t\t<a href=\"https:\/\/www.nolana-schafe.de\/de-pages\/1-nolana-landschaftag-samstag-10-september-rueckt-naeher\/\" title=\"1. Nolana-Landschaftag (Samstag, 10. September) r\u00fcckt n\u00e4her\" rel=\"bookmark\">1. Nolana-Landschaftag (Samstag, 10. September) r\u00fcckt n\u00e4her<\/a>\n\t<\/h3>\n\n\t<div class=\"entry-meta\"><a href=\"https:\/\/www.nolana-schafe.de\/de-pages\/2016\/08\/14\/\" title=\"12:28\" class=\"data-link\" rel=\"bookmark\"><time class=\"entry-date updated\" datetime=\"2016-08-14T12:28:00+00:00\">14. August 2016<\/time><\/a><\/div>\n\t<div class=\"entry-excerpt\"><p>Der 1. Nolana-Landschaftag, der im Rahmen der j\u00e4hrlichen Nolana-Tagung am 10. September 2016 im Waldinformationszentrum Hammerhof (Warburg-Scherfede) stattfindet, r\u00fcckt n\u00e4her. Nachfolgend eine Beschreibung des Programms&hellip;<\/p>\n<\/div>\n\t\n<a href=\"https:\/\/www.nolana-schafe.de\/de-pages\/1-nolana-landschaftag-samstag-10-september-rueckt-naeher\/\" class=\"post-details details-type-link\" aria-label=\"Read more about 1. Nolana-Landschaftag (Samstag, 10. September) r\u00fcckt n\u00e4her\">Weiterlesen...<i class=\"dt-icon-the7-arrow-03\" aria-hidden=\"true\"><\/i><\/a>\n\n<\/div><\/article><article class=\"post project-odd visible no-img post-1312 type-post status-publish format-standard hentry category-allgemein category-1 description-off\" data-name=\"04.11.2016: Nolana-Vortrag in Irdning-Donnersbachtal\" data-date=\"2016-08-06T17:32:26+00:00\">\n\n<div class=\"post-entry-content\">\n\n\t<h3 class=\"entry-title\">\n\t\t<a href=\"https:\/\/www.nolana-schafe.de\/de-pages\/04-11-2016-nolana-vortrag-in-irdning-donnersbachtal\/\" title=\"04.11.2016: Nolana-Vortrag in Irdning-Donnersbachtal\" rel=\"bookmark\">04.11.2016: Nolana-Vortrag in Irdning-Donnersbachtal<\/a>\n\t<\/h3>\n\n\t<div class=\"entry-meta\"><a href=\"https:\/\/www.nolana-schafe.de\/de-pages\/2016\/08\/06\/\" title=\"17:32\" class=\"data-link\" rel=\"bookmark\"><time class=\"entry-date updated\" datetime=\"2016-08-06T17:32:26+00:00\">6. August 2016<\/time><\/a><\/div>\n\t<div class=\"entry-excerpt\"><p>In \u00d6sterreich w\u00e4chst aktuell das Interesse am Nolana-Projekt rasant an. Aus diesem Grund wurde Herr Dr. Rolf Minhorst gebeten, das Nolana-Projekt auf der 9. Fachtagung&hellip;<\/p>\n<\/div>\n\t\n<a href=\"https:\/\/www.nolana-schafe.de\/de-pages\/04-11-2016-nolana-vortrag-in-irdning-donnersbachtal\/\" class=\"post-details details-type-link\" aria-label=\"Read more about 04.11.2016: Nolana-Vortrag in Irdning-Donnersbachtal\">Weiterlesen...<i class=\"dt-icon-the7-arrow-03\" aria-hidden=\"true\"><\/i><\/a>\n\n<\/div><\/article><article class=\"post project-odd visible no-img post-1308 type-post status-publish format-standard hentry category-allgemein category-1 description-off\" data-name=\"24-26.06.2016: Besuch der schweizerischen Z\u00fcchterkollegen\" data-date=\"2016-08-06T17:25:12+00:00\">\n\n<div class=\"post-entry-content\">\n\n\t<h3 class=\"entry-title\">\n\t\t<a href=\"https:\/\/www.nolana-schafe.de\/de-pages\/25-06-2016-besuch-der-schweizerischen-zuechterkollegen\/\" title=\"24-26.06.2016: Besuch der schweizerischen Z\u00fcchterkollegen\" rel=\"bookmark\">24-26.06.2016: Besuch der schweizerischen Z\u00fcchterkollegen<\/a>\n\t<\/h3>\n\n\t<div class=\"entry-meta\"><a href=\"https:\/\/www.nolana-schafe.de\/de-pages\/2016\/08\/06\/\" title=\"17:25\" class=\"data-link\" rel=\"bookmark\"><time class=\"entry-date updated\" datetime=\"2016-08-06T17:25:12+00:00\">6. August 2016<\/time><\/a><\/div>\n\t<div class=\"entry-excerpt\"><p>Vom 24. &#8211; 26. Juni 2016 f\u00fchrte die erste Vereinsfahrt der Schweizer Nolana-Z\u00fcchterkollegen nach Deutschland. Sie besuchten die Zuchtbetriebe Gunder Peschke (Nolana-Fleischschafe), Urs J\u00e4ger und&hellip;<\/p>\n<\/div>\n\t\n<a href=\"https:\/\/www.nolana-schafe.de\/de-pages\/25-06-2016-besuch-der-schweizerischen-zuechterkollegen\/\" class=\"post-details details-type-link\" aria-label=\"Read more about 24-26.06.2016: Besuch der schweizerischen Z\u00fcchterkollegen\">Weiterlesen...<i class=\"dt-icon-the7-arrow-03\" aria-hidden=\"true\"><\/i><\/a>\n\n<\/div><\/article><article class=\"post project-odd visible no-img post-1305 type-post status-publish format-standard hentry category-allgemein category-1 description-off\" data-name=\"Exlana-Newsletter unserer Z\u00fcchterkollegen aus England\" data-date=\"2016-08-06T17:04:49+00:00\">\n\n<div class=\"post-entry-content\">\n\n\t<h3 class=\"entry-title\">\n\t\t<a href=\"https:\/\/www.nolana-schafe.de\/de-pages\/exlana-newsletter-unserer-zuechterkollegen-aus-england\/\" title=\"Exlana-Newsletter unserer Z\u00fcchterkollegen aus England\" rel=\"bookmark\">Exlana-Newsletter unserer Z\u00fcchterkollegen aus England<\/a>\n\t<\/h3>\n\n\t<div class=\"entry-meta\"><a href=\"https:\/\/www.nolana-schafe.de\/de-pages\/2016\/08\/06\/\" title=\"17:04\" class=\"data-link\" rel=\"bookmark\"><time class=\"entry-date updated\" datetime=\"2016-08-06T17:04:49+00:00\">6. August 2016<\/time><\/a><\/div>\n\t<div class=\"entry-excerpt\"><p>Newsletter Spring 2016 &nbsp; &nbsp; Da Gro\u00dfbritannien nun leider die EU verl\u00e4sst, sollten alle Z\u00fcchter, die sich ohnehin mit diesem Gedanken tragen, ihre Importpl\u00e4ne gut&hellip;<\/p>\n<\/div>\n\t\n<a href=\"https:\/\/www.nolana-schafe.de\/de-pages\/exlana-newsletter-unserer-zuechterkollegen-aus-england\/\" class=\"post-details details-type-link\" aria-label=\"Read more about Exlana-Newsletter unserer Z\u00fcchterkollegen aus England\">Weiterlesen...<i class=\"dt-icon-the7-arrow-03\" aria-hidden=\"true\"><\/i><\/a>\n\n<\/div><\/article><article class=\"post project-odd visible no-img post-1283 type-post status-publish format-standard hentry category-allgemein category-1 description-off\" data-name=\"Nolana-Portrait im Schaf- und Ziegenfachmagazin \u00d6sterreich\" data-date=\"2016-05-11T08:14:26+00:00\">\n\n<div class=\"post-entry-content\">\n\n\t<h3 class=\"entry-title\">\n\t\t<a href=\"https:\/\/www.nolana-schafe.de\/de-pages\/nolana-portrait-im-schaf-und-ziegenfachmagazin-oesterreich\/\" title=\"Nolana-Portrait im Schaf- und Ziegenfachmagazin \u00d6sterreich\" rel=\"bookmark\">Nolana-Portrait im Schaf- und Ziegenfachmagazin \u00d6sterreich<\/a>\n\t<\/h3>\n\n\t<div class=\"entry-meta\"><a href=\"https:\/\/www.nolana-schafe.de\/de-pages\/2016\/05\/11\/\" title=\"8:14\" class=\"data-link\" rel=\"bookmark\"><time class=\"entry-date updated\" datetime=\"2016-05-11T08:14:26+00:00\">11. Mai 2016<\/time><\/a><\/div>\n\t<div class=\"entry-excerpt\"><p>In der Maiausgabe der \u00f6sterreichischen Fachzeitschrift &#8222;Schafe&amp;Ziegen&#8220; werden ab Seite 36 die beiden Zuchtrichtungen des Nolana-Schafes sehr sch\u00f6n bebildert dargestellt. Vermutlich haupts\u00e4chlich aufgrund des Artikels&hellip;<\/p>\n<\/div>\n\t\n<a href=\"https:\/\/www.nolana-schafe.de\/de-pages\/nolana-portrait-im-schaf-und-ziegenfachmagazin-oesterreich\/\" class=\"post-details details-type-link\" aria-label=\"Read more about Nolana-Portrait im Schaf- und Ziegenfachmagazin \u00d6sterreich\">Weiterlesen...<i class=\"dt-icon-the7-arrow-03\" aria-hidden=\"true\"><\/i><\/a>\n\n<\/div><\/article><article class=\"post project-odd visible no-img post-1268 type-post status-publish format-standard hentry category-allgemein category-1 description-off\" data-name=\"Wer m\u00f6chte gerne Tiere ausstellen am 10.09.2016 &#8211; Nolana-Landschaftag?\" data-date=\"2016-03-12T09:02:06+00:00\">\n\n<div class=\"post-entry-content\">\n\n\t<h3 class=\"entry-title\">\n\t\t<a href=\"https:\/\/www.nolana-schafe.de\/de-pages\/wer-moechte-gerne-tiere-ausstellen-am-10-09-2016-nolana-landschaftag\/\" title=\"Wer m\u00f6chte gerne Tiere ausstellen am 10.09.2016 &#8211; Nolana-Landschaftag?\" rel=\"bookmark\">Wer m\u00f6chte gerne Tiere ausstellen am 10.09.2016 &#8211; Nolana-Landschaftag?<\/a>\n\t<\/h3>\n\n\t<div class=\"entry-meta\"><a href=\"https:\/\/www.nolana-schafe.de\/de-pages\/2016\/03\/12\/\" title=\"9:02\" class=\"data-link\" rel=\"bookmark\"><time class=\"entry-date updated\" datetime=\"2016-03-12T09:02:06+00:00\">12. M\u00e4rz 2016<\/time><\/a><\/div>\n\t<div class=\"entry-excerpt\"><p>Wir suchen Aussteller von Nolana-Landschafen am 10.09.2016 im Rahmen es 1. Nolana-Landschaftages im Hammerhof Warburg-Scherfede. Die Tiere m\u00fcssen keine Herdbuchtiere sein, sie sollen aber dem&hellip;<\/p>\n<\/div>\n\t\n<a href=\"https:\/\/www.nolana-schafe.de\/de-pages\/wer-moechte-gerne-tiere-ausstellen-am-10-09-2016-nolana-landschaftag\/\" class=\"post-details details-type-link\" aria-label=\"Read more about Wer m\u00f6chte gerne Tiere ausstellen am 10.09.2016 &#8211; Nolana-Landschaftag?\">Weiterlesen...<i class=\"dt-icon-the7-arrow-03\" aria-hidden=\"true\"><\/i><\/a>\n\n<\/div><\/article><article class=\"post project-odd visible no-img post-1262 type-post status-publish format-standard hentry category-allgemein category-1 description-off\" data-name=\"! Termin vormerken ! : Vorank\u00fcndigung 1. Nolana-Landschaf-Tag am 10.09.2016\" data-date=\"2016-03-06T17:46:45+00:00\">\n\n<div class=\"post-entry-content\">\n\n\t<h3 class=\"entry-title\">\n\t\t<a href=\"https:\/\/www.nolana-schafe.de\/de-pages\/termin-vormerken-vorankuendigung-1-nolana-landschaf-tag-am-10-09-2016\/\" title=\"! Termin vormerken ! : Vorank\u00fcndigung 1. Nolana-Landschaf-Tag am 10.09.2016\" rel=\"bookmark\">! Termin vormerken ! : Vorank\u00fcndigung 1. Nolana-Landschaf-Tag am 10.09.2016<\/a>\n\t<\/h3>\n\n\t<div class=\"entry-meta\"><a href=\"https:\/\/www.nolana-schafe.de\/de-pages\/2016\/03\/06\/\" title=\"17:46\" class=\"data-link\" rel=\"bookmark\"><time class=\"entry-date updated\" datetime=\"2016-03-06T17:46:45+00:00\">6. M\u00e4rz 2016<\/time><\/a><\/div>\n\t<div class=\"entry-excerpt\"><p>Der Verein Nolana-Netzwerk Deutschland e. V. legt in diesem Jahr im Rahmen der j\u00e4hrlichen Nolana-Tagung den Schwerpunkt auf das Nolana-Landschaf und veranstaltet den 1. Nolana-Landschaftag.&hellip;<\/p>\n<\/div>\n\t\n<a href=\"https:\/\/www.nolana-schafe.de\/de-pages\/termin-vormerken-vorankuendigung-1-nolana-landschaf-tag-am-10-09-2016\/\" class=\"post-details details-type-link\" aria-label=\"Read more about ! Termin vormerken ! : Vorank\u00fcndigung 1. Nolana-Landschaf-Tag am 10.09.2016\">Weiterlesen...<i class=\"dt-icon-the7-arrow-03\" aria-hidden=\"true\"><\/i><\/a>\n\n<\/div><\/article><article class=\"post project-odd visible no-img post-1236 type-post status-publish format-standard hentry category-allgemein category-1 description-off\" data-name=\"Dezember 2015: Presseartikel \u00fcber die Vorz\u00fcge von Nolana-Schafen\" data-date=\"2016-01-11T18:59:53+00:00\">\n\n<div class=\"post-entry-content\">\n\n\t<h3 class=\"entry-title\">\n\t\t<a href=\"https:\/\/www.nolana-schafe.de\/de-pages\/dezember-2015-presseartikel-ueber-das-nolana-seminar-an-der-uni-giessen\/\" title=\"Dezember 2015: Presseartikel \u00fcber die Vorz\u00fcge von Nolana-Schafen\" rel=\"bookmark\">Dezember 2015: Presseartikel \u00fcber die Vorz\u00fcge von Nolana-Schafen<\/a>\n\t<\/h3>\n\n\t<div class=\"entry-meta\"><a href=\"https:\/\/www.nolana-schafe.de\/de-pages\/2016\/01\/11\/\" title=\"18:59\" class=\"data-link\" rel=\"bookmark\"><time class=\"entry-date updated\" datetime=\"2016-01-11T18:59:53+00:00\">11. Januar 2016<\/time><\/a><\/div>\n\t<div class=\"entry-excerpt\"><p>Mit Klick auf den untenstehenden Link gelangen Sie auf den Presseartikel, der im Rahmen des Nutztierseminars anhand des Vortrages unseres 1. Vorsitzenden Herrn Dr. Rolf&hellip;<\/p>\n<\/div>\n\t\n<a href=\"https:\/\/www.nolana-schafe.de\/de-pages\/dezember-2015-presseartikel-ueber-das-nolana-seminar-an-der-uni-giessen\/\" class=\"post-details details-type-link\" aria-label=\"Read more about Dezember 2015: Presseartikel \u00fcber die Vorz\u00fcge von Nolana-Schafen\">Weiterlesen...<i class=\"dt-icon-the7-arrow-03\" aria-hidden=\"true\"><\/i><\/a>\n\n<\/div><\/article><article class=\"post project-odd visible no-img post-1212 type-post status-publish format-standard hentry category-allgemein category-1 description-off\" data-name=\"08.12.2015 &#8211; Nolana-Banner sind fertig !!!\" data-date=\"2015-12-08T18:54:56+00:00\">\n\n<div class=\"post-entry-content\">\n\n\t<h3 class=\"entry-title\">\n\t\t<a href=\"https:\/\/www.nolana-schafe.de\/de-pages\/08-12-2015-nolana-banner-sind-fertig\/\" title=\"08.12.2015 &#8211; Nolana-Banner sind fertig !!!\" rel=\"bookmark\">08.12.2015 &#8211; Nolana-Banner sind fertig !!!<\/a>\n\t<\/h3>\n\n\t<div class=\"entry-meta\"><a href=\"https:\/\/www.nolana-schafe.de\/de-pages\/2015\/12\/08\/\" title=\"18:54\" class=\"data-link\" rel=\"bookmark\"><time class=\"entry-date updated\" datetime=\"2015-12-08T18:54:56+00:00\">8. Dezember 2015<\/time><\/a><\/div>\n\t<div class=\"entry-excerpt\"><p>Die Bestellung der Nolana-Banner ist nun abgeschlossen, die Banner sind produziert und werden nun in K\u00fcrze verschickt. Das Nolana-Netzwerk hat noch ein paar Banner auf&hellip;<\/p>\n<\/div>\n\t\n<a href=\"https:\/\/www.nolana-schafe.de\/de-pages\/08-12-2015-nolana-banner-sind-fertig\/\" class=\"post-details details-type-link\" aria-label=\"Read more about 08.12.2015 &#8211; Nolana-Banner sind fertig !!!\">Weiterlesen...<i class=\"dt-icon-the7-arrow-03\" aria-hidden=\"true\"><\/i><\/a>\n\n<\/div><\/article><article class=\"post project-odd visible no-img post-1200 type-post status-publish format-standard hentry category-allgemein category-1 description-off\" data-name=\"28.10.2015: Ausstellung von Nolana Fleisch- und Landschafen in Wittlich-Niersbach\" data-date=\"2015-11-07T21:05:09+00:00\">\n\n<div class=\"post-entry-content\">\n\n\t<h3 class=\"entry-title\">\n\t\t<a href=\"https:\/\/www.nolana-schafe.de\/de-pages\/28-10-2015-ausstellung-von-nolana-fleisch-und-landschafen-in-wittlich-niersbach\/\" title=\"28.10.2015: Ausstellung von Nolana Fleisch- und Landschafen in Wittlich-Niersbach\" rel=\"bookmark\">28.10.2015: Ausstellung von Nolana Fleisch- und Landschafen in Wittlich-Niersbach<\/a>\n\t<\/h3>\n\n\t<div class=\"entry-meta\"><a href=\"https:\/\/www.nolana-schafe.de\/de-pages\/2015\/11\/07\/\" title=\"21:05\" class=\"data-link\" rel=\"bookmark\"><time class=\"entry-date updated\" datetime=\"2015-11-07T21:05:09+00:00\">7. November 2015<\/time><\/a><\/div>\n\t<div class=\"entry-excerpt\"><p>Am 28.10.2015 stellten unsere Mitglieder Rainer Wagner und Jan Engelmeyer Nolana-Schafe beider Zuchtrichtungen (Fleisch- und Landschafe) im Rahmen der Kleintierschau in Wittlich-Niersbach aus. Herr Minhorst&hellip;<\/p>\n<\/div>\n\t\n<a href=\"https:\/\/www.nolana-schafe.de\/de-pages\/28-10-2015-ausstellung-von-nolana-fleisch-und-landschafen-in-wittlich-niersbach\/\" class=\"post-details details-type-link\" aria-label=\"Read more about 28.10.2015: Ausstellung von Nolana Fleisch- und Landschafen in Wittlich-Niersbach\">Weiterlesen...<i class=\"dt-icon-the7-arrow-03\" aria-hidden=\"true\"><\/i><\/a>\n\n<\/div><\/article><article class=\"post project-odd visible no-img post-1197 type-post status-publish format-standard hentry category-allgemein category-1 description-off\" data-name=\"31.10.2015: Gr\u00fcndung &#8222;Schafzuchtverein Nolana Schweiz&#8220;\" data-date=\"2015-11-07T17:46:30+00:00\">\n\n<div class=\"post-entry-content\">\n\n\t<h3 class=\"entry-title\">\n\t\t<a href=\"https:\/\/www.nolana-schafe.de\/de-pages\/31-10-2015-gruendung-schafzuchtverein-nolana-schweiz\/\" title=\"31.10.2015: Gr\u00fcndung &#8222;Schafzuchtverein Nolana Schweiz&#8220;\" rel=\"bookmark\">31.10.2015: Gr\u00fcndung &#8222;Schafzuchtverein Nolana Schweiz&#8220;<\/a>\n\t<\/h3>\n\n\t<div class=\"entry-meta\"><a href=\"https:\/\/www.nolana-schafe.de\/de-pages\/2015\/11\/07\/\" title=\"17:46\" class=\"data-link\" rel=\"bookmark\"><time class=\"entry-date updated\" datetime=\"2015-11-07T17:46:30+00:00\">7. November 2015<\/time><\/a><\/div>\n\t<div class=\"entry-excerpt\"><p>Im nachfolgenden Dokument finden Sie Informationen zur Gr\u00fcndung des Schafzuchtvereins Nolana Schweiz. NOL-Zuchtverein Schweiz<\/p>\n<\/div>\n\t\n<a href=\"https:\/\/www.nolana-schafe.de\/de-pages\/31-10-2015-gruendung-schafzuchtverein-nolana-schweiz\/\" class=\"post-details details-type-link\" aria-label=\"Read more about 31.10.2015: Gr\u00fcndung &#8222;Schafzuchtverein Nolana Schweiz&#8220;\">Weiterlesen...<i class=\"dt-icon-the7-arrow-03\" aria-hidden=\"true\"><\/i><\/a>\n\n<\/div><\/article><article class=\"post project-odd visible no-img post-1192 type-post status-publish format-standard hentry category-allgemein category-1 description-off\" data-name=\"Nolana-Werbebanner im Angebot &#8211; Bestellungen werden bis 31.10.15 gesammelt\" data-date=\"2015-10-27T06:47:29+00:00\">\n\n<div class=\"post-entry-content\">\n\n\t<h3 class=\"entry-title\">\n\t\t<a href=\"https:\/\/www.nolana-schafe.de\/de-pages\/nolana-werbebanner-im-angebot-bestellungen-werden-bis-31-10-15-gesammelt\/\" title=\"Nolana-Werbebanner im Angebot &#8211; Bestellungen werden bis 31.10.15 gesammelt\" rel=\"bookmark\">Nolana-Werbebanner im Angebot &#8211; Bestellungen werden bis 31.10.15 gesammelt<\/a>\n\t<\/h3>\n\n\t<div class=\"entry-meta\"><a href=\"https:\/\/www.nolana-schafe.de\/de-pages\/2015\/10\/27\/\" title=\"6:47\" class=\"data-link\" rel=\"bookmark\"><time class=\"entry-date updated\" datetime=\"2015-10-27T06:47:29+00:00\">27. Oktober 2015<\/time><\/a><\/div>\n\t<div class=\"entry-excerpt\"><p>Das Nolana-Netzwerk Deutschland e. V. bietet allen Mitgliedern und Interessierten das nachfolgend abgebildete Werbebanner in der Gr\u00f6\u00dfe 160 cm x 60 cm zum Kauf an.&hellip;<\/p>\n<\/div>\n\t\n<a href=\"https:\/\/www.nolana-schafe.de\/de-pages\/nolana-werbebanner-im-angebot-bestellungen-werden-bis-31-10-15-gesammelt\/\" class=\"post-details details-type-link\" aria-label=\"Read more about Nolana-Werbebanner im Angebot &#8211; Bestellungen werden bis 31.10.15 gesammelt\">Weiterlesen...<i class=\"dt-icon-the7-arrow-03\" aria-hidden=\"true\"><\/i><\/a>\n\n<\/div><\/article><article class=\"post project-odd visible no-img post-1 type-post status-publish format-standard hentry category-allgemein category-termine-de category-1 category-47 description-off\" data-name=\"NOLANA-Jahresveranstaltung 2015\" data-date=\"2015-04-29T16:06:35+00:00\">\n\n<div class=\"post-entry-content\">\n\n\t<h3 class=\"entry-title\">\n\t\t<a href=\"https:\/\/www.nolana-schafe.de\/de-pages\/hallo-welt\/\" title=\"NOLANA-Jahresveranstaltung 2015\" rel=\"bookmark\">NOLANA-Jahresveranstaltung 2015<\/a>\n\t<\/h3>\n\n\t<div class=\"entry-meta\"><a href=\"https:\/\/www.nolana-schafe.de\/de-pages\/2015\/04\/29\/\" title=\"16:06\" class=\"data-link\" rel=\"bookmark\"><time class=\"entry-date updated\" datetime=\"2015-04-29T16:06:35+00:00\">29. April 2015<\/time><\/a><\/div>\n\t<div class=\"entry-excerpt\"><p>24. Februar 2015 Die diesj\u00e4hrige Nolana-Jahresversammlung findet am 26. September 2015 wieder auf dem Eichhof in Bad Hersfeld statt. Die Teilnahme an der \u00f6ffentlichen Konferenz&hellip;<\/p>\n<\/div>\n\t\n<a href=\"https:\/\/www.nolana-schafe.de\/de-pages\/hallo-welt\/\" class=\"post-details details-type-link\" aria-label=\"Read more about NOLANA-Jahresveranstaltung 2015\">Weiterlesen...<i class=\"dt-icon-the7-arrow-03\" aria-hidden=\"true\"><\/i><\/a>\n\n<\/div><\/article><\/div>[\/vc_column][\/vc_row]<\/p>\n<\/div>","protected":false},"excerpt":{"rendered":"<p>[vc_row][vc_column][\/vc_column][\/vc_row]<\/p>\n","protected":false},"author":1,"featured_media":0,"parent":0,"menu_order":0,"comment_status":"closed","ping_status":"closed","template":"","meta":{"footnotes":""},"class_list":["post-2220","page","type-page","status-publish","hentry","description-off"],"_links":{"self":[{"href":"https:\/\/www.nolana-schafe.de\/de-pages\/wp-json\/wp\/v2\/pages\/2220","targetHints":{"allow":["GET"]}}],"collection":[{"href":"https:\/\/www.nolana-schafe.de\/de-pages\/wp-json\/wp\/v2\/pages"}],"about":[{"href":"https:\/\/www.nolana-schafe.de\/de-pages\/wp-json\/wp\/v2\/types\/page"}],"author":[{"embeddable":true,"href":"https:\/\/www.nolana-schafe.de\/de-pages\/wp-json\/wp\/v2\/users\/1"}],"replies":[{"embeddable":true,"href":"https:\/\/www.nolana-schafe.de\/de-pages\/wp-json\/wp\/v2\/comments?post=2220"}],"version-history":[{"count":5,"href":"https:\/\/www.nolana-schafe.de\/de-pages\/wp-json\/wp\/v2\/pages\/2220\/revisions"}],"predecessor-version":[{"id":2224,"href":"https:\/\/www.nolana-schafe.de\/de-pages\/wp-json\/wp\/v2\/pages\/2220\/revisions\/2224"}],"wp:attachment":[{"href":"https:\/\/www.nolana-schafe.de\/de-pages\/wp-json\/wp\/v2\/media?parent=2220"}],"curies":[{"name":"wp","href":"https:\/\/api.w.org\/{rel}","templated":true}]}}