{"id":262,"date":"2015-06-13T11:46:34","date_gmt":"2015-06-13T11:46:34","guid":{"rendered":"http:\/\/www.nolana-schafe.de\/de-pages\/?page_id=262"},"modified":"2026-01-13T07:47:28","modified_gmt":"2026-01-13T07:47:28","slug":"verkauf-von-registrierten-zuchttieren","status":"publish","type":"page","link":"https:\/\/www.nolana-schafe.de\/de-pages\/nolana-landschaf\/verkauf-von-registrierten-zuchttieren\/","title":{"rendered":"Verkauf (Braunes Haarschaf)"},"content":{"rendered":"<div class=\"wpb-content-wrapper\"><p>[vc_row][vc_column][vc_column_text]<\/p>\n<h2>Verkauf von registrierten Zuchttieren:<\/h2>\n<p>[\/vc_column_text]<div class=\"ult-spacer spacer-69f27224894e1\" data-id=\"69f27224894e1\" data-height=\"25\" data-height-mobile=\"25\" data-height-tab=\"25\" data-height-tab-portrait=\"\" data-height-mobile-landscape=\"\" style=\"clear:both;display:block;\"><\/div>[\/vc_column][\/vc_row][vc_row][vc_column width=&#8220;1\/2&#8243;][vc_column_text css_animation=&#8220;fadeIn&#8220; css=&#8220;&#8220;]<strong>Ansgar Sommer<\/strong><strong><br \/>\n<\/strong>Echtroper Weg 4<br \/>\n<strong>59519 M\u00f6hnesee<br \/>\n<\/strong>Tel: 02924-8777760<br \/>\nMobil: 0160-3338423<br \/>\n<a href=\"mailto:ansgar_sommer@web.de\">Ansgar_Sommer@web.de<\/a>[\/vc_column_text][\/vc_column][vc_column width=&#8220;1\/2&#8243;][vc_column_text css_animation=&#8220;fadeIn&#8220;]<strong>Hans-Dieter Gerbracht<br \/>\n<\/strong>Zum S\u00fcrendahl 29<br \/>\n<strong>59964 Medebach-D\u00fcdinghausen<br \/>\n<\/strong>Tel. 05632-1826<br \/>\nMobil: 0179-3960508<br \/>\n<a href=\"mailto:info@nolana-sauerland.de\" target=\"_blank\" rel=\"noopener noreferrer\">info@nolana-sauerland.de<\/a><br \/>\n<a href=\"http:\/\/www.nolana-sauerland.de\" target=\"_blank\" rel=\"noopener noreferrer\">www.nolana-sauerland.de<\/a>[\/vc_column_text][\/vc_column][\/vc_row][vc_row][vc_column width=&#8220;1\/2&#8243;][vc_column_text css_animation=&#8220;fadeIn&#8220; css=&#8220;&#8220;]<strong>Urs G. J\u00e4ger<br \/>\n<\/strong>D\u00f6blitzer Weg 1a<br \/>\n<strong>06193 Wettin-L\u00f6bejun<\/strong><br \/>\nTel.: 034607-34656<br \/>\n0152-25226387<br \/>\n<a href=\"mailto:salix.jaeger@googlemail.com\">salix.jaeger@googlemail.com<\/a>[\/vc_column_text][\/vc_column][vc_column width=&#8220;1\/2&#8243;][vc_column_text css_animation=&#8220;fadeIn&#8220;]<strong>Conrad Nu\u00dfbaum<br \/>\n<\/strong>Bennigser Str. 21<br \/>\n<strong>30982 Pattensen 1<\/strong><br \/>\nTel: 05101-9920343<br \/>\n0172-986 3318<br \/>\n<a href=\"mailto:c.nussbaum@web.de\">c.nussbaum@web.de<\/a>[\/vc_column_text][\/vc_column][\/vc_row][vc_row][vc_column width=&#8220;1\/2&#8243;][vc_column_text css_animation=&#8220;fadeIn&#8220; css=&#8220;&#8220;]<strong>Benedikt H\u00fcttemann<\/strong><br \/>\nTiefer Weg 54<br \/>\n<strong>46514 Schermbeck<\/strong><br \/>\nTel. 0151-18855541<br \/>\n<a href=\"mailto:benedikt.huettemann@gmx.net\" target=\"_blank\" rel=\"noopener noreferrer\">benedikt.huettemann@gmx.net<\/a>[\/vc_column_text][\/vc_column][vc_column width=&#8220;1\/2&#8243;][vc_column_text css_animation=&#8220;fadeIn&#8220;]<strong>Hilmar H\u00fcsing<\/strong><br \/>\nLeeser Str. 31<br \/>\n<strong>31547 Loccum<\/strong><br \/>\nTel.: 0151-59210330<br \/>\n<a href=\"mailto:nolana@habmalnefrage.de\">nolana@habmalnefrage.de<\/a>[\/vc_column_text][\/vc_column][\/vc_row][vc_row][vc_column width=&#8220;1\/2&#8243;][vc_column_text css_animation=&#8220;fadeIn&#8220;]<strong>Daniel Scheppokat<\/strong><br \/>\nSchonebeck 94<br \/>\n<strong>48329 Havixbeck<\/strong><br \/>\nHandy 0176-24685423<br \/>\nTel.: 02534-9729012[\/vc_column_text][\/vc_column][vc_column width=&#8220;1\/2&#8243;][vc_column_text css_animation=&#8220;fadeIn&#8220; css=&#8220;&#8220;]<b>Uwe Landmann<\/b><br \/>\nGrobsdorf 14<br \/>\n<strong>07580 Ronneburg<\/strong><br \/>\nMobil: 0151-67500448<br \/>\n<a href=\"mailto:uwelandmann@gmx.de\">uwelandmann@gmx.de<\/a>[\/vc_column_text][\/vc_column][\/vc_row][vc_row][vc_column width=&#8220;1\/2&#8243;][vc_column_text css_animation=&#8220;fadeIn&#8220; css=&#8220;&#8220;]<strong>Angelika Hummel und Dr. Karl-Heinz Lindenlaub<\/strong><br \/>\nObere R\u00f6merstr. 49<br \/>\n<strong>94550 K\u00fcnzing <\/strong><br \/>\nMobil: 01712876360<br \/>\n<a href=\"mailto:khlindenlaub@web.de\" target=\"_blank\" rel=\"noopener noreferrer\">khlindenlaub@web.de<\/a><br \/>\n<a href=\"http:\/\/www.nolana-schafe-bayern.de\" target=\"_blank\" rel=\"noopener noreferrer\">www.nolana-schafe-bayern.de<\/a>[\/vc_column_text][\/vc_column][vc_column width=&#8220;1\/2&#8243;][vc_column_text css_animation=&#8220;fadeIn&#8220;]<strong>Jan u. Andrea Engelmeyer<\/strong><br \/>\nOben im H\u00e4hnchen 11<br \/>\n<strong>54579 \u00dcxheim<br \/>\n<\/strong>Tel.: 0162-9065680<br \/>\n<a href=\"mailto:Andrea.Engelmeyer@web.de\">Andrea.Engelmeyer@web.de<\/a>[\/vc_column_text][\/vc_column][\/vc_row][vc_row][vc_column width=&#8220;1\/2&#8243;][vc_column_text css_animation=&#8220;fadeIn&#8220;]<b>Stefan Wa\u00dfmuth<\/b><br \/>\nAuf der Hute 3<br \/>\n<strong>35088 Battenberg\/Laisa<\/strong><br \/>\nTel. 06452-3201<br \/>\nHandy\u00a00151-17549764<br \/>\n<a href=\"https:\/\/nolana-oberes-edertal.jimdo.com\">nolana-oberes-edertal.jimdo.com<\/a>[\/vc_column_text][\/vc_column][vc_column width=&#8220;1\/2&#8243;][vc_column_text css_animation=&#8220;fadeIn&#8220;]<strong>J\u00f6rg Neuber<\/strong><br \/>\nDittersbacher Weg 35<br \/>\n<strong>09544 Neuhausen<br \/>\n<\/strong>Tel.: 0173-3565866<br \/>\n<a href=\"mailto:Joerg_Neuber@web.de\">Joerg_Neuber@web.de<\/a>[\/vc_column_text][\/vc_column][\/vc_row][vc_row][vc_column width=&#8220;1\/2&#8243;][vc_column_text css_animation=&#8220;fadeIn&#8220; css=&#8220;&#8220;]<strong>Stephanie Hombach-Weisenfeld<\/strong><br \/>\nHauptstr. 18<br \/>\n<strong>56244 Weidenhahn<br \/>\n<\/strong>Tel.: 0171-4333435<br \/>\n<a href=\"mailto:sh@kolleshof.de\">sh@kolleshof.de<\/a>[\/vc_column_text][\/vc_column][vc_column width=&#8220;1\/2&#8243;][vc_column_text css_animation=&#8220;fadeIn&#8220; css=&#8220;&#8220;]<strong>Clemens Becker<\/strong><br \/>\nM\u00fchlenberg 4<br \/>\n<strong>31188 Holle<br \/>\n<\/strong>Tel.: 0171-4871827<br \/>\n<a href=\"mailto:becker.clemens@gmx.de\">becker.clemens@gmx.de<\/a>[\/vc_column_text][\/vc_column][\/vc_row][vc_row][vc_column width=&#8220;1\/2&#8243;][vc_column_text css_animation=&#8220;fadeIn&#8220;]<b>Jennifer und Roger Homan<\/b><br \/>\nBuschstr. 80<br \/>\n<strong>41334 Nettetal<\/strong><br \/>\nTel. 02157-3025989<br \/>\nHandy\u00a00173-1744046<br \/>\n<a href=\"http:\/\/www.braune-schafe.de\">www.braune-schafe.de<\/a>[\/vc_column_text][\/vc_column][vc_column width=&#8220;1\/2&#8243;][vc_column_text css_animation=&#8220;fadeIn&#8220;]<b>Swen und Isabel H\u00fcbscher<\/b><br \/>\nAm Steinmal 1<br \/>\n<strong>34613 Schwalmstadt-Rommershausen<br \/>\n<\/strong>Tel.: 06691-918218[\/vc_column_text][\/vc_column][\/vc_row][vc_row][vc_column width=&#8220;1\/2&#8243;][vc_column_text css_animation=&#8220;fadeIn&#8220;]<b>Reiner Rest<\/b><br \/>\nHeidenfeld 2<br \/>\n<strong>34454 Bad Arolsen<\/strong><br \/>\nHandy\u00a00173-2587606[\/vc_column_text][\/vc_column][vc_column width=&#8220;1\/2&#8243;][vc_column_text css_animation=&#8220;fadeIn&#8220;]Matthias<b> Vollmar<\/b><br \/>\nButtst\u00e4dter Stra\u00dfe 17<br \/>\n<strong>06647 An der Poststra\u00dfe<\/strong><br \/>\nTel. 034467-21518<br \/>\nHandy 0160-1892500<br \/>\n<a href=\"Mangalitzanolana@gmail.com\">Mangalitzanolana@gmail.com<\/a>[\/vc_column_text][\/vc_column][\/vc_row][vc_row][vc_column width=&#8220;1\/2&#8243;][vc_column_text css_animation=&#8220;fadeIn&#8220;]<b>Michael G\u00f6ttle<\/b><br \/>\nKarlstr. 18<br \/>\n<strong>89561 Dischingen<\/strong><br \/>\nMobil: 0152-57652510<br \/>\n<a href=\"mailto:michael_goettle@web.de\">michael_goettle@web.de<\/a>[\/vc_column_text][\/vc_column][vc_column width=&#8220;1\/2&#8243;][vc_column_text css_animation=&#8220;fadeIn&#8220; css=&#8220;&#8220;]<b>Wendeline Schafhof &#8211; Martina Bl\u00f6tz<\/b><br \/>\nWallendorf 28<br \/>\n<strong>35753 Greifenstein<\/strong><br \/>\nTel. 02779-458<br \/>\nMobil: 0151-16907916<br \/>\n<a href=\"http:\/\/www.wendelineschafhof.de\">www.wendelineschafhof.de<\/a><br \/>\n<a href=\"mailto:martina.wendeline@t-online.de\">martina.wendeline@t-online.de<\/a>[\/vc_column_text][\/vc_column][\/vc_row][vc_row][vc_column width=&#8220;1\/2&#8243;][vc_column_text css_animation=&#8220;fadeIn&#8220;]<b>Ines Hierbeck<\/b><br \/>\nReitern 7<br \/>\n<strong>94544 Hofkirchen\/Garham<\/strong><br \/>\nTel. 08541-9039131<br \/>\nFax. 08541-9039132<br \/>\nMobil: 0175-5463677<br \/>\n<a href=\"http:\/\/www.haarschafe-bayern.de\">www.haarschafe-bayern.de<\/a>[\/vc_column_text][\/vc_column][vc_column width=&#8220;1\/2&#8243;][vc_column_text css_animation=&#8220;fadeIn&#8220;]<b>Dr. Christian Scharch<\/b><br \/>\nL\u00f6bejuner Str. 32<br \/>\n<strong>06193 Wettin-L\u00f6bejun<\/strong><br \/>\nMobil: 0162-4356968<br \/>\n<a href=\"mailto:scharch@feedtest.de\">scharch@feedtest.de<\/a><br \/>\n<a href=\"http:\/\/www.feedtest.de\">www.feedtest.de<\/a>[\/vc_column_text][\/vc_column][\/vc_row][vc_row][vc_column width=&#8220;1\/2&#8243;][vc_column_text css_animation=&#8220;fadeIn&#8220; css=&#8220;&#8220;]<b>Christian Immig<\/b><br \/>\nHauptstr. 63<br \/>\n<strong>36466 Dermbach OT Gehaus<\/strong><br \/>\nMobil: 0152-05348866<br \/>\n<a href=\"mailto:christian.immig@web.de\">Christian.Immig@web.de<\/a>[\/vc_column_text][\/vc_column][vc_column width=&#8220;1\/2&#8243;][vc_column_text css=&#8220;&#8220;]<b>Natascha &amp; Rudger Rams<\/b><br \/>\nMohrendyk 82<br \/>\n<strong>47802 Krefeld<\/strong><br \/>\nMobil: 0172-8223379<br \/>\n<a href=\"mailto:rams.ziegen@gmail.com\">rams.ziegen@gmail.com<\/a>[\/vc_column_text][\/vc_column][\/vc_row][vc_row][vc_column width=&#8220;1\/2&#8243;][vc_column_text css_animation=&#8220;fadeIn&#8220; css=&#8220;&#8220;]<b>Gitte Anders<\/b><br \/>\nNiederkrombach 1<br \/>\n<strong>57537 Mittelhof<\/strong><br \/>\nMobil: 0177-2305571<br \/>\n<a href=\"mailto:gitteanders@web.de\">gitteanders@web.de<\/a>[\/vc_column_text][\/vc_column][vc_column width=&#8220;1\/2&#8243;][\/vc_column][\/vc_row]<\/p>\n<\/div>","protected":false},"excerpt":{"rendered":"<p>[vc_row][vc_column][vc_column_text] Verkauf von registrierten Zuchttieren: [\/vc_column_text][\/vc_column][\/vc_row][vc_row][vc_column width=&#8220;1\/2&#8243;][vc_column_text css_animation=&#8220;fadeIn&#8220; css=&#8220;&#8220;]Ansgar Sommer Echtroper Weg 4 59519 M\u00f6hnesee Tel: 02924-8777760 Mobil: 0160-3338423 Ansgar_Sommer@web.de[\/vc_column_text][\/vc_column][vc_column width=&#8220;1\/2&#8243;][vc_column_text css_animation=&#8220;fadeIn&#8220;]Hans-Dieter Gerbracht Zum S\u00fcrendahl 29 59964 Medebach-D\u00fcdinghausen Tel. 05632-1826 Mobil: 0179-3960508 info@nolana-sauerland.de www.nolana-sauerland.de[\/vc_column_text][\/vc_column][\/vc_row][vc_row][vc_column width=&#8220;1\/2&#8243;][vc_column_text css_animation=&#8220;fadeIn&#8220; css=&#8220;&#8220;]Urs G. J\u00e4ger D\u00f6blitzer Weg 1a 06193 Wettin-L\u00f6bejun Tel.: 034607-34656 0152-25226387 salix.jaeger@googlemail.com[\/vc_column_text][\/vc_column][vc_column width=&#8220;1\/2&#8243;][vc_column_text css_animation=&#8220;fadeIn&#8220;]Conrad Nu\u00dfbaum Bennigser Str. 21 30982&hellip;<\/p>\n","protected":false},"author":1,"featured_media":0,"parent":13,"menu_order":0,"comment_status":"closed","ping_status":"closed","template":"","meta":{"footnotes":""},"class_list":["post-262","page","type-page","status-publish","hentry","description-off"],"_links":{"self":[{"href":"https:\/\/www.nolana-schafe.de\/de-pages\/wp-json\/wp\/v2\/pages\/262","targetHints":{"allow":["GET"]}}],"collection":[{"href":"https:\/\/www.nolana-schafe.de\/de-pages\/wp-json\/wp\/v2\/pages"}],"about":[{"href":"https:\/\/www.nolana-schafe.de\/de-pages\/wp-json\/wp\/v2\/types\/page"}],"author":[{"embeddable":true,"href":"https:\/\/www.nolana-schafe.de\/de-pages\/wp-json\/wp\/v2\/users\/1"}],"replies":[{"embeddable":true,"href":"https:\/\/www.nolana-schafe.de\/de-pages\/wp-json\/wp\/v2\/comments?post=262"}],"version-history":[{"count":72,"href":"https:\/\/www.nolana-schafe.de\/de-pages\/wp-json\/wp\/v2\/pages\/262\/revisions"}],"predecessor-version":[{"id":2386,"href":"https:\/\/www.nolana-schafe.de\/de-pages\/wp-json\/wp\/v2\/pages\/262\/revisions\/2386"}],"up":[{"embeddable":true,"href":"https:\/\/www.nolana-schafe.de\/de-pages\/wp-json\/wp\/v2\/pages\/13"}],"wp:attachment":[{"href":"https:\/\/www.nolana-schafe.de\/de-pages\/wp-json\/wp\/v2\/media?parent=262"}],"curies":[{"name":"wp","href":"https:\/\/api.w.org\/{rel}","templated":true}]}}