{"id":627,"date":"2015-07-05T09:09:58","date_gmt":"2015-07-05T09:09:58","guid":{"rendered":"http:\/\/www.nolana-schafe.de\/de-pages\/?page_id=627"},"modified":"2015-07-19T16:31:20","modified_gmt":"2015-07-19T16:31:20","slug":"santa-ines","status":"publish","type":"page","link":"https:\/\/www.nolana-schafe.de\/de-pages\/weitere-rassen\/santa-ines\/","title":{"rendered":"Santa In\u00eas"},"content":{"rendered":"<div class=\"wpb-content-wrapper\"><p>[vc_row][vc_column][vc_column_text]<\/p>\n<h2 style=\"text-align: justify;\">Santa In\u00eas-Schafe in Brasilien<\/h2>\n<p style=\"text-align: justify;\"><a class=\"dt-single-image\" href=\"http:\/\/www.nolana-schafe.de\/de-pages\/wp-content\/uploads\/brasil03_Schwarzer_S_298BD9.jpg\" data-dt-img-description=\"\"><img loading=\"lazy\" decoding=\"async\" class=\" size-thumbnail wp-image-900 alignleft\" src=\"http:\/\/www.nolana-schafe.de\/de-pages\/wp-content\/uploads\/brasil03_Schwarzer_S_298BD9-150x150.jpg\" alt=\"brasil03_Schwarzer_S_298BD9\" width=\"150\" height=\"150\" \/><\/a>Die Santa In\u00eas-Rasse findet sich heute in ganz Brasilien. \u00dcber Herkunft und Ursprung der Rasse wurde viel spekuliert. Heute gilt als gesichert, dass sie vier genetische Wurzeln hat, n\u00e4mlich:<\/p>\n<p style=\"text-align: justify;\"><strong>a)<\/strong> Crioulo-Schafe, die von den portugiesischen und spanischen Kolonisten ins Land gebracht wurden. Crioulo-Schafe sind Wollschafe, die unter den klimatischen Bedingungen ihre Wolle verloren oder durch nat\u00fcrliche Selektion am tropischen Standort ein eher sch\u00fctteres pelzartiges Fell entwickelt haben.<\/p>\n<p style=\"text-align: justify;\"><strong>b)<\/strong> Haarschafe aus Afrika, die als Lebendproviant mit den Sklaventransporten ins Land kamen und von denen die Mehrheit der Haarschafrassen Brasiliens, Zentralamerikas und der Karibik abstammen.<\/p>\n<p style=\"text-align: justify;\"><strong>c)<\/strong> Bergamasca-Schafe (die letzten drei Fotos in der Fotogallerie), die von den italienischen Einwanderern ins Land gebracht wurden und die sowohl mit den verschiedenen afrikanischen Haarschafen als auch mit der brasilianischen Morada Nova-Haarschafrasse gekreuzt wurden und die nach einer gewissen Zeit der Selektion gegen die Wolle in den 80\u2019iger Jahren von einer kleinen Gruppe von Z\u00fcchtern<\/p>\n<p style=\"text-align: justify;\"><strong>d)<\/strong> durch Einkreuzung mit Somali Schwarzkopf-Schafen und Suffolk-Schafen z\u00fcchterisch wesentlich verbessert wurden.<\/p>\n<p style=\"text-align: justify;\">Die Rasse ist gro\u00dfrahmig, weist ein gutes Wachstumspotential und eine hohe Milchleistung f\u00fcr eine gute L\u00e4mmeraufzucht sowie einen niedrigen Prozentsatz von Drillingsgeburten auf. Die Fellfarbe geht standardm\u00e4\u00dfig von wei\u00df \u00fcber rotbraun und schwarz bis gescheckt.<\/p>\n<p style=\"text-align: justify;\">Unter den Extensivbedingungen der Landeszucht erreichen die Auen 40-60 kg LG und die B\u00f6cke erreichen Lebendgewichte bis 120 kg. Z\u00fcchterische Verbesserungsma\u00dfnahmen haben sich auf die Verbesserung des Rahmens und des Gewichtes, auf Hornlosigkeit und auf eine geschlossene dunkle Pigmentierung konzentriert.<\/p>\n<p style=\"text-align: justify;\">Die Auschafe weisen gute Muttereigenschaften auf, lammen leicht ab und die L\u00e4mmer sind sehr vital. Nach verschiedenen Literaturangeben liegt das Alter bei der Pubert\u00e4t bei 247 \u2013 376 Tagen, das Alter bei der ersten Ablammung bei 442 \u2013 551 Tagen, die Zwischenlammzeit liegt bei 227 \u2013 307 Tagen, die Tr\u00e4chtigkeitsrate liegt bei 83,6 \u2013 93%, die Anzahl der aufgezogenen L\u00e4mmer\/Geburt liegt bei 1,1 &#8211; 1,4 und die Absetzrate liegt bei 69 \u2013 87%.<\/p>\n<p style=\"text-align: justify;\">Das Santa In\u00eas-Lamm kann bis zum Absetzen 23 \u201332 kg erreichen. Die Tageszunahmen werden mit 166 \u2013 336 g angegeben. Bei der Schlachtung weisen die L\u00e4mmer eine Ausschlachtung von 48 % auf. Die Rasse zeigt im allgemeinen eine hohe Widerstandsf\u00e4higkeit gegen Magen-Darmparasiten und das schon vor dem Absetzen.<\/p>\n<p style=\"text-align: justify;\">Die H\u00e4ute weisen hervorragende Verarbeitungsqualit\u00e4ten auf. Sie sind sehr elastisch, widerstandsf\u00e4hig und von feiner Textur. Sie werden f\u00fcr verschiedene Lederprodukte stark nachgefragt und haben einen hohen Marktwert.<\/p>\n<p style=\"text-align: justify;\">Es gibt derzeit noch nicht allzu viele Forschungsergebnisse, trotzdem zeigt die Erfahrung in Brasilien, dass die Rasse Santa In\u00eas dort aufgrund ihrer bemerkenswert guten Eigenschaften bestens f\u00fcr die Erh\u00f6hung der Fleischproduktion in allen Landesteilen geeignet ist.<\/p>\n<p style=\"text-align: justify;\">Weiter f\u00fchrende Informationen finden Sie auf folgenden Webseiten:<\/p>\n<p>Altagenetics do Brasil, Ovinos Caprinos <a href=\"http:\/\/www.altagenetics.com.br\/novo\/Busca\/Simples.aspx?pLocal=1&amp;rId=42\">http:\/\/www.altagenetics.com.br\/novo\/Busca\/Simples.aspx?pLocal=1&amp;rId=42<\/a> Associa\u00e7\u00e3o Brasileira de Criadores de Ovinos <a href=\"http:\/\/www.arcoovinos.com.br\/\">http:\/\/www.arcoovinos.com.br\/<\/a> Das brasilianische staatliche Schaf- und Ziegenforschungszentrum <a href=\"http:\/\/www.cnpc.embrapa.br\/\">http:\/\/www.cnpc.embrapa.br\/<\/a> auf der Webseite der Revista Caprinos &amp; Ovinos: <a href=\"http:\/\/www.revistaovinosecaprinos.com.br\/home.asp\">http:\/\/www.revistaovinosecaprinos.com.br\/home.asp<\/a> und auf der Webseite der Fazenda Morro Verde: <a href=\"http:\/\/www.santainesovinos.com.br\/\">http:\/\/www.santainesovinos.com.br\/<\/a>.<\/p>\n<p style=\"text-align: justify;\"><strong>Santa Ines-Schafe in Deutschland<\/strong><\/p>\n<p style=\"text-align: justify;\">Die Tierhygienevorschriften f\u00fcr den Im- und Export von Tieren werden an den EU-Au\u00dfengrenzen sehr restriktiv gehandhabt. Es ist daher sehr schwierig wenn nicht unm\u00f6glich, diese interessante Haarschafrasse nach Deutschland zu bringen und hier weiter zu z\u00fcchten.<\/p>\n<p style=\"text-align: justify;\">Da die Entstehungsgeschichte der Santa In\u00eas-Rasse auf der Basis von brasilianischen Bergamasca-Schafen und Morada Nova-Schafen bekannt und nachvollziehbar ist, haben einige Z\u00fcchter im Nolana-Verbund versuchsweise Braune Bergschaf-Auen mit Barbados Blackbelly-B\u00f6cken angepaart. Die besten Aul\u00e4mmer der F1-Generation werden dann mit Dorper- oder NOL-F-B\u00f6cken angepaart. In der F2 wird Inter-Se verpaart und entsprechend selektiert. Die Ergebnisse sind so vielversprechend, dass sie in den kommenden Jahren weiter verfolgt werden.<\/p>\n<p style=\"text-align: justify;\"><strong>Es werden noch interessierte Z\u00fcchter in Deutschland gesucht!<\/strong> Bitte melden unter Tel: 02655-962912 oder rolf.minhorst@t-online.de<\/p>\n<p style=\"text-align: justify;\"><strong>Santa Ines Schafe in Brasilien<\/strong> Pr\u00e4sentation von Andr\u00e9 de Camargo<\/p>\n<div>\n<div id=\"file-675\" class=\"fileEntry\">\n<p style=\"text-align: justify;\"><img decoding=\"async\" src=\"http:\/\/www.nolana-schafe.de\/img\/icons\/small_icon_pdf.gif\" alt=\"\" border=\"0\" \/> <a href=\"http:\/\/www.nolana-schafe.de\/download.php?f=86aa4cbd02b5158da1f15028f734c2d6&amp;countonly=1&amp;target=0\" target=\"_blank\">PraesentationSanta ines Schafe in Brasilien.pdf<\/a><\/p>\n<p style=\"text-align: justify;\"><img decoding=\"async\" src=\"http:\/\/www.nolana-schafe.de\/img\/icons\/small_icon_pdf.gif\" alt=\"\" border=\"0\" \/> <a href=\"http:\/\/www.nolana-schafe.de\/download.php?f=3b5059bb48482bda148cdac583c80a16&amp;countonly=1\" target=\"_blank\">Die Santa Ines-Haarschafrasse in Brasilien und erste Erfahrungen aus Testkreuzungen in Deutschland<\/a><\/p>\n<\/div>\n<\/div>\n<p>[\/vc_column_text]<div class=\"ult-spacer spacer-69f7312c59f7c\" data-id=\"69f7312c59f7c\" data-height=\"15\" data-height-mobile=\"15\" data-height-tab=\"15\" data-height-tab-portrait=\"\" data-height-mobile-landscape=\"\" style=\"clear:both;display:block;\"><\/div>[\/vc_column][\/vc_row][vc_row][vc_column width=&#8220;1\/1&#8243;]<div class=\"wf-container dt-gallery-container dt-photos-shortcode loading-effect-flip iso-container\" data-padding=\"20px\" data-cur-page=\"1\" data-width=\"150px\" data-columns=\"3\"><div class=\"wf-cell iso-item\" data-post-id=\"900\" data-date=\"2015-07-05T12:00:05+00:00\" data-name=\"brasil03_Schwarzer_S_298BD9\">\n<article class=\"post post-900 attachment type-attachment status-inherit hentry no-img description-off\">\n\n\t<figure class=\"rollover-project links-hovers-disabled\">\n\t<a href=\"https:\/\/www.nolana-schafe.de\/de-pages\/wp-content\/uploads\/brasil03_Schwarzer_S_298BD9.jpg\" class=\"rollover rollover-zoom dt-pswp-item layzr-bg\" title=\"brasil03_Schwarzer_S_298BD9\" data-dt-img-description=\"\"  data-large_image_width=\"160\" data-large_image_height = \"205\" ><img decoding=\"async\" class=\"preload-me iso-lazy-load aspect\" src=\"data:image\/svg+xml,%3Csvg%20xmlns%3D&#39;http%3A%2F%2Fwww.w3.org%2F2000%2Fsvg&#39;%20viewBox%3D&#39;0%200%20160%20205&#39;%2F%3E\" data-src=\"https:\/\/www.nolana-schafe.de\/de-pages\/wp-content\/uploads\/brasil03_Schwarzer_S_298BD9.jpg\" data-srcset=\"https:\/\/www.nolana-schafe.de\/de-pages\/wp-content\/uploads\/brasil03_Schwarzer_S_298BD9.jpg 160w\" loading=\"eager\" style=\"--ratio: 160 \/ 205\" sizes=\"(max-width: 160px) 100vw, 160px\" alt=\"\" width=\"160\" height=\"205\"  \/><\/a>\t<\/figure>\n<\/article>\n\n<\/div><div class=\"wf-cell iso-item\" data-post-id=\"901\" data-date=\"2015-07-05T12:00:06+00:00\" data-name=\"brasil3_Santa_Ines_Boecke\">\n<article class=\"post post-901 attachment type-attachment status-inherit hentry no-img description-off\">\n\n\t<figure class=\"rollover-project links-hovers-disabled\">\n\t<a href=\"https:\/\/www.nolana-schafe.de\/de-pages\/wp-content\/uploads\/brasil3_Santa_Ines_Boecke.jpg\" class=\"rollover rollover-zoom dt-pswp-item layzr-bg\" title=\"brasil3_Santa_Ines_Boecke\" data-dt-img-description=\"\"  data-large_image_width=\"784\" data-large_image_height = \"485\" ><img decoding=\"async\" class=\"preload-me iso-lazy-load aspect\" src=\"data:image\/svg+xml,%3Csvg%20xmlns%3D&#39;http%3A%2F%2Fwww.w3.org%2F2000%2Fsvg&#39;%20viewBox%3D&#39;0%200%20225%20139&#39;%2F%3E\" data-src=\"https:\/\/www.nolana-schafe.de\/de-pages\/wp-content\/uploads\/brasil3_Santa_Ines_Boecke-225x139.jpg\" data-srcset=\"https:\/\/www.nolana-schafe.de\/de-pages\/wp-content\/uploads\/brasil3_Santa_Ines_Boecke-225x139.jpg 225w, https:\/\/www.nolana-schafe.de\/de-pages\/wp-content\/uploads\/brasil3_Santa_Ines_Boecke-450x278.jpg 450w\" loading=\"eager\" style=\"--ratio: 225 \/ 139\" sizes=\"(max-width: 225px) 100vw, 225px\" alt=\"\" width=\"225\" height=\"139\"  \/><\/a>\t<\/figure>\n<\/article>\n\n<\/div><div class=\"wf-cell iso-item\" data-post-id=\"902\" data-date=\"2015-07-05T12:00:07+00:00\" data-name=\"brasil04_Schwarzer_S_298BDA\">\n<article class=\"post post-902 attachment type-attachment status-inherit hentry no-img description-off\">\n\n\t<figure class=\"rollover-project links-hovers-disabled\">\n\t<a href=\"https:\/\/www.nolana-schafe.de\/de-pages\/wp-content\/uploads\/brasil04_Schwarzer_S_298BDA.jpg\" class=\"rollover rollover-zoom dt-pswp-item layzr-bg\" title=\"brasil04_Schwarzer_S_298BDA\" data-dt-img-description=\"\"  data-large_image_width=\"105\" data-large_image_height = \"87\" ><img decoding=\"async\" class=\"preload-me iso-lazy-load aspect\" src=\"data:image\/svg+xml,%3Csvg%20xmlns%3D&#39;http%3A%2F%2Fwww.w3.org%2F2000%2Fsvg&#39;%20viewBox%3D&#39;0%200%20105%2087&#39;%2F%3E\" data-src=\"https:\/\/www.nolana-schafe.de\/de-pages\/wp-content\/uploads\/brasil04_Schwarzer_S_298BDA.jpg\" data-srcset=\"https:\/\/www.nolana-schafe.de\/de-pages\/wp-content\/uploads\/brasil04_Schwarzer_S_298BDA.jpg 105w\" loading=\"eager\" style=\"--ratio: 105 \/ 87\" sizes=\"(max-width: 105px) 100vw, 105px\" alt=\"\" width=\"105\" height=\"87\"  \/><\/a>\t<\/figure>\n<\/article>\n\n<\/div><div class=\"wf-cell iso-item\" data-post-id=\"903\" data-date=\"2015-07-05T12:00:07+00:00\" data-name=\"brasil05_Santa_Ines__298BDB\">\n<article class=\"post post-903 attachment type-attachment status-inherit hentry no-img description-off\">\n\n\t<figure class=\"rollover-project links-hovers-disabled\">\n\t<a href=\"https:\/\/www.nolana-schafe.de\/de-pages\/wp-content\/uploads\/brasil05_Santa_Ines__298BDB.jpg\" class=\"rollover rollover-zoom dt-pswp-item layzr-bg\" title=\"brasil05_Santa_Ines__298BDB\" data-dt-img-description=\"\"  data-large_image_width=\"115\" data-large_image_height = \"89\" ><img decoding=\"async\" class=\"preload-me iso-lazy-load aspect\" src=\"data:image\/svg+xml,%3Csvg%20xmlns%3D&#39;http%3A%2F%2Fwww.w3.org%2F2000%2Fsvg&#39;%20viewBox%3D&#39;0%200%20115%2089&#39;%2F%3E\" data-src=\"https:\/\/www.nolana-schafe.de\/de-pages\/wp-content\/uploads\/brasil05_Santa_Ines__298BDB.jpg\" data-srcset=\"https:\/\/www.nolana-schafe.de\/de-pages\/wp-content\/uploads\/brasil05_Santa_Ines__298BDB.jpg 115w\" loading=\"eager\" style=\"--ratio: 115 \/ 89\" sizes=\"(max-width: 115px) 100vw, 115px\" alt=\"\" width=\"115\" height=\"89\"  \/><\/a>\t<\/figure>\n<\/article>\n\n<\/div><div class=\"wf-cell iso-item\" data-post-id=\"904\" data-date=\"2015-07-05T12:00:08+00:00\" data-name=\"brasil06_Santa_Ines_Bock_\">\n<article class=\"post post-904 attachment type-attachment status-inherit hentry no-img description-off\">\n\n\t<figure class=\"rollover-project links-hovers-disabled\">\n\t<a href=\"https:\/\/www.nolana-schafe.de\/de-pages\/wp-content\/uploads\/brasil06_Santa_Ines_Bock_.jpg\" class=\"rollover rollover-zoom dt-pswp-item layzr-bg\" title=\"brasil06_Santa_Ines_Bock_\" data-dt-img-description=\"\"  data-large_image_width=\"120\" data-large_image_height = \"94\" ><img decoding=\"async\" class=\"preload-me iso-lazy-load aspect\" src=\"data:image\/svg+xml,%3Csvg%20xmlns%3D&#39;http%3A%2F%2Fwww.w3.org%2F2000%2Fsvg&#39;%20viewBox%3D&#39;0%200%20120%2094&#39;%2F%3E\" data-src=\"https:\/\/www.nolana-schafe.de\/de-pages\/wp-content\/uploads\/brasil06_Santa_Ines_Bock_.jpg\" data-srcset=\"https:\/\/www.nolana-schafe.de\/de-pages\/wp-content\/uploads\/brasil06_Santa_Ines_Bock_.jpg 120w\" loading=\"eager\" style=\"--ratio: 120 \/ 94\" sizes=\"(max-width: 120px) 100vw, 120px\" alt=\"\" width=\"120\" height=\"94\"  \/><\/a>\t<\/figure>\n<\/article>\n\n<\/div><div class=\"wf-cell iso-item\" data-post-id=\"905\" data-date=\"2015-07-05T12:00:08+00:00\" data-name=\"brasil08_Santa_Ines__298BDE\">\n<article class=\"post post-905 attachment type-attachment status-inherit hentry no-img description-off\">\n\n\t<figure class=\"rollover-project links-hovers-disabled\">\n\t<a href=\"https:\/\/www.nolana-schafe.de\/de-pages\/wp-content\/uploads\/brasil08_Santa_Ines__298BDE.jpg\" class=\"rollover rollover-zoom dt-pswp-item layzr-bg\" title=\"brasil08_Santa_Ines__298BDE\" data-dt-img-description=\"\"  data-large_image_width=\"101\" data-large_image_height = \"105\" ><img decoding=\"async\" class=\"preload-me iso-lazy-load aspect\" src=\"data:image\/svg+xml,%3Csvg%20xmlns%3D&#39;http%3A%2F%2Fwww.w3.org%2F2000%2Fsvg&#39;%20viewBox%3D&#39;0%200%20101%20105&#39;%2F%3E\" data-src=\"https:\/\/www.nolana-schafe.de\/de-pages\/wp-content\/uploads\/brasil08_Santa_Ines__298BDE.jpg\" data-srcset=\"https:\/\/www.nolana-schafe.de\/de-pages\/wp-content\/uploads\/brasil08_Santa_Ines__298BDE.jpg 101w\" loading=\"eager\" style=\"--ratio: 101 \/ 105\" sizes=\"(max-width: 101px) 100vw, 101px\" alt=\"\" width=\"101\" height=\"105\"  \/><\/a>\t<\/figure>\n<\/article>\n\n<\/div><div class=\"wf-cell iso-item\" data-post-id=\"906\" data-date=\"2015-07-05T12:00:09+00:00\" data-name=\"brasil09_Santa_Ines__298BDF\">\n<article class=\"post post-906 attachment type-attachment status-inherit hentry no-img description-off\">\n\n\t<figure class=\"rollover-project links-hovers-disabled\">\n\t<a href=\"https:\/\/www.nolana-schafe.de\/de-pages\/wp-content\/uploads\/brasil09_Santa_Ines__298BDF.jpg\" class=\"rollover rollover-zoom dt-pswp-item layzr-bg\" title=\"brasil09_Santa_Ines__298BDF\" data-dt-img-description=\"\"  data-large_image_width=\"132\" data-large_image_height = \"132\" ><img decoding=\"async\" class=\"preload-me iso-lazy-load aspect\" src=\"data:image\/svg+xml,%3Csvg%20xmlns%3D&#39;http%3A%2F%2Fwww.w3.org%2F2000%2Fsvg&#39;%20viewBox%3D&#39;0%200%20132%20132&#39;%2F%3E\" data-src=\"https:\/\/www.nolana-schafe.de\/de-pages\/wp-content\/uploads\/brasil09_Santa_Ines__298BDF.jpg\" data-srcset=\"https:\/\/www.nolana-schafe.de\/de-pages\/wp-content\/uploads\/brasil09_Santa_Ines__298BDF.jpg 132w\" loading=\"eager\" style=\"--ratio: 132 \/ 132\" sizes=\"(max-width: 132px) 100vw, 132px\" alt=\"\" width=\"132\" height=\"132\"  \/><\/a>\t<\/figure>\n<\/article>\n\n<\/div><div class=\"wf-cell iso-item\" data-post-id=\"907\" data-date=\"2015-07-05T12:00:09+00:00\" data-name=\"brasil10_Santa_Ines_Boecke\">\n<article class=\"post post-907 attachment type-attachment status-inherit hentry no-img description-off\">\n\n\t<figure class=\"rollover-project links-hovers-disabled\">\n\t<a href=\"https:\/\/www.nolana-schafe.de\/de-pages\/wp-content\/uploads\/brasil10_Santa_Ines_Boecke.jpg\" class=\"rollover rollover-zoom dt-pswp-item layzr-bg\" title=\"brasil10_Santa_Ines_Boecke\" data-dt-img-description=\"\"  data-large_image_width=\"105\" data-large_image_height = \"105\" ><img decoding=\"async\" class=\"preload-me iso-lazy-load aspect\" src=\"data:image\/svg+xml,%3Csvg%20xmlns%3D&#39;http%3A%2F%2Fwww.w3.org%2F2000%2Fsvg&#39;%20viewBox%3D&#39;0%200%20105%20105&#39;%2F%3E\" data-src=\"https:\/\/www.nolana-schafe.de\/de-pages\/wp-content\/uploads\/brasil10_Santa_Ines_Boecke.jpg\" data-srcset=\"https:\/\/www.nolana-schafe.de\/de-pages\/wp-content\/uploads\/brasil10_Santa_Ines_Boecke.jpg 105w\" loading=\"eager\" style=\"--ratio: 105 \/ 105\" sizes=\"(max-width: 105px) 100vw, 105px\" alt=\"\" width=\"105\" height=\"105\"  \/><\/a>\t<\/figure>\n<\/article>\n\n<\/div><div class=\"wf-cell iso-item\" data-post-id=\"908\" data-date=\"2015-07-05T12:00:11+00:00\" data-name=\"Geschorene_Bergschafe_Tyrol\">\n<article class=\"post post-908 attachment type-attachment status-inherit hentry no-img description-off\">\n\n\t<figure class=\"rollover-project links-hovers-disabled\">\n\t<a href=\"https:\/\/www.nolana-schafe.de\/de-pages\/wp-content\/uploads\/Geschorene_Bergschafe_Tyrol.jpg\" class=\"rollover rollover-zoom dt-pswp-item layzr-bg\" title=\"Geschorene_Bergschafe_Tyrol\" data-dt-img-description=\"\"  data-large_image_width=\"699\" data-large_image_height = \"390\" ><img decoding=\"async\" class=\"preload-me iso-lazy-load aspect\" src=\"data:image\/svg+xml,%3Csvg%20xmlns%3D&#39;http%3A%2F%2Fwww.w3.org%2F2000%2Fsvg&#39;%20viewBox%3D&#39;0%200%20225%20126&#39;%2F%3E\" data-src=\"https:\/\/www.nolana-schafe.de\/de-pages\/wp-content\/uploads\/Geschorene_Bergschafe_Tyrol-225x126.jpg\" data-srcset=\"https:\/\/www.nolana-schafe.de\/de-pages\/wp-content\/uploads\/Geschorene_Bergschafe_Tyrol-225x126.jpg 225w, https:\/\/www.nolana-schafe.de\/de-pages\/wp-content\/uploads\/Geschorene_Bergschafe_Tyrol-450x252.jpg 450w\" loading=\"eager\" style=\"--ratio: 225 \/ 126\" sizes=\"(max-width: 225px) 100vw, 225px\" alt=\"\" width=\"225\" height=\"126\"  \/><\/a>\t<\/figure>\n<\/article>\n\n<\/div><div class=\"wf-cell iso-item\" data-post-id=\"909\" data-date=\"2015-07-05T12:00:11+00:00\" data-name=\"Haarschafe_und_Bergamasca_in_Brasilia\">\n<article class=\"post post-909 attachment type-attachment status-inherit hentry no-img description-off\">\n\n\t<figure class=\"rollover-project links-hovers-disabled\">\n\t<a href=\"https:\/\/www.nolana-schafe.de\/de-pages\/wp-content\/uploads\/Haarschafe_und_Bergamasca_in_Brasilia.jpg\" class=\"rollover rollover-zoom dt-pswp-item layzr-bg\" title=\"Haarschafe_und_Bergamasca_in_Brasilia\" data-dt-img-description=\"\"  data-large_image_width=\"421\" data-large_image_height = \"288\" ><img decoding=\"async\" class=\"preload-me iso-lazy-load aspect\" src=\"data:image\/svg+xml,%3Csvg%20xmlns%3D&#39;http%3A%2F%2Fwww.w3.org%2F2000%2Fsvg&#39;%20viewBox%3D&#39;0%200%20225%20154&#39;%2F%3E\" data-src=\"https:\/\/www.nolana-schafe.de\/de-pages\/wp-content\/uploads\/Haarschafe_und_Bergamasca_in_Brasilia-225x154.jpg\" data-srcset=\"https:\/\/www.nolana-schafe.de\/de-pages\/wp-content\/uploads\/Haarschafe_und_Bergamasca_in_Brasilia-225x154.jpg 225w, https:\/\/www.nolana-schafe.de\/de-pages\/wp-content\/uploads\/Haarschafe_und_Bergamasca_in_Brasilia.jpg 420w\" loading=\"eager\" style=\"--ratio: 225 \/ 154\" sizes=\"(max-width: 225px) 100vw, 225px\" alt=\"\" width=\"225\" height=\"154\"  \/><\/a>\t<\/figure>\n<\/article>\n\n<\/div><div class=\"wf-cell iso-item\" data-post-id=\"910\" data-date=\"2015-07-05T12:00:12+00:00\" data-name=\"Typischer_Bergamacia_Bock\">\n<article class=\"post post-910 attachment type-attachment status-inherit hentry no-img description-off\">\n\n\t<figure class=\"rollover-project links-hovers-disabled\">\n\t<a href=\"https:\/\/www.nolana-schafe.de\/de-pages\/wp-content\/uploads\/Typischer_Bergamacia_Bock.jpg\" class=\"rollover rollover-zoom dt-pswp-item layzr-bg\" title=\"Typischer_Bergamacia_Bock\" data-dt-img-description=\"\"  data-large_image_width=\"200\" data-large_image_height = \"164\" ><img decoding=\"async\" class=\"preload-me iso-lazy-load aspect\" src=\"data:image\/svg+xml,%3Csvg%20xmlns%3D&#39;http%3A%2F%2Fwww.w3.org%2F2000%2Fsvg&#39;%20viewBox%3D&#39;0%200%20200%20164&#39;%2F%3E\" data-src=\"https:\/\/www.nolana-schafe.de\/de-pages\/wp-content\/uploads\/Typischer_Bergamacia_Bock.jpg\" data-srcset=\"https:\/\/www.nolana-schafe.de\/de-pages\/wp-content\/uploads\/Typischer_Bergamacia_Bock.jpg 200w\" loading=\"eager\" style=\"--ratio: 200 \/ 164\" sizes=\"(max-width: 200px) 100vw, 200px\" alt=\"\" width=\"200\" height=\"164\"  \/><\/a>\t<\/figure>\n<\/article>\n\n<\/div><div class=\"wf-cell iso-item\" data-post-id=\"912\" data-date=\"2015-07-05T12:00:13+00:00\" data-name=\"10_Sommer_BBBx_BSch_2006\">\n<article class=\"post post-912 attachment type-attachment status-inherit hentry no-img description-off\">\n\n\t<figure class=\"rollover-project links-hovers-disabled\">\n\t<a href=\"https:\/\/www.nolana-schafe.de\/de-pages\/wp-content\/uploads\/10_Sommer_BBBx_BSch_2006.jpg\" class=\"rollover rollover-zoom dt-pswp-item layzr-bg\" title=\"10_Sommer_BBBx_BSch_2006\" data-dt-img-description=\"\"  data-large_image_width=\"639\" data-large_image_height = \"461\" ><img decoding=\"async\" class=\"preload-me iso-lazy-load aspect\" src=\"data:image\/svg+xml,%3Csvg%20xmlns%3D&#39;http%3A%2F%2Fwww.w3.org%2F2000%2Fsvg&#39;%20viewBox%3D&#39;0%200%20225%20162&#39;%2F%3E\" data-src=\"https:\/\/www.nolana-schafe.de\/de-pages\/wp-content\/uploads\/10_Sommer_BBBx_BSch_2006-225x162.jpg\" data-srcset=\"https:\/\/www.nolana-schafe.de\/de-pages\/wp-content\/uploads\/10_Sommer_BBBx_BSch_2006-225x162.jpg 225w, https:\/\/www.nolana-schafe.de\/de-pages\/wp-content\/uploads\/10_Sommer_BBBx_BSch_2006-450x324.jpg 450w\" loading=\"eager\" style=\"--ratio: 225 \/ 162\" sizes=\"(max-width: 225px) 100vw, 225px\" alt=\"\" width=\"225\" height=\"162\"  \/><\/a>\t<\/figure>\n<\/article>\n\n<\/div><div class=\"wf-cell iso-item\" data-post-id=\"913\" data-date=\"2015-07-05T12:00:14+00:00\" data-name=\"brasil01_Brauner_Sta_298BD7\">\n<article class=\"post post-913 attachment type-attachment status-inherit hentry no-img description-off\">\n\n\t<figure class=\"rollover-project links-hovers-disabled\">\n\t<a href=\"https:\/\/www.nolana-schafe.de\/de-pages\/wp-content\/uploads\/brasil01_Brauner_Sta_298BD7.jpg\" class=\"rollover rollover-zoom dt-pswp-item layzr-bg\" title=\"brasil01_Brauner_Sta_298BD7\" data-dt-img-description=\"\"  data-large_image_width=\"216\" data-large_image_height = \"188\" ><img decoding=\"async\" class=\"preload-me iso-lazy-load aspect\" src=\"data:image\/svg+xml,%3Csvg%20xmlns%3D&#39;http%3A%2F%2Fwww.w3.org%2F2000%2Fsvg&#39;%20viewBox%3D&#39;0%200%20216%20188&#39;%2F%3E\" data-src=\"https:\/\/www.nolana-schafe.de\/de-pages\/wp-content\/uploads\/brasil01_Brauner_Sta_298BD7.jpg\" data-srcset=\"https:\/\/www.nolana-schafe.de\/de-pages\/wp-content\/uploads\/brasil01_Brauner_Sta_298BD7.jpg 216w\" loading=\"eager\" style=\"--ratio: 216 \/ 188\" sizes=\"(max-width: 216px) 100vw, 216px\" alt=\"\" width=\"216\" height=\"188\"  \/><\/a>\t<\/figure>\n<\/article>\n\n<\/div><div class=\"wf-cell iso-item\" data-post-id=\"914\" data-date=\"2015-07-05T12:00:14+00:00\" data-name=\"brasil02_Santa_Ines_Aue\">\n<article class=\"post post-914 attachment type-attachment status-inherit hentry no-img description-off\">\n\n\t<figure class=\"rollover-project links-hovers-disabled\">\n\t<a href=\"https:\/\/www.nolana-schafe.de\/de-pages\/wp-content\/uploads\/brasil02_Santa_Ines_Aue.jpg\" class=\"rollover rollover-zoom dt-pswp-item layzr-bg\" title=\"brasil02_Santa_Ines_Aue\" data-dt-img-description=\"\"  data-large_image_width=\"115\" data-large_image_height = \"90\" ><img decoding=\"async\" class=\"preload-me iso-lazy-load aspect\" src=\"data:image\/svg+xml,%3Csvg%20xmlns%3D&#39;http%3A%2F%2Fwww.w3.org%2F2000%2Fsvg&#39;%20viewBox%3D&#39;0%200%20115%2090&#39;%2F%3E\" data-src=\"https:\/\/www.nolana-schafe.de\/de-pages\/wp-content\/uploads\/brasil02_Santa_Ines_Aue.jpg\" data-srcset=\"https:\/\/www.nolana-schafe.de\/de-pages\/wp-content\/uploads\/brasil02_Santa_Ines_Aue.jpg 115w\" loading=\"eager\" style=\"--ratio: 115 \/ 90\" sizes=\"(max-width: 115px) 100vw, 115px\" alt=\"\" width=\"115\" height=\"90\"  \/><\/a>\t<\/figure>\n<\/article>\n\n<\/div><\/div>[\/vc_column][\/vc_row]<\/p>\n<\/div>","protected":false},"excerpt":{"rendered":"<p>[vc_row][vc_column][vc_column_text] Santa In\u00eas-Schafe in Brasilien Die Santa In\u00eas-Rasse findet sich heute in ganz Brasilien. \u00dcber Herkunft und Ursprung der Rasse wurde viel spekuliert. Heute gilt als gesichert, dass sie vier genetische Wurzeln hat, n\u00e4mlich: a) Crioulo-Schafe, die von den portugiesischen und spanischen Kolonisten ins Land gebracht wurden. Crioulo-Schafe sind Wollschafe, die unter den klimatischen Bedingungen&hellip;<\/p>\n","protected":false},"author":1,"featured_media":0,"parent":19,"menu_order":0,"comment_status":"closed","ping_status":"closed","template":"","meta":{"footnotes":""},"class_list":["post-627","page","type-page","status-publish","hentry","description-off"],"_links":{"self":[{"href":"https:\/\/www.nolana-schafe.de\/de-pages\/wp-json\/wp\/v2\/pages\/627","targetHints":{"allow":["GET"]}}],"collection":[{"href":"https:\/\/www.nolana-schafe.de\/de-pages\/wp-json\/wp\/v2\/pages"}],"about":[{"href":"https:\/\/www.nolana-schafe.de\/de-pages\/wp-json\/wp\/v2\/types\/page"}],"author":[{"embeddable":true,"href":"https:\/\/www.nolana-schafe.de\/de-pages\/wp-json\/wp\/v2\/users\/1"}],"replies":[{"embeddable":true,"href":"https:\/\/www.nolana-schafe.de\/de-pages\/wp-json\/wp\/v2\/comments?post=627"}],"version-history":[{"count":12,"href":"https:\/\/www.nolana-schafe.de\/de-pages\/wp-json\/wp\/v2\/pages\/627\/revisions"}],"predecessor-version":[{"id":1071,"href":"https:\/\/www.nolana-schafe.de\/de-pages\/wp-json\/wp\/v2\/pages\/627\/revisions\/1071"}],"up":[{"embeddable":true,"href":"https:\/\/www.nolana-schafe.de\/de-pages\/wp-json\/wp\/v2\/pages\/19"}],"wp:attachment":[{"href":"https:\/\/www.nolana-schafe.de\/de-pages\/wp-json\/wp\/v2\/media?parent=627"}],"curies":[{"name":"wp","href":"https:\/\/api.w.org\/{rel}","templated":true}]}}