{"id":651,"date":"2015-07-05T09:42:34","date_gmt":"2015-07-05T09:42:34","guid":{"rendered":"http:\/\/www.nolana-schafe.de\/de-pages\/?page_id=651"},"modified":"2015-07-06T16:20:09","modified_gmt":"2015-07-06T16:20:09","slug":"somali-schwarzkopfschafe","status":"publish","type":"page","link":"https:\/\/www.nolana-schafe.de\/de-pages\/weitere-rassen\/somali-schwarzkopfschafe\/","title":{"rendered":"Somali-Schwarzkopfschafe"},"content":{"rendered":"<div class=\"wpb-content-wrapper\"><p>[vc_row][vc_column][vc_column_text]<\/p>\n<h2>Somali-Schwarzkopfschafe<\/h2>\n<p><strong>Somali Schwarzkopf-Schafe in Ostafrika<\/strong><\/p>\n<p><a class=\"dt-single-image\" href=\"http:\/\/www.nolana-schafe.de\/de-pages\/wp-content\/uploads\/01_Somali_Brasileiro.jpg\" data-dt-img-description=\"\"><img loading=\"lazy\" decoding=\"async\" class=\"alignleft size-thumbnail wp-image-924\" src=\"http:\/\/www.nolana-schafe.de\/de-pages\/wp-content\/uploads\/01_Somali_Brasileiro-150x150.jpg\" alt=\"01_Somali_Brasileiro\" width=\"150\" height=\"150\" \/><\/a>Synonyme: Persian Blackhead, East African Blackhead, Somali Brasileiro<\/p>\n<p style=\"text-align: justify;\">Somali Schwarzkopf-Schafe sind Fettstei\u00dfschafe. Sie geh\u00f6ren zu einer gr\u00f6\u00dferen Rassegruppe, die in verschiedenen Farbvarianten in den L\u00e4ndern vom Horn von Afrika bis zum Victoriasee vorkommen. Das Somali Schwarzkopf-Schaf ist ein Schaf der semiariden bis subhumiden Regionen, die von scharf getrennten Regen- und Trockenzeiten bei niedrigen bis mittleren Niederschl\u00e4gen gekennzeichnet sind. Die extensive H\u00fctehaltung \u00fcberwiegt.<\/p>\n<p style=\"text-align: justify;\">Kennzeichen sind der schwarze Kopf mit einem wei\u00dfen K\u00f6rper. Einige Varianten haben auch braune K\u00f6pfe. Die Rasse ist kleinrahmig; adulte Auen wiegen durchschnittlich 30 kg, B\u00f6cke bringen bis zu 50 kg LG. Die Geburtsgewichte liegen bei 2 \u20132,5 kg. Mit 5 Monaten werden 15 kg erreicht. Im Alter von 12 Monaten wiegen Bockl\u00e4mmer 24 und Aul\u00e4mmer 21 kg. 7 Ablammungen sind im Alter von 5-6 Jahren m\u00f6glich.<\/p>\n<p style=\"text-align: justify;\">Der Kopf ist feiner als bei anderen Fettschwanzschafen, Fettpolster kommen auf der Nase und hinter dem Hornansatz vor. Beide Geschlechter sind f\u00fcr gew\u00f6hnlich ungeh\u00f6rnt oder tragen lediglich Hornstummel. Die Ohren sind kurz (6-8 cm) und herabh\u00e4ngend. Verk\u00fcmmerte Ohren sind h\u00e4ufig. Der Hals ist ziemlich lang, die Brust eingeschn\u00fcrt. Der Widerrist liegt etwas unter dem Kreuzbeinniveau und kann Fetteinlagerungen aufweisen. Der R\u00fccken ist kurz und die Kruppe abgeschlagen. Die Rasse ist langbeinig, die Wamme ist nicht sehr ausgepr\u00e4gt. Der Fettstei\u00df variiert in Form und Gr\u00f6\u00dfe, viele Schl\u00e4ge weisen auch l\u00e4ngere Fettschw\u00e4nze auf. Somali Schwarzkopf-Schafe werden f\u00fcr die Fleisch- und Fettproduktion gehalten.<\/p>\n<p style=\"text-align: justify;\">Vor wenigen Jahrzehnten entstand die inzwischen weltweit bekannte Rasse \u201eDorper\u201c in S\u00fcd-afrika, die auf der Grundlage von Somali-Schwarzkopf, unter Einkreuzung schwarzk\u00f6pfiger englischer Schafrassen, wie z.B. Dorset Horn, entwickelt wurde.<\/p>\n<p style=\"text-align: justify;\">In j\u00fcngster Zeit sind Somali Schwarzkopf-Schafe nach Brasilien importiert und dort als Fettstei\u00dfschaf z\u00fcchterisch weiter entwickelt worden. In Brasilien hat sich die Bezeichnung &#8218;Somali Brasileiro&#8216; etabliert. Von Brasilien aus erfolgten Exporte in andere s\u00fcdamerikanische L\u00e4nder, u.a. nach Kolumbien.<\/p>\n<p>[\/vc_column_text]<div class=\"ult-spacer spacer-69f27238e2dd0\" data-id=\"69f27238e2dd0\" data-height=\"15\" data-height-mobile=\"15\" data-height-tab=\"15\" data-height-tab-portrait=\"\" data-height-mobile-landscape=\"\" style=\"clear:both;display:block;\"><\/div>[\/vc_column][\/vc_row][vc_row][vc_column width=&#8220;1\/1&#8243;]<div class=\"wf-container dt-gallery-container dt-photos-shortcode loading-effect-flip iso-container\" data-padding=\"20px\" data-cur-page=\"1\" data-width=\"150px\" data-columns=\"3\"><div class=\"wf-cell iso-item\" data-post-id=\"916\" data-date=\"2015-07-05T12:01:25+00:00\" data-name=\"03_Somali_Brasileiro\">\n<article class=\"post post-916 attachment type-attachment status-inherit hentry no-img description-off\">\n\n\t<figure class=\"rollover-project links-hovers-disabled\">\n\t<a href=\"https:\/\/www.nolana-schafe.de\/de-pages\/wp-content\/uploads\/03_Somali_Brasileiro.jpg\" class=\"rollover rollover-zoom dt-pswp-item layzr-bg\" title=\"03_Somali_Brasileiro\" data-dt-img-description=\"\"  data-large_image_width=\"300\" data-large_image_height = \"200\" ><img decoding=\"async\" class=\"preload-me iso-lazy-load aspect\" src=\"data:image\/svg+xml,%3Csvg%20xmlns%3D&#39;http%3A%2F%2Fwww.w3.org%2F2000%2Fsvg&#39;%20viewBox%3D&#39;0%200%20225%20150&#39;%2F%3E\" data-src=\"https:\/\/www.nolana-schafe.de\/de-pages\/wp-content\/uploads\/03_Somali_Brasileiro-225x150.jpg\" data-srcset=\"https:\/\/www.nolana-schafe.de\/de-pages\/wp-content\/uploads\/03_Somali_Brasileiro-225x150.jpg 225w, https:\/\/www.nolana-schafe.de\/de-pages\/wp-content\/uploads\/03_Somali_Brasileiro.jpg 300w\" loading=\"eager\" style=\"--ratio: 225 \/ 150\" sizes=\"(max-width: 225px) 100vw, 225px\" alt=\"\" width=\"225\" height=\"150\"  \/><\/a>\t<\/figure>\n<\/article>\n\n<\/div><div class=\"wf-cell iso-item\" data-post-id=\"917\" data-date=\"2015-07-05T12:01:26+00:00\" data-name=\"03_Somali_Schwarzkopf\">\n<article class=\"post post-917 attachment type-attachment status-inherit hentry no-img description-off\">\n\n\t<figure class=\"rollover-project links-hovers-disabled\">\n\t<a href=\"https:\/\/www.nolana-schafe.de\/de-pages\/wp-content\/uploads\/03_Somali_Schwarzkopf.jpg\" class=\"rollover rollover-zoom dt-pswp-item layzr-bg\" title=\"03_Somali_Schwarzkopf\" data-dt-img-description=\"\"  data-large_image_width=\"125\" data-large_image_height = \"93\" ><img decoding=\"async\" class=\"preload-me iso-lazy-load aspect\" src=\"data:image\/svg+xml,%3Csvg%20xmlns%3D&#39;http%3A%2F%2Fwww.w3.org%2F2000%2Fsvg&#39;%20viewBox%3D&#39;0%200%20125%2093&#39;%2F%3E\" data-src=\"https:\/\/www.nolana-schafe.de\/de-pages\/wp-content\/uploads\/03_Somali_Schwarzkopf.jpg\" data-srcset=\"https:\/\/www.nolana-schafe.de\/de-pages\/wp-content\/uploads\/03_Somali_Schwarzkopf.jpg 125w\" loading=\"eager\" style=\"--ratio: 125 \/ 93\" sizes=\"(max-width: 125px) 100vw, 125px\" alt=\"\" width=\"125\" height=\"93\"  \/><\/a>\t<\/figure>\n<\/article>\n\n<\/div><div class=\"wf-cell iso-item\" data-post-id=\"918\" data-date=\"2015-07-05T12:01:27+00:00\" data-name=\"04_Somali_Brasileiro\">\n<article class=\"post post-918 attachment type-attachment status-inherit hentry no-img description-off\">\n\n\t<figure class=\"rollover-project links-hovers-disabled\">\n\t<a href=\"https:\/\/www.nolana-schafe.de\/de-pages\/wp-content\/uploads\/04_Somali_Brasileiro.jpg\" class=\"rollover rollover-zoom dt-pswp-item layzr-bg\" title=\"04_Somali_Brasileiro\" data-dt-img-description=\"\"  data-large_image_width=\"300\" data-large_image_height = \"221\" ><img decoding=\"async\" class=\"preload-me iso-lazy-load aspect\" src=\"data:image\/svg+xml,%3Csvg%20xmlns%3D&#39;http%3A%2F%2Fwww.w3.org%2F2000%2Fsvg&#39;%20viewBox%3D&#39;0%200%20225%20166&#39;%2F%3E\" data-src=\"https:\/\/www.nolana-schafe.de\/de-pages\/wp-content\/uploads\/04_Somali_Brasileiro-225x166.jpg\" data-srcset=\"https:\/\/www.nolana-schafe.de\/de-pages\/wp-content\/uploads\/04_Somali_Brasileiro-225x166.jpg 225w, https:\/\/www.nolana-schafe.de\/de-pages\/wp-content\/uploads\/04_Somali_Brasileiro.jpg 299w\" loading=\"eager\" style=\"--ratio: 225 \/ 166\" sizes=\"(max-width: 225px) 100vw, 225px\" alt=\"\" width=\"225\" height=\"166\"  \/><\/a>\t<\/figure>\n<\/article>\n\n<\/div><div class=\"wf-cell iso-item\" data-post-id=\"919\" data-date=\"2015-07-05T12:01:27+00:00\" data-name=\"04_Somali_Schwarzkopf\">\n<article class=\"post post-919 attachment type-attachment status-inherit hentry no-img description-off\">\n\n\t<figure class=\"rollover-project links-hovers-disabled\">\n\t<a href=\"https:\/\/www.nolana-schafe.de\/de-pages\/wp-content\/uploads\/04_Somali_Schwarzkopf.jpg\" class=\"rollover rollover-zoom dt-pswp-item layzr-bg\" title=\"04_Somali_Schwarzkopf\" data-dt-img-description=\"\"  data-large_image_width=\"320\" data-large_image_height = \"210\" ><img decoding=\"async\" class=\"preload-me iso-lazy-load aspect\" src=\"data:image\/svg+xml,%3Csvg%20xmlns%3D&#39;http%3A%2F%2Fwww.w3.org%2F2000%2Fsvg&#39;%20viewBox%3D&#39;0%200%20225%20148&#39;%2F%3E\" data-src=\"https:\/\/www.nolana-schafe.de\/de-pages\/wp-content\/uploads\/04_Somali_Schwarzkopf-225x148.jpg\" data-srcset=\"https:\/\/www.nolana-schafe.de\/de-pages\/wp-content\/uploads\/04_Somali_Schwarzkopf-225x148.jpg 225w, https:\/\/www.nolana-schafe.de\/de-pages\/wp-content\/uploads\/04_Somali_Schwarzkopf.jpg 319w\" loading=\"eager\" style=\"--ratio: 225 \/ 148\" sizes=\"(max-width: 225px) 100vw, 225px\" alt=\"\" width=\"225\" height=\"148\"  \/><\/a>\t<\/figure>\n<\/article>\n\n<\/div><div class=\"wf-cell iso-item\" data-post-id=\"920\" data-date=\"2015-07-05T12:01:28+00:00\" data-name=\"05_Somali_Brasileiro\">\n<article class=\"post post-920 attachment type-attachment status-inherit hentry no-img description-off\">\n\n\t<figure class=\"rollover-project links-hovers-disabled\">\n\t<a href=\"https:\/\/www.nolana-schafe.de\/de-pages\/wp-content\/uploads\/05_Somali_Brasileiro.jpg\" class=\"rollover rollover-zoom dt-pswp-item layzr-bg\" title=\"05_Somali_Brasileiro\" data-dt-img-description=\"\"  data-large_image_width=\"720\" data-large_image_height = \"263\" ><img decoding=\"async\" class=\"preload-me iso-lazy-load aspect\" src=\"data:image\/svg+xml,%3Csvg%20xmlns%3D&#39;http%3A%2F%2Fwww.w3.org%2F2000%2Fsvg&#39;%20viewBox%3D&#39;0%200%20225%2082&#39;%2F%3E\" data-src=\"https:\/\/www.nolana-schafe.de\/de-pages\/wp-content\/uploads\/05_Somali_Brasileiro-225x82.jpg\" data-srcset=\"https:\/\/www.nolana-schafe.de\/de-pages\/wp-content\/uploads\/05_Somali_Brasileiro-225x82.jpg 225w, https:\/\/www.nolana-schafe.de\/de-pages\/wp-content\/uploads\/05_Somali_Brasileiro-450x164.jpg 450w\" loading=\"eager\" style=\"--ratio: 225 \/ 82\" sizes=\"(max-width: 225px) 100vw, 225px\" alt=\"\" width=\"225\" height=\"82\"  \/><\/a>\t<\/figure>\n<\/article>\n\n<\/div><div class=\"wf-cell iso-item\" data-post-id=\"921\" data-date=\"2015-07-05T12:01:29+00:00\" data-name=\"06_Somali_Brasileiro\">\n<article class=\"post post-921 attachment type-attachment status-inherit hentry no-img description-off\">\n\n\t<figure class=\"rollover-project links-hovers-disabled\">\n\t<a href=\"https:\/\/www.nolana-schafe.de\/de-pages\/wp-content\/uploads\/06_Somali_Brasileiro.jpg\" class=\"rollover rollover-zoom dt-pswp-item layzr-bg\" title=\"06_Somali_Brasileiro\" data-dt-img-description=\"\"  data-large_image_width=\"300\" data-large_image_height = \"155\" ><img decoding=\"async\" class=\"preload-me iso-lazy-load aspect\" src=\"data:image\/svg+xml,%3Csvg%20xmlns%3D&#39;http%3A%2F%2Fwww.w3.org%2F2000%2Fsvg&#39;%20viewBox%3D&#39;0%200%20225%20116&#39;%2F%3E\" data-src=\"https:\/\/www.nolana-schafe.de\/de-pages\/wp-content\/uploads\/06_Somali_Brasileiro-225x116.jpg\" data-srcset=\"https:\/\/www.nolana-schafe.de\/de-pages\/wp-content\/uploads\/06_Somali_Brasileiro-225x116.jpg 225w, https:\/\/www.nolana-schafe.de\/de-pages\/wp-content\/uploads\/06_Somali_Brasileiro.jpg 300w\" loading=\"eager\" style=\"--ratio: 225 \/ 116\" sizes=\"(max-width: 225px) 100vw, 225px\" alt=\"\" width=\"225\" height=\"116\"  \/><\/a>\t<\/figure>\n<\/article>\n\n<\/div><div class=\"wf-cell iso-item\" data-post-id=\"922\" data-date=\"2015-07-05T12:01:29+00:00\" data-name=\"07_Somali_Brasileiro\">\n<article class=\"post post-922 attachment type-attachment status-inherit hentry no-img description-off\">\n\n\t<figure class=\"rollover-project links-hovers-disabled\">\n\t<a href=\"https:\/\/www.nolana-schafe.de\/de-pages\/wp-content\/uploads\/07_Somali_Brasileiro.jpg\" class=\"rollover rollover-zoom dt-pswp-item layzr-bg\" title=\"07_Somali_Brasileiro\" data-dt-img-description=\"\"  data-large_image_width=\"500\" data-large_image_height = \"228\" ><img decoding=\"async\" class=\"preload-me iso-lazy-load aspect\" src=\"data:image\/svg+xml,%3Csvg%20xmlns%3D&#39;http%3A%2F%2Fwww.w3.org%2F2000%2Fsvg&#39;%20viewBox%3D&#39;0%200%20225%20103&#39;%2F%3E\" data-src=\"https:\/\/www.nolana-schafe.de\/de-pages\/wp-content\/uploads\/07_Somali_Brasileiro-225x103.jpg\" data-srcset=\"https:\/\/www.nolana-schafe.de\/de-pages\/wp-content\/uploads\/07_Somali_Brasileiro-225x103.jpg 225w, https:\/\/www.nolana-schafe.de\/de-pages\/wp-content\/uploads\/07_Somali_Brasileiro-450x206.jpg 450w\" loading=\"eager\" style=\"--ratio: 225 \/ 103\" sizes=\"(max-width: 225px) 100vw, 225px\" alt=\"\" width=\"225\" height=\"103\"  \/><\/a>\t<\/figure>\n<\/article>\n\n<\/div><div class=\"wf-cell iso-item\" data-post-id=\"923\" data-date=\"2015-07-05T12:01:30+00:00\" data-name=\"08_Somali_Brasileiro\">\n<article class=\"post post-923 attachment type-attachment status-inherit hentry no-img description-off\">\n\n\t<figure class=\"rollover-project links-hovers-disabled\">\n\t<a href=\"https:\/\/www.nolana-schafe.de\/de-pages\/wp-content\/uploads\/08_Somali_Brasileiro.jpg\" class=\"rollover rollover-zoom dt-pswp-item layzr-bg\" title=\"08_Somali_Brasileiro\" data-dt-img-description=\"\"  data-large_image_width=\"240\" data-large_image_height = \"160\" ><img decoding=\"async\" class=\"preload-me iso-lazy-load aspect\" src=\"data:image\/svg+xml,%3Csvg%20xmlns%3D&#39;http%3A%2F%2Fwww.w3.org%2F2000%2Fsvg&#39;%20viewBox%3D&#39;0%200%20225%20150&#39;%2F%3E\" data-src=\"https:\/\/www.nolana-schafe.de\/de-pages\/wp-content\/uploads\/08_Somali_Brasileiro-225x150.jpg\" data-srcset=\"https:\/\/www.nolana-schafe.de\/de-pages\/wp-content\/uploads\/08_Somali_Brasileiro-225x150.jpg 225w, https:\/\/www.nolana-schafe.de\/de-pages\/wp-content\/uploads\/08_Somali_Brasileiro.jpg 240w\" loading=\"eager\" style=\"--ratio: 225 \/ 150\" sizes=\"(max-width: 225px) 100vw, 225px\" alt=\"\" width=\"225\" height=\"150\"  \/><\/a>\t<\/figure>\n<\/article>\n\n<\/div><div class=\"wf-cell iso-item\" data-post-id=\"924\" data-date=\"2015-07-05T12:01:30+00:00\" data-name=\"01_Somali_Brasileiro\">\n<article class=\"post post-924 attachment type-attachment status-inherit hentry no-img description-off\">\n\n\t<figure class=\"rollover-project links-hovers-disabled\">\n\t<a href=\"https:\/\/www.nolana-schafe.de\/de-pages\/wp-content\/uploads\/01_Somali_Brasileiro.jpg\" class=\"rollover rollover-zoom dt-pswp-item layzr-bg\" title=\"01_Somali_Brasileiro\" data-dt-img-description=\"\"  data-large_image_width=\"313\" data-large_image_height = \"235\" ><img decoding=\"async\" class=\"preload-me iso-lazy-load aspect\" src=\"data:image\/svg+xml,%3Csvg%20xmlns%3D&#39;http%3A%2F%2Fwww.w3.org%2F2000%2Fsvg&#39;%20viewBox%3D&#39;0%200%20225%20169&#39;%2F%3E\" data-src=\"https:\/\/www.nolana-schafe.de\/de-pages\/wp-content\/uploads\/01_Somali_Brasileiro-225x169.jpg\" data-srcset=\"https:\/\/www.nolana-schafe.de\/de-pages\/wp-content\/uploads\/01_Somali_Brasileiro-225x169.jpg 225w, https:\/\/www.nolana-schafe.de\/de-pages\/wp-content\/uploads\/01_Somali_Brasileiro.jpg 312w\" loading=\"eager\" style=\"--ratio: 225 \/ 169\" sizes=\"(max-width: 225px) 100vw, 225px\" alt=\"\" width=\"225\" height=\"169\"  \/><\/a>\t<\/figure>\n<\/article>\n\n<\/div><div class=\"wf-cell iso-item\" data-post-id=\"925\" data-date=\"2015-07-05T12:01:31+00:00\" data-name=\"01_Somali_Schwarzkopf\">\n<article class=\"post post-925 attachment type-attachment status-inherit hentry no-img description-off\">\n\n\t<figure class=\"rollover-project links-hovers-disabled\">\n\t<a href=\"https:\/\/www.nolana-schafe.de\/de-pages\/wp-content\/uploads\/01_Somali_Schwarzkopf.jpg\" class=\"rollover rollover-zoom dt-pswp-item layzr-bg\" title=\"01_Somali_Schwarzkopf\" data-dt-img-description=\"\"  data-large_image_width=\"300\" data-large_image_height = \"286\" ><img decoding=\"async\" class=\"preload-me iso-lazy-load aspect\" src=\"data:image\/svg+xml,%3Csvg%20xmlns%3D&#39;http%3A%2F%2Fwww.w3.org%2F2000%2Fsvg&#39;%20viewBox%3D&#39;0%200%20225%20215&#39;%2F%3E\" data-src=\"https:\/\/www.nolana-schafe.de\/de-pages\/wp-content\/uploads\/01_Somali_Schwarzkopf-225x215.jpg\" data-srcset=\"https:\/\/www.nolana-schafe.de\/de-pages\/wp-content\/uploads\/01_Somali_Schwarzkopf-225x215.jpg 225w, https:\/\/www.nolana-schafe.de\/de-pages\/wp-content\/uploads\/01_Somali_Schwarzkopf.jpg 299w\" loading=\"eager\" style=\"--ratio: 225 \/ 215\" sizes=\"(max-width: 225px) 100vw, 225px\" alt=\"\" width=\"225\" height=\"215\"  \/><\/a>\t<\/figure>\n<\/article>\n\n<\/div><div class=\"wf-cell iso-item\" data-post-id=\"926\" data-date=\"2015-07-05T12:01:32+00:00\" data-name=\"02_Somali_Brasileiro\">\n<article class=\"post post-926 attachment type-attachment status-inherit hentry no-img description-off\">\n\n\t<figure class=\"rollover-project links-hovers-disabled\">\n\t<a href=\"https:\/\/www.nolana-schafe.de\/de-pages\/wp-content\/uploads\/02_Somali_Brasileiro.jpg\" class=\"rollover rollover-zoom dt-pswp-item layzr-bg\" title=\"02_Somali_Brasileiro\" data-dt-img-description=\"\"  data-large_image_width=\"200\" data-large_image_height = \"211\" ><img decoding=\"async\" class=\"preload-me iso-lazy-load aspect\" src=\"data:image\/svg+xml,%3Csvg%20xmlns%3D&#39;http%3A%2F%2Fwww.w3.org%2F2000%2Fsvg&#39;%20viewBox%3D&#39;0%200%20200%20211&#39;%2F%3E\" data-src=\"https:\/\/www.nolana-schafe.de\/de-pages\/wp-content\/uploads\/02_Somali_Brasileiro.jpg\" data-srcset=\"https:\/\/www.nolana-schafe.de\/de-pages\/wp-content\/uploads\/02_Somali_Brasileiro.jpg 200w\" loading=\"eager\" style=\"--ratio: 200 \/ 211\" sizes=\"(max-width: 200px) 100vw, 200px\" alt=\"\" width=\"200\" height=\"211\"  \/><\/a>\t<\/figure>\n<\/article>\n\n<\/div><\/div>[\/vc_column][\/vc_row]<\/p>\n<\/div>","protected":false},"excerpt":{"rendered":"<p>[vc_row][vc_column][vc_column_text] Somali-Schwarzkopfschafe Somali Schwarzkopf-Schafe in Ostafrika Synonyme: Persian Blackhead, East African Blackhead, Somali Brasileiro Somali Schwarzkopf-Schafe sind Fettstei\u00dfschafe. Sie geh\u00f6ren zu einer gr\u00f6\u00dferen Rassegruppe, die in verschiedenen Farbvarianten in den L\u00e4ndern vom Horn von Afrika bis zum Victoriasee vorkommen. Das Somali Schwarzkopf-Schaf ist ein Schaf der semiariden bis subhumiden Regionen, die von scharf getrennten Regen-&hellip;<\/p>\n","protected":false},"author":1,"featured_media":0,"parent":19,"menu_order":0,"comment_status":"closed","ping_status":"closed","template":"","meta":{"footnotes":""},"class_list":["post-651","page","type-page","status-publish","hentry","description-off"],"_links":{"self":[{"href":"https:\/\/www.nolana-schafe.de\/de-pages\/wp-json\/wp\/v2\/pages\/651","targetHints":{"allow":["GET"]}}],"collection":[{"href":"https:\/\/www.nolana-schafe.de\/de-pages\/wp-json\/wp\/v2\/pages"}],"about":[{"href":"https:\/\/www.nolana-schafe.de\/de-pages\/wp-json\/wp\/v2\/types\/page"}],"author":[{"embeddable":true,"href":"https:\/\/www.nolana-schafe.de\/de-pages\/wp-json\/wp\/v2\/users\/1"}],"replies":[{"embeddable":true,"href":"https:\/\/www.nolana-schafe.de\/de-pages\/wp-json\/wp\/v2\/comments?post=651"}],"version-history":[{"count":4,"href":"https:\/\/www.nolana-schafe.de\/de-pages\/wp-json\/wp\/v2\/pages\/651\/revisions"}],"predecessor-version":[{"id":991,"href":"https:\/\/www.nolana-schafe.de\/de-pages\/wp-json\/wp\/v2\/pages\/651\/revisions\/991"}],"up":[{"embeddable":true,"href":"https:\/\/www.nolana-schafe.de\/de-pages\/wp-json\/wp\/v2\/pages\/19"}],"wp:attachment":[{"href":"https:\/\/www.nolana-schafe.de\/de-pages\/wp-json\/wp\/v2\/media?parent=651"}],"curies":[{"name":"wp","href":"https:\/\/api.w.org\/{rel}","templated":true}]}}